{"id":211,"date":"2022-01-20T09:32:32","date_gmt":"2022-01-20T09:32:32","guid":{"rendered":"https:\/\/wuselkusen.de\/?page_id=211"},"modified":"2024-08-01T15:27:12","modified_gmt":"2024-08-01T15:27:12","slug":"presse","status":"publish","type":"page","link":"https:\/\/wuselkusen.de\/?page_id=211","title":{"rendered":"Presse"},"content":{"rendered":"\r\n\t\t\t\r\n\t\t\t\r\n\t\t\t\r\n\t\t\t<script>jQuery(document).ready(function($){$(\"#accordions-378.accordions\").accordion({event: \"click\",collapsible: true,heightStyle: \"content\",animate: (\"linear\", 1000),navigation: true,active: 0,changestart: function(event, ui) {\r\n\t\t\t\t\t\t\t\tchild.accordion(\"activate\", false); \r\n\t\t\t\t\t\t\t}\r\n\t\t\t\t\t\t});\r\n\t\t\t\t\t\tvar child = $(\".child-accordion\").accordion({\r\n\t\t\t\t\t\t\tactive:true,heightStyle: \"content\",\r\n\t\t\t\t\t\t\tcollapsible: true,\r\n\t\t\t\t\t\t\tanimated: \"swing\",\r\n\t\t\t\t\t\t});\r\n\t\t\t\t\t})<\/script><style type='text\/css'>\r\n\t\t#accordions-378{display: none;}\r\n\t#accordions-378{\r\n\t\t\ttext-align: left;}\r\n\t#accordions-378{\r\n\t\t\tbackground: url() repeat scroll 0 0;\r\n\t\t\tpadding: 0;\r\n\t\t\t}\r\n\t#accordions-378 .accordions-head{\r\n\t\t\r\n\t\tbackground:rgba(57,82,165,1) none repeat scroll 0 0;\r\n\t\tmargin:1px;\r\n\t\tpadding:10px;\t\t\t\r\n\t\t}\t\t\r\n\t\r\n\t#accordions-378 .accordions-head-title{\r\n\t\tcolor:#ffffff;\r\n\t\tfont-size:14px;\r\n\t\t}\r\n\t\r\n\t#accordions-378 .accordions-head-title-toogle{\r\n\t\tcolor:#ffffff;\r\n\t\tfont-size:14px;\r\n\t\t}\t\r\n\t\r\n\t\r\n\t#accordions-378 .accordions-head:hover .accordions-head-title{\r\n\t\tcolor:#ffffff;\r\n\t\t}\t\t\r\n\t\r\n\t\r\n\t#accordions-378 .ui-accordion-header-active{\r\n\t\tbackground: #3952a5;\r\n\t\r\n\t\t}\r\n\t#accordions-378 .accordion-content{\r\n\t\t\tbackground:rgba(255,255,255,1) none repeat scroll 0 0;\r\n\t\t\tcolor:#333333;\r\n\t\t\tfont-size:13px;\r\n\t\t\tmargin:0;\r\n\t\t\tpadding:10px;\r\n\t\t\t}\r\n\t\t\t\r\n\t\r\n\t#accordions-378 .accordion-icons{\r\n\t\t\tcolor:#ffffff;\r\n\t\t\tfont-size:16px;\t\t\t\t\r\n\t\t\t}\r\n\t\t\t\r\n\t#accordions-378 .accordions-head:hover .accordion-icons{\r\n\t\t\tcolor:#ffffff;\t\t\t\r\n\t\t\t}\t\t\t\t\r\n\t\t\t\r\n\t\t\t<\/style><style type=\"text\/css\">#accordions-378{}\r\n#accordions-378 .accordions-head{}\r\n#accordions-378 .accordion-content{}<\/style><p id=\"accordions-lazy-378\" class=\"accordions-lazy\"><img decoding=\"async\" src=\"https:\/\/wuselkusen.de\/wp-content\/plugins\/accordions\/assets\/frontend\/gif\/ajax-loader-1.gif\" \/><\/p><script>\r\n\t\t\tjQuery( window ).load(function() {\r\n\t\t\tjQuery('#accordions-lazy-378').fadeOut();\r\n\t\t\tjQuery('#accordions-378').fadeIn();\r\n\t\t\t});<\/script><div id=\"accordions-378\" class=\"accordions accordions-themes flat accordions-378\"><div id=\"1722526518685\" style=\"\" class=\"accordions-head head1722526518685\" toogle-text=\"\" main-text=\"Presse 2024\" ><div class=\"accordion-icons left accordion-plus fa fa-chevron-up\"><\/div><div class=\"accordion-icons left accordion-minus fa fa-chevron-down\"><\/div><div id=\"1722526518685\"    class=\"accordions-head-title\">Presse 2024<\/div><\/div><div class=\"accordion-content content1722526518685\"><p>\r\n\t\t\t\r\n\t\t\t\r\n\t\t\t\r\n\t\t\t<script>jQuery(document).ready(function($){$(\"#accordions-2668.accordions\").accordion({event: \"click\",collapsible: true,heightStyle: \"content\",animate: (\"linear\", 1000),navigation: true,active: 3,changestart: function(event, ui) {\r\n\t\t\t\t\t\t\t\tchild.accordion(\"activate\", false); \r\n\t\t\t\t\t\t\t}\r\n\t\t\t\t\t\t});\r\n\t\t\t\t\t\tvar child = $(\".child-accordion\").accordion({\r\n\t\t\t\t\t\t\tactive:true,heightStyle: \"content\",\r\n\t\t\t\t\t\t\tcollapsible: true,\r\n\t\t\t\t\t\t\tanimated: \"swing\",\r\n\t\t\t\t\t\t});\r\n\t\t\t\t\t})<\/script><style type='text\/css'>\r\n\t\t#accordions-2668{display: none;}\r\n\t#accordions-2668{\r\n\t\t\ttext-align: left;}\r\n\t#accordions-2668{\r\n\t\t\tbackground: url() repeat scroll 0 0;\r\n\t\t\tpadding: 0;\r\n\t\t\t}\r\n\t#accordions-2668 .accordions-head{\r\n\t\t\r\n\t\tbackground:rgba(112,176,255,1) none repeat scroll 0 0;\r\n\t\tmargin:1px;\r\n\t\tpadding:10px;\t\t\t\r\n\t\t}\t\t\r\n\t\r\n\t#accordions-2668 .accordions-head-title{\r\n\t\tcolor:#ffffff;\r\n\t\tfont-size:14px;\r\n\t\t}\r\n\t\r\n\t#accordions-2668 .accordions-head-title-toogle{\r\n\t\tcolor:#ffffff;\r\n\t\tfont-size:14px;\r\n\t\t}\t\r\n\t\r\n\t\r\n\t#accordions-2668 .accordions-head:hover .accordions-head-title{\r\n\t\tcolor:#000;\r\n\t\t}\t\t\r\n\t\r\n\t\r\n\t#accordions-2668 .ui-accordion-header-active{\r\n\t\tbackground: #4b8fe3;\r\n\t\r\n\t\t}\r\n\t#accordions-2668 .accordion-content{\r\n\t\t\tbackground:rgba(255,255,255,1) none repeat scroll 0 0;\r\n\t\t\tcolor:#333333;\r\n\t\t\tfont-size:13px;\r\n\t\t\tmargin:0;\r\n\t\t\tpadding:10px;\r\n\t\t\t}\r\n\t\t\t\r\n\t\r\n\t#accordions-2668 .accordion-icons{\r\n\t\t\tcolor:#565656;\r\n\t\t\tfont-size:16px;\t\t\t\t\r\n\t\t\t}\r\n\t\t\t\r\n\t#accordions-2668 .accordions-head:hover .accordion-icons{\r\n\t\t\tcolor:#999;\t\t\t\r\n\t\t\t}\t\t\t\t\r\n\t\t\t\r\n\t\t\t<\/style><style type=\"text\/css\">#accordions-2668{}\r\n#accordions-2668 .accordions-head{}\r\n#accordions-2668 .accordion-content{}<\/style><p id=\"accordions-lazy-2668\" class=\"accordions-lazy\"><img decoding=\"async\" src=\"https:\/\/wuselkusen.de\/wp-content\/plugins\/accordions\/assets\/frontend\/gif\/ajax-loader-1.gif\" \/><\/p><script>\r\n\t\t\tjQuery( window ).load(function() {\r\n\t\t\tjQuery('#accordions-lazy-2668').fadeOut();\r\n\t\t\tjQuery('#accordions-2668').fadeIn();\r\n\t\t\t});<\/script><div id=\"accordions-2668\" class=\"accordions accordions-themes flat accordions-2668\"><div id=\"1722991210892\" style=\"\" class=\"accordions-head head1722991210892\" toogle-text=\"TV vom 07.08.2024\" main-text=\"Abschlussfest in der Spielstadt Wuselkusen\" ><div class=\"accordion-icons left accordion-plus fa fa-chevron-up\"><\/div><div class=\"accordion-icons left accordion-minus fa fa-chevron-down\"><\/div><div id=\"1722991210892\"    class=\"accordions-head-title\">Abschlussfest in der Spielstadt Wuselkusen<\/div><\/div><div class=\"accordion-content content1722991210892\"><p><img fetchpriority=\"high\" decoding=\"async\" class=\"alignnone wp-image-2929 \" src=\"https:\/\/wuselkusen.de\/wp-content\/uploads\/2024\/08\/2024.08.07-TV-Wuselkusen.jpg\" alt=\"\" width=\"945\" height=\"339\" srcset=\"https:\/\/wuselkusen.de\/wp-content\/uploads\/2024\/08\/2024.08.07-TV-Wuselkusen.jpg 700w, https:\/\/wuselkusen.de\/wp-content\/uploads\/2024\/08\/2024.08.07-TV-Wuselkusen-300x108.jpg 300w\" sizes=\"(max-width: 945px) 100vw, 945px\" \/><\/p>\n<p><span style=\"font-size: 10px; font-family: helvetica, arial, sans-serif;\">Foto: HdJ-Konz<\/span><\/p>\n<h3><span style=\"font-family: helvetica, arial, sans-serif;\">Abschlussfest in der Spielstadt Wuselkusen<\/span><\/h3>\n<p class=\"text_ohne_einzug Text\"><span class=\"ortsmarke spitz\">KONZ |<\/span> (red) Eine fantastische Ferienwoche in der Spielstadt Wuselkusen endete mit einem grandiosen Stadtfest. Die gesamte Woche \u00fcber hatten die Kinder die Gelegenheit, in verschiedenen Rollen und Berufen die Spielstadt zu erkunden und spielerisch zu erleben. Zu Abschluss dieser besonderen Woche \u00f6ffnete Wuselkusen seine Tore f\u00fcr Geschwister, Eltern und Freunde der Teilnehmenden, die bei Stadtf\u00fchrungen die Gelegenheit hatten, die liebevoll gestaltete Spielstadt kennenzulernen und einen Einblick in die kreativen Projekte und Aktivit\u00e4ten der Kinder zu bekommen.<\/p>\n<p class=\"text_ohne_einzug Text\">Das Stadtfest wurde durch zahlreiche H\u00f6hepunkte bereichert. Die Kinder pr\u00e4sentierten stolz ihre Theaterst\u00fccke, musikalischen Darbietungen und T\u00e4nze, die sie einstudiert hatten. Ein besonderer Moment des Festes war die Auff\u00fchrung des eigens produzierten Wuselkusen-Liedes, das von den Kindern selbst geschrieben und komponiert wurde. Die eing\u00e4ngigen Melodien und die fr\u00f6hlichen Texte spiegelten die Erlebnisse und die Gemeinschaft wider und sorgten f\u00fcr ausgelassene Stimmung.<\/p>\n<p class=\"text_ohne_einzug Text\">Eltern und Besucher waren beeindruckt von der Kreativit\u00e4t und dem Engagement der Kinder.<\/p>\n<p>&nbsp;<\/p>\n<\/div><div id=\"1722518964397\" style=\"\" class=\"accordions-head head1722518964397\" toogle-text=\"Konz online vom 01.08.2024\" main-text=\"Kinder-Stadtrat beim B\u00fcrgermeister der Stadt Konz\" ><div class=\"accordion-icons left accordion-plus fa fa-chevron-up\"><\/div><div class=\"accordion-icons left accordion-minus fa fa-chevron-down\"><\/div><div id=\"1722518964397\"    class=\"accordions-head-title\">Kinder-Stadtrat beim B\u00fcrgermeister der Stadt Konz<\/div><\/div><div class=\"accordion-content content1722518964397\"><p><span style=\"font-family: helvetica, arial, sans-serif;\"><strong>Kinder-Stadtrat beim B\u00fcrgermeister der Stadt Konz<\/strong><\/span><\/p>\n<p><img decoding=\"async\" class=\"alignnone wp-image-2629 size-full\" src=\"https:\/\/wuselkusen.de\/wp-content\/uploads\/2024\/07\/2024-Wuselkusen-am-Dienstag-20.jpg\" alt=\"\" width=\"920\" height=\"438\" srcset=\"https:\/\/wuselkusen.de\/wp-content\/uploads\/2024\/07\/2024-Wuselkusen-am-Dienstag-20.jpg 920w, https:\/\/wuselkusen.de\/wp-content\/uploads\/2024\/07\/2024-Wuselkusen-am-Dienstag-20-300x143.jpg 300w, https:\/\/wuselkusen.de\/wp-content\/uploads\/2024\/07\/2024-Wuselkusen-am-Dienstag-20-768x366.jpg 768w\" sizes=\"(max-width: 920px) 100vw, 920px\" \/><\/p>\n<p><span style=\"font-family: helvetica, arial, sans-serif; font-size: 14px;\">von Susanne Nenno<\/span><\/p>\n<p><span style=\"font-family: helvetica, arial, sans-serif;\"><strong>Konz<\/strong> \u00b7 Alle zwei Jahre veranstaltet das Haus der Jugend in Konz in den Sommerferien die Kinderstadt \"Wuselkusen\". Zu Er\u00f6ffnung \u00fcberreichte B\u00fcrgermeister Joachim Weber symbolisch den Schl\u00fcssel. Am Mittwoch war der in der Spielstadt frisch gew\u00e4hlte Kinder-Stadtrat dann auch zu Besuch im echten Rathaus.\u00a0Mit dem B\u00fcrgermeister sprachen die Kinder u.a. \u00fcber politische Arbeit, sie besuchten das B\u00fcrgermeisterb\u00fcro und genossen die Aussicht vom Rathausbalkon.<\/span><\/p>\n<p><span style=\"font-family: helvetica, arial, sans-serif;\">Bei der Sommerferienaktion in Konz erleben 125 Kinder im Alter zwischen 7 und 13 Jahren eine Woche lang, wie eine Stadt funktioniert. Sie schl\u00fcpfen in Rollen, lernen Entscheidungen zu treffen und Konflikte zu l\u00f6sen. Dazu entstand beim Haus der Jugend eine richtige kleine Stadt mit Werkst\u00e4tten, Beh\u00f6rden, Gesch\u00e4ften und Ateliers.<\/span><\/p>\n<p>&nbsp;<\/p>\n<p>&nbsp;<\/p>\n<\/div><div id=\"0\" style=\"\" class=\"accordions-head head0\" toogle-text=\"Trierischer Volksfreund vom 31.07.2024\" main-text=\"In Wuselkusen f\u00fcrs Leben lernen + Was diese Spielstadt in Konz so besonders macht\" ><div class=\"accordion-icons left accordion-plus fa fa-chevron-up\"><\/div><div class=\"accordion-icons left accordion-minus fa fa-chevron-down\"><\/div><div id=\"0\"    class=\"accordions-head-title\">In Wuselkusen f\u00fcrs Leben lernen + Was diese Spielstadt in Konz so besonders macht<\/div><\/div><div class=\"accordion-content content0\"><p><img decoding=\"async\" class=\"alignnone wp-image-2669 size-large\" src=\"https:\/\/wuselkusen.de\/wp-content\/uploads\/2024\/08\/2024-TV-Wuselkusen-13-1024x768.webp\" alt=\"\" width=\"1024\" height=\"768\" srcset=\"https:\/\/wuselkusen.de\/wp-content\/uploads\/2024\/08\/2024-TV-Wuselkusen-13-1024x768.webp 1024w, https:\/\/wuselkusen.de\/wp-content\/uploads\/2024\/08\/2024-TV-Wuselkusen-13-300x225.webp 300w, https:\/\/wuselkusen.de\/wp-content\/uploads\/2024\/08\/2024-TV-Wuselkusen-13-768x576.webp 768w, https:\/\/wuselkusen.de\/wp-content\/uploads\/2024\/08\/2024-TV-Wuselkusen-13-1536x1152.webp 1536w, https:\/\/wuselkusen.de\/wp-content\/uploads\/2024\/08\/2024-TV-Wuselkusen-13-2048x1536.webp 2048w\" sizes=\"(max-width: 1024px) 100vw, 1024px\" \/><\/p>\n<p><span style=\"font-family: helvetica, arial, sans-serif;\">von unserem Redakteur Christian Kremer<\/span><\/p>\n<p>Konz \u00b7 <strong>Alle zwei Jahre steigt in Konz am Haus der Jugend eine Ferienaktion, die kaum vergleichbar mit anderen Projekten dieser Art ist. Das liegt auch daran, dass viele Teilnehmer als Betreuer zur\u00fcckkehren und wertvolle Ideen einbringen. Einer von ihnen hat das Geldsystem revolutioniert.<\/strong><\/p>\n<p>Luis Kugel kommt aus Roscheid. Er ist 23 Jahre alt, lebt eigentlich in Aachen, wo er Informatik studiert. Diese Woche ist er aber zur\u00fcck in Konz. Dort legt er nicht etwa die F\u00fc\u00dfe hoch. Nein. Er packt mit an in Wuselkusen, der Spielstadt, die das Jugendnetzwerk Konz alle zwei Jahre in den Sommerferien organisiert. Und Luis\u2018 Geschichte spiegelt letztlich genau das wider, was das Jugendnetzwerk Konz e.V. (Junetko) ausmacht. N\u00e4mlich, dass viele irgendwann zur\u00fcckkehren an die Basis, ins Haus der Jugend in Konz.<\/p>\n<p><strong>Vom betreuten Kind zum Betreuer<\/strong><\/p>\n<p>Luis war zum Beispiel vor zehn Jahren als 13-J\u00e4hriger selbst eines der Kinder, die eine Woche in den Sommerferien in Wuselkusen verbracht haben. 2022 kam er als Betreuer zur\u00fcck. Und dieses Jahr ist er wieder einer von 35 ehrenamtlichen Helfern, die zum Funktionieren des Projekts beitragen. Das Besondere an Luis\u2018 Geschichte: Er betreut die Kinder nicht nur in der Druckerei. Der junge Informatiker hat sich direkt mit einer eigenen Idee eingebracht, die Spuren hinterl\u00e4sst. 2022 hat er eigenh\u00e4ndig ein Kartenzahlsystem f\u00fcr Wuselkusen entwickelt und das W\u00e4hrungssystem digitalisiert. Das ist ein weiterer Baustein, der die Kinder spielerisch in die Lebensrealit\u00e4t eintauchen l\u00e4sst.<\/p>\n<p>Denn sie werden in der Spielstadt nicht nur betreut. Die Teilnehmer lernen dort praxisnah, wie eine Gesellschaft und das echte Leben funktioniert. Das W\u00e4hrungssystem und der Geldverkehr sind dabei ein wichtiger Bestandteil. Und dank Luis lernen sie auch, ein eigenes Konto zu f\u00fchren. Denn die Kinder k\u00f6nnen sich nur Eis, Obstcocktails, das Mittagessen oder den Eintritt ins Kino oder den Aquapark leisten, wenn sie ihre Wusel investieren. Das ist die W\u00e4hrung der Spielstadt. An Wusel kommen die Kinder nur, wenn sie einen Job \u00fcbernehmen \u2013 sei es als B\u00fcrgermeister, Handwerker, B\u00e4cker, Koch, T\u00e4nzer, Radiojournalist oder Reporter beim Wuseler Echo, der Zeitung der Spielstadt.<\/p>\n<p><strong>In Wuselkusen wird mit Karte gezahlt<\/strong><\/p>\n<p>Bekamen sie das Geld fr\u00fcher noch bar ausgezahlt, k\u00f6nnen sie dank Luis nun mit einem eigenen Konto arbeiten. Den Kontostand k\u00f6nnen sie an einem Display am Eingang abrufen, wenn sie ihre Karte auf die daf\u00fcr vorgesehene Station legen. An den ersten Tagen d\u00fcrfen sie noch ihren Dispo ausreizen. Am sechsten Tag der Spielstadt sollten sie jedoch einen positiven Kontostand haben, um etwas zu bekommen. Dank Luis funktioniert das alles digital. Er meint: \u201eIch bin ein Fan von Kartenzahlung und habe das Konzept vor zwei Jahren mit Hilfe von Freunden umgesetzt.\u201c<\/p>\n<p><strong>Traditioneller Besuch in der Redaktion<\/strong><\/p>\n<p>\u00c4hnlich wie Luis machen es die anderen Betreuer in der Spielstadt. Sie alle bringen ihre eigenen F\u00e4higkeiten und Ideen ein und haben dabei anscheinend sehr viel Spa\u00df. Bei einigen ist der Aufenthalt als Kind in Wuselkusen noch nicht allzu lange her. Andere haben jahrzehntelange Erfahrung als Betreuer \u2013 zum Beispiel Andreas Rein, Mitte 50. Er betreut seit vielen Jahren die Redaktion des Wuseler Echos. Auch dieses Jahr hat der Volksfreund die jungen Kollegen besucht und ihnen erkl\u00e4rt, was beim Schreiben von Zeitungsartikeln wichtig ist und wie eine echte Redaktion arbeitet (siehe Info).<\/p>\n<table style=\"width: 99.6734%;\">\n<tbody>\n<tr>\n<td style=\"width: 100%;\" width=\"604\">\n<p><strong>Info <\/strong><\/p>\n<p><strong>Das Wuseler Echo \u00fcber den Volksfreund <\/strong><\/p>\n<p><strong>Gro\u00dfer Besuch:<\/strong> Gestern war Christian Kremer vom Trierischen Volksfreund zu Besuch. Er erkl\u00e4rte uns, wie das Leben als Reporter ist, und den Aufbau vom Volksfreund. Es gibt n\u00e4mlich verschiedene Themenbereiche, zum Beispiel Politik, Wirtschaft, Sport und Lokales. Teilweise gibt es sogar eine Seite \u00fcber Luxemburg. Mittlerweile hat der Volksfreund auch einen Instagram- und einen Tik-Tok-Account. Jedoch ist der Volksfreund immer noch eine lokale Zeitung. Wir haben sogar die goldene Reporterregel erfahren: Jede Information in einem Text sollte durch mindestens zwei Quellen belegt sein. Und man sollte im Internet darauf achten, ob es unten auf der Seite ein Impressum gibt. Das Wichtigste ist aber, dass im Text die W-Fragen (Wer, Warum, Wann, Was, Wo) beantwortet werden. Wir bedanken uns bei Christan Kremer f\u00fcr die lehrreiche Stunde und seinen Besuch in unserer sch\u00f6nen Stadt. Vincent (12)<\/p>\n<p><strong>Volksfreund bei Wuselkusen<\/strong>: Volksfreund Reporter Christian Kremer bei uns zu Besuch, um uns zu erkl\u00e4ren, was alles hinter dem Beruf Reporter steckt. Er hat uns dabei noch ein paar Tipps und Tricks verraten. Der Volksfreund ist nicht nur auf Papier zu lesen, sondern auch im Internet und auf s\u00e4mtlichen sozialen Plattformen. Junes (12)<\/p>\n<\/td>\n<\/tr>\n<\/tbody>\n<\/table>\n<p>Neu in diesem Jahr in Wuselkusen ist der Makerspace mit 3-D-Druckern, ein Stop-Motion-Filmstudio und eine Musik- und Theaterb\u00fchne. Aufgebaut ist die Spielstadt in und um das Haus der Jugend in Konz. 2024 nehmen insgesamt 125 Kinder zwischen sieben und 13 Jahre teil. Zum Abschluss lassen sie am Samstag, 3. August, von 15 bis 17 Uhr ein Stadtfest steigen.<\/p>\n<\/div><\/div><\/p>\n<\/div><div id=\"1659717709568\" style=\"\" class=\"accordions-head head1659717709568\" toogle-text=\"\" main-text=\"Presse 2022\" ><div class=\"accordion-icons left accordion-plus fa fa-chevron-up\"><\/div><div class=\"accordion-icons left accordion-minus fa fa-chevron-down\"><\/div><div id=\"1659717709568\"    class=\"accordions-head-title\">Presse 2022<\/div><\/div><div class=\"accordion-content content1659717709568\"><p>\r\n\t\t\t\r\n\t\t\t\r\n\t\t\t\r\n\t\t\t<script>jQuery(document).ready(function($){$(\"#accordions-2415.accordions\").accordion({event: \"click\",collapsible: true,heightStyle: \"content\",animate: (\"linear\", 1000),navigation: true,active: 1,changestart: function(event, ui) {\r\n\t\t\t\t\t\t\t\tchild.accordion(\"activate\", false); \r\n\t\t\t\t\t\t\t}\r\n\t\t\t\t\t\t});\r\n\t\t\t\t\t\tvar child = $(\".child-accordion\").accordion({\r\n\t\t\t\t\t\t\tactive:true,heightStyle: \"content\",\r\n\t\t\t\t\t\t\tcollapsible: true,\r\n\t\t\t\t\t\t\tanimated: \"swing\",\r\n\t\t\t\t\t\t});\r\n\t\t\t\t\t})<\/script><style type='text\/css'>\r\n\t\t#accordions-2415{display: none;}\r\n\t#accordions-2415{\r\n\t\t\ttext-align: left;}\r\n\t#accordions-2415{\r\n\t\t\tbackground: url() repeat scroll 0 0;\r\n\t\t\tpadding: 0;\r\n\t\t\t}\r\n\t#accordions-2415 .accordions-head{\r\n\t\t\r\n\t\tbackground:rgba(112,176,255,1) none repeat scroll 0 0;\r\n\t\tmargin:1px;\r\n\t\tpadding:10px;\t\t\t\r\n\t\t}\t\t\r\n\t\r\n\t#accordions-2415 .accordions-head-title{\r\n\t\tcolor:#ffffff;\r\n\t\tfont-size:14px;\r\n\t\t}\r\n\t\r\n\t#accordions-2415 .accordions-head-title-toogle{\r\n\t\tcolor:#ffffff;\r\n\t\tfont-size:14px;\r\n\t\t}\t\r\n\t\r\n\t\r\n\t#accordions-2415 .accordions-head:hover .accordions-head-title{\r\n\t\tcolor:#000;\r\n\t\t}\t\t\r\n\t\r\n\t\r\n\t#accordions-2415 .ui-accordion-header-active{\r\n\t\tbackground: #4b8fe3;\r\n\t\r\n\t\t}\r\n\t#accordions-2415 .accordion-content{\r\n\t\t\tbackground:rgba(255,255,255,1) none repeat scroll 0 0;\r\n\t\t\tcolor:#333333;\r\n\t\t\tfont-size:13px;\r\n\t\t\tmargin:0;\r\n\t\t\tpadding:10px;\r\n\t\t\t}\r\n\t\t\t\r\n\t\r\n\t#accordions-2415 .accordion-icons{\r\n\t\t\tcolor:#565656;\r\n\t\t\tfont-size:16px;\t\t\t\t\r\n\t\t\t}\r\n\t\t\t\r\n\t#accordions-2415 .accordions-head:hover .accordion-icons{\r\n\t\t\tcolor:#999;\t\t\t\r\n\t\t\t}\t\t\t\t\r\n\t\t\t\r\n\t\t\t<\/style><style type=\"text\/css\">#accordions-2415{}\r\n#accordions-2415 .accordions-head{}\r\n#accordions-2415 .accordion-content{}<\/style><p id=\"accordions-lazy-2415\" class=\"accordions-lazy\"><img decoding=\"async\" src=\"https:\/\/wuselkusen.de\/wp-content\/plugins\/accordions\/assets\/frontend\/gif\/ajax-loader-1.gif\" \/><\/p><script>\r\n\t\t\tjQuery( window ).load(function() {\r\n\t\t\tjQuery('#accordions-lazy-2415').fadeOut();\r\n\t\t\tjQuery('#accordions-2415').fadeIn();\r\n\t\t\t});<\/script><div id=\"accordions-2415\" class=\"accordions accordions-themes flat accordions-2415\"><div id=\"0\" style=\"\" class=\"accordions-head head0\" toogle-text=\"Trierischer Volksfreund vom 05.08.2022\" main-text=\"Was die Spielstadt Wuselkusen in Konz zu bieten hat - Ein Besuch beim Wuseler Echo\" ><div class=\"accordion-icons left accordion-plus fa fa-chevron-up\"><\/div><div class=\"accordion-icons left accordion-minus fa fa-chevron-down\"><\/div><div id=\"0\"    class=\"accordions-head-title\">Was die Spielstadt Wuselkusen in Konz zu bieten hat - Ein Besuch beim Wuseler Echo<\/div><\/div><div class=\"accordion-content content0\"><p><img loading=\"lazy\" decoding=\"async\" class=\"alignnone wp-image-2416 size-large\" src=\"https:\/\/wuselkusen.de\/wp-content\/uploads\/2022\/08\/2022.08.05-TV-Wuselkusen-1024x768.jpg\" alt=\"\" width=\"1024\" height=\"768\" srcset=\"https:\/\/wuselkusen.de\/wp-content\/uploads\/2022\/08\/2022.08.05-TV-Wuselkusen-1024x768.jpg 1024w, https:\/\/wuselkusen.de\/wp-content\/uploads\/2022\/08\/2022.08.05-TV-Wuselkusen-300x225.jpg 300w, https:\/\/wuselkusen.de\/wp-content\/uploads\/2022\/08\/2022.08.05-TV-Wuselkusen-768x576.jpg 768w, https:\/\/wuselkusen.de\/wp-content\/uploads\/2022\/08\/2022.08.05-TV-Wuselkusen.jpg 1440w\" sizes=\"(max-width: 1024px) 100vw, 1024px\" \/><\/p>\n<p style=\"text-align: right;\"><span style=\"color: #808080;\">Foto: Wuseler Echo, Andreas Rein<\/span><\/p>\n<p>Von Christan Kremer<\/p>\n<p class=\"park-article__intro park-article__content\"><em class=\"park-article__dateline\">Konz\/Wuselkusen<\/em> <strong>Das Jugendnetzwerk Konz hat erstmals seit 2018 wieder seine Spielstadt Wuselkusen als Ferienbetreuung angeboten. Der Trierische Volksfreund hat das Wuseler Echo besucht \u2013 eine von Kindern geschriebene Tageszeitung. Wie sie die Stadt darstellen.<\/strong><\/p>\n<p class=\"park-article__intro park-article__content\">115 Kinder wuseln im und um das Haus der Jugend in Konz herum. Sie haben f\u00fcr ihre Spielstadt einen B\u00fcrgermeister und einen Stadtrat gew\u00e4hlt, eine eigene W\u00e4hrung (den Wusel), einen Fernsehsender, einen Radiosender, Handwerksbetriebe und sogar eine Bank, ein Kino und einen Freizeitpark mit Planschbecken und Trampolin. Seit 2003 bietet das Jugendnetzwerk Konz (Junetko) die Ferienbetreuung in der Spielstadt Wuselkusen im Zweijahresrhythmus an.<\/p>\n<p>Die Kinder zwischen sieben und 13 Jahren haben dort nicht nur Spa\u00df und eine sinnvolle Besch\u00e4ftigung. Sie lernen auch etwas \u00fcber die Demokratie, die Arbeitswelt, die Wirtschaft und das soziale Miteinander. Mit Jobs in Handwerksbetrieben, bei Medien oder im Stadtrat verdienen sie sich t\u00e4glich ihre Wusel, die sie dann f\u00fcr Eis, Essen, im Kino oder im Freizeitpark wieder investieren k\u00f6nnen. Neu in diesem Jahr: In einigen Betrieben ist auch Kartenzahlung mit der Spielstadtw\u00e4hrung m\u00f6glich. 43 Betreuer k\u00fcmmern sich dieses Jahr um die Kinder, fast alle machen das ehrenamtlich.<\/p>\n<p>Der TV besucht traditionell die Wuselkusener Zeitungsredaktion, um den Kindern Tipps f\u00fcrs Schreiben zu geben und zu erkl\u00e4ren, was Journalismus ausmacht. Im Gegenzug stellt die Redaktion des Wuseler Echos der des Trierischen Volksfreunds Texte \u00fcber das Leben in Wuselkusen zur Verf\u00fcgung.<\/p>\n<p>In der Stadtratssitzung am Donnerstag, trafen sich B\u00fcrgermeisterin Am\u00e9lie Ott (13), Noah (8), Benno (13), Jana (10), Mia (7), Elisa (8), Lino (13), Ben (8) und Annelie (8), um sich \u00fcber Probleme und Verbesserungsvorschl\u00e4ge auszutauschen. Zu den Verbesserungsvorschl\u00e4gen geh\u00f6ren eine Wasserschlacht mit Wasserbomben\/Schw\u00e4mmen und Wasserpistolen, die heute Nachmittag von 15.30 bis 17 Uhr stattfindet. Daf\u00fcr kann man optional einen Badeanzug, einen Bikini oder eine Badehose mitbringen. Auch mehr Sitzpl\u00e4tze und Werbung f\u00fcrs Kino sowie mehr Arbeitspl\u00e4tze im Kino und in der Bank waren ein Thema. Au\u00dferdem unterhielten sie sich \u00fcber die Einf\u00fchrung neuer Eissorten \u2013 wie Haselnuss \u2013 und einen m\u00f6glichen neuen Betrieb, zum Beispiel einen Kiosk, der Schokolade verkauft. (Autorinnen: Ishara Namegabe &amp; Elena L\u00fcders, beide 12)<\/p>\n<p><strong>Im Tattoo-Studio<\/strong><\/p>\n<p>Alle vier M\u00e4dchen im Tattoo-Studio haben die Frage \u201eGef\u00e4llt es euch gut hier im Wuselkusen?\u201c mit einem eindeutigem \u201eJa\u201c beantwortet. Zwei der vier jungen Damen sind sieben Jahre alt, die beiden anderen acht und zehn. Zwei von ihnen wollten eigentlich in jeweils eine andere Gruppe, leider waren diese aber schon voll. Trotzdem gew\u00f6hnen sie sich schnell an ihren neuen Job und haben viel Spa\u00df. Unter anderem kann man sich Tattoos sprayen lassen. Die Lieblingsformen der Vier sind Delfine. Sie finden, dass die Tattoos alle sehr cool aussehen. Au\u00dferdem wird frischer Lipgloss aus nat\u00fcrlichen Bioprodukten hergestellt. Wenn man etwas anderes im Laden kauft, bekommt man einen Lippenstift kostenlos dazu. (Autoren: Benno Quante, 13, Luca Willems, 12, und Mathis Weyer, 11)<\/p>\n<p><strong>Die Er\u00f6ffnung der Stadtverwaltung<\/strong><\/p>\n<p>Am Montag war die gro\u00dfe Er\u00f6ffnung. In der Stadtverwaltung gab es einen riesigen Ansturm. Wir befragten einen Angestellten (Paul, 18) und erkundigten uns, wie es abgelaufen ist. Paul antwortete: \u201eAm Anfang war es f\u00fcr uns stressig.\u201c Zu Problemen sagte er: \u201eEs hat keine Probleme gegeben, abgesehen von einem kleinen Zwischenfall verlief alles rund. In den n\u00e4chsten Tagen gebe es wohl weniger Betrieb. (Autorin: Lisanne Jakobs, 11)<\/p>\n<p>Zum Abschluss gibt es in der Spielstadt Wuselkusen am Samstag ab 15 Uhr ein gro\u00dfes Stadtfest.<\/p>\n<p>&nbsp;<\/p>\n<\/div><\/div><\/p>\n<\/div><div id=\"0\" style=\"\" class=\"accordions-head head0\" toogle-text=\"\" main-text=\"Presse 2018\" ><div class=\"accordion-icons left accordion-plus fa fa-chevron-up\"><\/div><div class=\"accordion-icons left accordion-minus fa fa-chevron-down\"><\/div><div id=\"0\"    class=\"accordions-head-title\">Presse 2018<\/div><\/div><div class=\"accordion-content content0\"><p>\r\n\t\t\t\r\n\t\t\t\r\n\t\t\t\r\n\t\t\t<script>jQuery(document).ready(function($){$(\"#accordions-430.accordions\").accordion({event: \"click\",collapsible: true,heightStyle: \"content\",animate: (\"linear\", 1000),navigation: true,active: 0,changestart: function(event, ui) {\r\n\t\t\t\t\t\t\t\tchild.accordion(\"activate\", false); \r\n\t\t\t\t\t\t\t}\r\n\t\t\t\t\t\t});\r\n\t\t\t\t\t\tvar child = $(\".child-accordion\").accordion({\r\n\t\t\t\t\t\t\tactive:true,heightStyle: \"content\",\r\n\t\t\t\t\t\t\tcollapsible: true,\r\n\t\t\t\t\t\t\tanimated: \"swing\",\r\n\t\t\t\t\t\t});\r\n\t\t\t\t\t})<\/script><style type='text\/css'>\r\n\t\t#accordions-430{display: none;}\r\n\t#accordions-430{\r\n\t\t\ttext-align: left;}\r\n\t#accordions-430{\r\n\t\t\tbackground: url() repeat scroll 0 0;\r\n\t\t\tpadding: 0;\r\n\t\t\t}\r\n\t#accordions-430 .accordions-head{\r\n\t\t\r\n\t\tbackground:rgba(112,176,255,1) none repeat scroll 0 0;\r\n\t\tmargin:1px;\r\n\t\tpadding:10px;\t\t\t\r\n\t\t}\t\t\r\n\t\r\n\t#accordions-430 .accordions-head-title{\r\n\t\tcolor:#ffffff;\r\n\t\tfont-size:14px;\r\n\t\t}\r\n\t\r\n\t#accordions-430 .accordions-head-title-toogle{\r\n\t\tcolor:#ffffff;\r\n\t\tfont-size:14px;\r\n\t\t}\t\r\n\t\r\n\t\r\n\t#accordions-430 .accordions-head:hover .accordions-head-title{\r\n\t\tcolor:#000;\r\n\t\t}\t\t\r\n\t\r\n\t\r\n\t#accordions-430 .ui-accordion-header-active{\r\n\t\tbackground: #4b8fe3;\r\n\t\r\n\t\t}\r\n\t#accordions-430 .accordion-content{\r\n\t\t\tbackground:rgba(255,255,255,1) none repeat scroll 0 0;\r\n\t\t\tcolor:#333333;\r\n\t\t\tfont-size:13px;\r\n\t\t\tmargin:0;\r\n\t\t\tpadding:10px;\r\n\t\t\t}\r\n\t\t\t\r\n\t\r\n\t#accordions-430 .accordion-icons{\r\n\t\t\tcolor:#565656;\r\n\t\t\tfont-size:16px;\t\t\t\t\r\n\t\t\t}\r\n\t\t\t\r\n\t#accordions-430 .accordions-head:hover .accordion-icons{\r\n\t\t\tcolor:#999;\t\t\t\r\n\t\t\t}\t\t\t\t\r\n\t\t\t\r\n\t\t\t<\/style><style type=\"text\/css\">#accordions-430{}\r\n#accordions-430 .accordions-head{}\r\n#accordions-430 .accordion-content{}<\/style><p id=\"accordions-lazy-430\" class=\"accordions-lazy\"><img decoding=\"async\" src=\"https:\/\/wuselkusen.de\/wp-content\/plugins\/accordions\/assets\/frontend\/gif\/ajax-loader-1.gif\" \/><\/p><script>\r\n\t\t\tjQuery( window ).load(function() {\r\n\t\t\tjQuery('#accordions-lazy-430').fadeOut();\r\n\t\t\tjQuery('#accordions-430').fadeIn();\r\n\t\t\t});<\/script><div id=\"accordions-430\" class=\"accordions accordions-themes flat accordions-430\"><div id=\"0\" style=\"\" class=\"accordions-head head0\" toogle-text=\"\" main-text=\"Abschied von Wuselkusen \tTV vom 10.07.2018\" ><div class=\"accordion-icons left accordion-plus fa fa-chevron-up\"><\/div><div class=\"accordion-icons left accordion-minus fa fa-chevron-down\"><\/div><div id=\"0\"    class=\"accordions-head-title\">Abschied von Wuselkusen \tTV vom 10.07.2018<\/div><\/div><div class=\"accordion-content content0\"><p><a href=\"https:\/\/wuselkusen.de\/wp-content\/uploads\/2022\/01\/20180710_TV.pdf\" target=\"_blank\" rel=\"noopener\">TV vom 10.07.2018<\/a><\/p>\n<p>&nbsp;<\/p>\n<\/div><div id=\"1642770533293\" style=\"\" class=\"accordions-head head1642770533293\" toogle-text=\"\" main-text=\"Kinder an die Macht\" ><div class=\"accordion-icons left accordion-plus fa fa-chevron-up\"><\/div><div class=\"accordion-icons left accordion-minus fa fa-chevron-down\"><\/div><div id=\"1642770533293\"    class=\"accordions-head-title\">Kinder an die Macht<\/div><\/div><div class=\"accordion-content content1642770533293\"><p><a href=\"..\/wp-content\/uploads\/2022\/01\/2018.07.03_TV_Kinder-an-die-Macht.pdf\" target=\"_blank\" rel=\"noopener\">TV vom 03.07.2018<\/a><\/p>\n<\/div><div id=\"1642770561230\" style=\"\" class=\"accordions-head head1642770561230\" toogle-text=\"\" main-text=\"Kinder erz\u00e4hlen vom Leben in der Spielstadt Wuselkusen\" ><div class=\"accordion-icons left accordion-plus fa fa-chevron-up\"><\/div><div class=\"accordion-icons left accordion-minus fa fa-chevron-down\"><\/div><div id=\"1642770561230\"    class=\"accordions-head-title\">Kinder erz\u00e4hlen vom Leben in der Spielstadt Wuselkusen<\/div><\/div><div class=\"accordion-content content1642770561230\"><p><a href=\"..\/wp-content\/uploads\/2022\/01\/2018.07.07_TV_Kinder-erzaehlen-von-Wuselkusen.pdf\" target=\"_blank\" rel=\"noopener\">TV vom 7.\/8.07.2018<\/a><\/p>\n<\/div><\/div><\/p>\n<\/div><div id=\"1642688617132\" style=\"\" class=\"accordions-head head1642688617132\" toogle-text=\"\" main-text=\"Presse 2016\" ><div class=\"accordion-icons left accordion-plus fa fa-chevron-up\"><\/div><div class=\"accordion-icons left accordion-minus fa fa-chevron-down\"><\/div><div id=\"1642688617132\"    class=\"accordions-head-title\">Presse 2016<\/div><\/div><div class=\"accordion-content content1642688617132\"><p>\r\n\t\t\t\r\n\t\t\t\r\n\t\t\t\r\n\t\t\t<script>jQuery(document).ready(function($){$(\"#accordions-431.accordions\").accordion({event: \"click\",collapsible: true,heightStyle: \"content\",animate: (\"linear\", 1000),navigation: true,active: 0,changestart: function(event, ui) {\r\n\t\t\t\t\t\t\t\tchild.accordion(\"activate\", false); \r\n\t\t\t\t\t\t\t}\r\n\t\t\t\t\t\t});\r\n\t\t\t\t\t\tvar child = $(\".child-accordion\").accordion({\r\n\t\t\t\t\t\t\tactive:true,heightStyle: \"content\",\r\n\t\t\t\t\t\t\tcollapsible: true,\r\n\t\t\t\t\t\t\tanimated: \"swing\",\r\n\t\t\t\t\t\t});\r\n\t\t\t\t\t})<\/script><style type='text\/css'>\r\n\t\t#accordions-431{display: none;}\r\n\t#accordions-431{\r\n\t\t\ttext-align: left;}\r\n\t#accordions-431{\r\n\t\t\tbackground: url() repeat scroll 0 0;\r\n\t\t\tpadding: 0;\r\n\t\t\t}\r\n\t#accordions-431 .accordions-head{\r\n\t\t\r\n\t\tbackground:rgba(112,176,255,1) none repeat scroll 0 0;\r\n\t\tmargin:1px;\r\n\t\tpadding:10px;\t\t\t\r\n\t\t}\t\t\r\n\t\r\n\t#accordions-431 .accordions-head-title{\r\n\t\tcolor:#ffffff;\r\n\t\tfont-size:14px;\r\n\t\t}\r\n\t\r\n\t#accordions-431 .accordions-head-title-toogle{\r\n\t\tcolor:#ffffff;\r\n\t\tfont-size:14px;\r\n\t\t}\t\r\n\t\r\n\t\r\n\t#accordions-431 .accordions-head:hover .accordions-head-title{\r\n\t\tcolor:#000;\r\n\t\t}\t\t\r\n\t\r\n\t\r\n\t#accordions-431 .ui-accordion-header-active{\r\n\t\tbackground: #4b8fe3;\r\n\t\r\n\t\t}\r\n\t#accordions-431 .accordion-content{\r\n\t\t\tbackground:rgba(255,255,255,1) none repeat scroll 0 0;\r\n\t\t\tcolor:#333333;\r\n\t\t\tfont-size:13px;\r\n\t\t\tmargin:0;\r\n\t\t\tpadding:10px;\r\n\t\t\t}\r\n\t\t\t\r\n\t\r\n\t#accordions-431 .accordion-icons{\r\n\t\t\tcolor:#565656;\r\n\t\t\tfont-size:16px;\t\t\t\t\r\n\t\t\t}\r\n\t\t\t\r\n\t#accordions-431 .accordions-head:hover .accordion-icons{\r\n\t\t\tcolor:#999;\t\t\t\r\n\t\t\t}\t\t\t\t\r\n\t\t\t\r\n\t\t\t<\/style><style type=\"text\/css\">#accordions-431{}\r\n#accordions-431 .accordions-head{}\r\n#accordions-431 .accordion-content{}<\/style><p id=\"accordions-lazy-431\" class=\"accordions-lazy\"><img decoding=\"async\" src=\"https:\/\/wuselkusen.de\/wp-content\/plugins\/accordions\/assets\/frontend\/gif\/ajax-loader-1.gif\" \/><\/p><script>\r\n\t\t\tjQuery( window ).load(function() {\r\n\t\t\tjQuery('#accordions-lazy-431').fadeOut();\r\n\t\t\tjQuery('#accordions-431').fadeIn();\r\n\t\t\t});<\/script><div id=\"accordions-431\" class=\"accordions accordions-themes flat accordions-431\"><div id=\"0\" style=\"\" class=\"accordions-head head0\" toogle-text=\"\" main-text=\"Junge Journalisten schreiben \u00fcber Politik und Berufe | TV vom 30.07.2016\" ><div class=\"accordion-icons left accordion-plus fa fa-chevron-up\"><\/div><div class=\"accordion-icons left accordion-minus fa fa-chevron-down\"><\/div><div id=\"0\"    class=\"accordions-head-title\">Junge Journalisten schreiben \u00fcber Politik und Berufe | TV vom 30.07.2016<\/div><\/div><div class=\"accordion-content content0\"><table id=\"_mc_tmp\" border=\"0\" width=\"620\" cellspacing=\"0\">\n<tbody>\n<tr>\n<td colspan=\"3\"><strong>Haus der Jugend Konz<\/strong><\/td>\n<\/tr>\n<tr>\n<td colspan=\"3\">\u00a0<\/td>\n<\/tr>\n<tr valign=\"middle\">\n<td colspan=\"3\"><strong>Junge Journalisten schreiben \u00fcber Politik und Berufe <\/strong><\/td>\n<\/tr>\n<tr valign=\"middle\">\n<td style=\"text-align: right;\" colspan=\"3\" valign=\"middle\"><strong>Tr<\/strong>ierischer Volskfreund vom 30.07.2016<\/td>\n<\/tr>\n<tr>\n<td colspan=\"3\" valign=\"middle\">\n<hr \/>\n<\/td>\n<\/tr>\n<tr>\n<td colspan=\"3\">\n<p>(Konz) 125 Kinder haben sich in dieser Woche ihre eigene kleine Stadt am Haus der Jugend aufgebaut. Der TV hat die Redaktion der kleinen Kollegen der Wuselkusener Zeitung besucht und l\u00e4sst die Kinder erz\u00e4hlen, was sie in der Spielstadt erlebt haben.<\/p>\n<\/td>\n<\/tr>\n<tr>\n<td colspan=\"3\"><img loading=\"lazy\" decoding=\"async\" src=\"https:\/\/wuselkusen.de\/wp-content\/uploads\/2022\/01\/20160703_TV_01.jpg\" alt=\"\" width=\"620\" height=\"349\" \/><\/td>\n<\/tr>\n<tr valign=\"top\">\n<td style=\"vertical-align: top;\" colspan=\"3\">\n<p style=\"text-align: right;\">Mit der Kamera unterwegs Foto: Christian Kremer<\/p>\n<\/td>\n<\/tr>\n<tr>\n<td colspan=\"3\">\n<p>&nbsp;<\/p>\n<p><strong>(Konz) 125 Kinder haben sich in dieser Woche ihre eigene kleine Stadt am Haus der Jugend aufge-baut. Der TV hat die Redaktion der kleinen Kollegen der Wuselkusener Zeitung besucht und l\u00e4sst die Kinder erz\u00e4hlen, was sie in der Spielstadt erlebt haben. <\/strong><\/p>\n<p>Konz. Die Spielstadt Wuselkusen, die alle zwei Jahre ihre Tore \u00f6ffnet, ist wohl die beliebteste Feri-enfreizeit f\u00fcr Kinder zwischen sieben und 13 Jahren in der Verbandsgemeinde Konz. Die begrenzte Anzahl von Betreuungspl\u00e4tzen ist immer schnell ausgebucht. Dieses Jahr sind 125 Kinder dabei. Sie haben in den vergangenen Tagen unter anderem einen Stadtrat und einen B\u00fcrgermeister gew\u00e4hlt. Um sich ihr Mittagessen leisten zu k\u00f6nnen, haben sie in der Wuselkusener B\u00e4ckerei, der Leder-werkstatt oder dem Trickfilmstudio gearbeitet. Ihre Wusel, so hei\u00dft die eigene W\u00e4hrung, konnten sie im Freizeitpark oder im Kino ausgeben. Denn das Jugendnetzwerk Konz (Junetko) ahmt mit Wuselkusen das echte Leben nach. Und das kommt bei Kindern und Eltern sehr gut an. Um zu zei-gen, was die Kinder in Wuselkusen getrieben haben, ver\u00f6ffentlicht der TV Texte, welche die Kinder f\u00fcr das Wuseler Echo, die spielstadteigene Zeitung, geschrieben haben. Die Redaktion besteht aus sechs Kindern sowie den Betreuern Andi Rein und Dorothee Winter. cmk<br \/>\n<strong><br \/>\nBesuch vom Trierischen Volksfreund:<\/strong> Am Mittwoch hatte unsere Redaktion Besuch von Christian Kremer, Lokalredakteur beim Trierischen Volksfreund. Er erkl\u00e4rte unseren Mitarbeitern, dass es verschiedene Typen von Artikeln wie zum Beispiel Berichte, Meinungsbeitr\u00e4ge oder Interviews gibt. Au\u00dferdem zeigte er eine Auswahl der verschiedenen Lokalausgaben des TV.<em> Redaktion des Wuseler Echos<\/em><\/p>\n<p><strong>Lederwerkstatt:<\/strong> In der Lederwerkstatt werden Schl\u00fcsselanh\u00e4nger, G\u00fcrtel, Taschen (Handytaschen) aus Leder hergestellt. Nat\u00fcrlich nimmt sie auch Auftr\u00e4ge entgegen. Das ganze Aufmalen, Ausstan-zen, Zusammenn\u00e4hen, Verzieren sei anstrengend, aber mache auch Spa\u00df, berichteten die Mitar-beiter. Luca (10) und Laura Hurt (13, beide Nittel)<\/p>\n<p><strong>Der Instrumentenbau:<\/strong> Die Angestellten bauen hier Trommeln, Regenrohre, Tamburine, Panfl\u00f6ten und Rasseln. Um die Trommeln zu bauen, klebt man bestimmtes Papier stramm auf Blument\u00f6pfe und bemalt sie anschlie\u00dfend. Die Panfl\u00f6ten bestehen aus immer k\u00fcrzer werdenden Strohhalmen, die mit Tesafilm zusammen geklebt werden. Unten wird Knete hereingesteckt, um einen dunkle-ren Klang zu erzeugen. Regenrohre werden aus Papprollen hergestellt und mit Reis bef\u00fcllt, der an spiralf\u00f6rmig angeordneten N\u00e4geln vorbeiflie\u00dft. Dadurch entsteht ein regen\u00e4hnlicher Klang. Ein Tamburin ist eine Art Trommel, die aus zwei Papptellern besteht, die am Rand aneinander geklebt und mit B\u00e4ndern zusammengebunden sind. An den Seiten werden wieder Seile befestigt, die her-unterh\u00e4ngen. An ihnen h\u00e4ngen Kronkorken oder Plastikringe. Wenn man auf die Pappteller schl\u00e4gt, erklingt ein Rascheln mit einem Trommelger\u00e4usch. Elena Bamberg (12, Wasserliesch), Lea Reinert (11) und Sarah Neisius (11, beide Oberemmel)<\/p>\n<p><strong>Politik:<\/strong> Nachdem die Namen der gew\u00e4hlten Stadtratsmitglieder und des B\u00fcrgermeisters Lukas Ruth bekanntgegeben wurden, besuchten die Wuselkusener Politiker die Kollegen im Konzer Rat-haus. Am Nachmittag fand eine Sitzung statt. Eine Diskussion entbrannte \u00fcber eine Reduzierung der Essenspreise. Wenn man den Preis senken wolle, seien Zusch\u00fcsse notwendig, hie\u00df es. Und dieses Geld m\u00fcsse wieder von den B\u00fcrgern eingetrieben werden - zum Beispiel \u00fcber eine Ein-kommenssteuer. Damit koste das Essen dann zwar nur noch vier Wusel, aber jeder B\u00fcrger m\u00fcsste den fehlenden Wusel \u00fcber eine Steuer entrichten. Deshalb behielt der Stadtrat den urspr\u00fcnglichen Preis. <em>Redaktion des Wuseler Echos<\/em><\/p>\n<p><strong>Der Fernsehsender:<\/strong> Im Wuselkusen-TV arbeiten vier Kinder und ein Betreuer. Einer ist der Spre-cher, zwei Kinder sind Kameraleute, ein Kind verteilt die Auftr\u00e4ge. Der Betreuer hat geholfen, Vi-deos geschnitten und die Technik erkl\u00e4rt. Er hat meistens das Filmmaterial geschnitten, wenn wir Pause hatten. Der gr\u00f6\u00dfte Teil unserer Arbeit war Aufnehmen und Interviewen. Wir haben zum Beispiel Interviews und die B\u00fcrgermeisterwahl aufgenommen. Die erste Werbung haben wir f\u00fcr das Tattoo-Studio gemacht: Da wurde gefilmt, wie einer von uns ein Kindertattoo bekommen hat (und das sogar umsonst). Fred Berg (8, Konz-Oberemmel)<\/p>\n<\/td>\n<\/tr>\n<tr>\n<td colspan=\"3\">\u00a0<\/td>\n<\/tr>\n<tr>\n<td colspan=\"3\">\n<p>Am heutigen Samstag feiern die Wuselkusener am Haus der Jugend in Konz ihr gro\u00dfes Stadtfest. Los geht es um 15 Uhr. Infos \u00fcber die Spielstadt und alle Ausgaben des Wuseler Echos gibt es im Internet unter <a href=\"http:\/\/www.wuselkusen.de\">www.wuselkusen.de<\/a><\/p>\n<\/td>\n<\/tr>\n<\/tbody>\n<\/table>\n<\/div><div id=\"1643125649675\" style=\"\" class=\"accordions-head head1643125649675\" toogle-text=\"\" main-text=\"Kinder gr\u00fcnden neuen Konzer Stadtteil \" ><div class=\"accordion-icons left accordion-plus fa fa-chevron-up\"><\/div><div class=\"accordion-icons left accordion-minus fa fa-chevron-down\"><\/div><div id=\"1643125649675\"    class=\"accordions-head-title\">Kinder gr\u00fcnden neuen Konzer Stadtteil <\/div><\/div><div class=\"accordion-content content1643125649675\"><table id=\"_mc_tmp\" border=\"0\" width=\"620\" cellspacing=\"0\">\n<tbody>\n<tr style=\"height: 10px;\" valign=\"top\">\n<td colspan=\"3\"><span style=\"color: #000000;\"><img loading=\"lazy\" decoding=\"async\" src=\"https:\/\/wuselkusen.de\/upload\/allgemein\/linien\/Orange.jpg\" alt=\"\" width=\"628\" height=\"1\" \/><\/span><\/td>\n<\/tr>\n<tr style=\"background-color: #f5f5f5;\">\n<td colspan=\"3\"><strong><span style=\"font-size: xx-small;\">Haus der Jugend Konz<\/span><\/strong><\/td>\n<\/tr>\n<tr>\n<td colspan=\"3\">\u00a0<\/td>\n<\/tr>\n<tr style=\"height: 34px;\" valign=\"middle\">\n<td colspan=\"3\"><strong><span style=\"font-size: 18pt; line-height: 107%;\">Kinder gr\u00fcnden neuen Konzer Stadtteil <br \/>\n<span style=\"font-size: x-small;\">-<\/span> <span style=\"font-size: x-small;\">Ferienfreizeit in Spielstadt Wuselkusen l\u00e4uft bis Samstag<\/span><\/span><\/strong><\/td>\n<\/tr>\n<tr valign=\"middle\">\n<td style=\"text-align: right; width: 620px;\" colspan=\"3\" valign=\"middle\"><span style=\"color: #000000; font-size: xx-small;\">Trierischer Volskfreund vom26.07.2016<\/span><\/td>\n<\/tr>\n<tr>\n<td style=\"width: 620px; height: 14px;\" colspan=\"3\" valign=\"middle\">\n<hr \/>\n<p><span style=\"color: #000000;\"><img loading=\"lazy\" decoding=\"async\" src=\"https:\/\/wuselkusen.de\/upload\/allgemein\/linien\/Orange.jpg\" alt=\"\" width=\"628\" height=\"1\" \/><\/span><\/td>\n<\/tr>\n<tr>\n<td colspan=\"3\">\n<p><strong>(Konz) 125 Kinder und 40 Betreuer leben seit Montag in der Spielstadt Wuselkusen am Haus der Jugend in Konz. Bis Freitag lernen die Kinder dort politische Prozesse, wirtschaftliche Zusammenh\u00e4nge und die Arbeitswelt kennen. <\/strong><\/p>\n<\/td>\n<\/tr>\n<tr>\n<td colspan=\"3\"><img loading=\"lazy\" decoding=\"async\" src=\"https:\/\/wuselkusen.de\/wp-content\/uploads\/2022\/01\/2016.07.271-1.jpg\" alt=\"\" width=\"620\" height=\"349\" \/><\/td>\n<\/tr>\n<tr style=\"background-color: #f5f5f5;\" valign=\"top\">\n<td style=\"text-align: center;\" colspan=\"3\">\n<p style=\"text-align: right;\">Foto: Christian Kremer\/Friedemann Vetter<\/p>\n<\/td>\n<\/tr>\n<tr>\n<td colspan=\"3\">\n<p>&nbsp;<\/p>\n<p>Die Schlange am Wuselkusener Arbeitsamt ist lang. Gleich 125 Kinder wollen einen Job als Radioreporter, Filmvorf\u00fchrer, Kunsthandwerker, B\u00e4cker oder Eisverk\u00e4ufer. Es sind genug Stellen da, aber nicht alle sind gleich beliebt. Und die siebte Spielstadt, die das Jugendnetzwerk Konz (Junetko) seit 2003 am Haus der Jugend veranstaltet, ist sogar noch gr\u00f6\u00dfer als ihre bisher gr\u00f6\u00dfte Ausgabe im Jahr 2012, als 115 Sieben- bis 13-J\u00e4hrige dabei waren.<\/p>\n<p>Auch diesmal w\u00e4hlen die Kinder w\u00e4hlen einen eigenen Stadtrat und einen B\u00fcrgermeister. Sie gehen einem Beruf nach und lernen so spielerisch und alltagsnah, was Demokratie ist und wie die Arbeitswelt funktioniert.<\/p>\n<p>Dass dieses Konzept nachhaltig ist, zeigt das Beispiel von Annabelle M\u00fcller. Die Kinder w\u00e4hlten sie 2014 zur B\u00fcrgermeisterin von Wuselkusen. Inzwischen ist Annabelle mit 15 Jahren zu alt, um erneut teilzunehmen. Trotzdem steht sie am Montag zusammen mit dem hauptamtlichen Beigeordneten der Verbandsgemeinde Konz, Joachim Weber, und Junetko-Gesch\u00e4ftsf\u00fchrer Dietmar Grundheber auf der B\u00fchne, um die Teilnehmer auf dem Wuselkusener Marktplatz im neuen Konzer Stadtteil vor dem Haus der Jugend zu begr\u00fc\u00dfen. Diesmal ist Annabelle eine von 35 bis 40 Betreuerinnen und Betreuern.<\/p>\n<p>Gleich nach der Begr\u00fc\u00dfung f\u00fchrt die 15-J\u00e4hrige eine Gruppe Kinder durch die Stadt. \"K\u00f6nnen wir uns beeilen, damit wir die beste Arbeit bekommen?\", fragt ein Junge. Annabelle zeigt ihnen die Werkst\u00e4tten f\u00fcr Instrumente, Schmuck und Leder, die Saftbar, die Eisdiele und die B\u00e4ckerei. Als sie zur Radiostation kommt, sagt die 15-J\u00e4hrige: \"Da sind wir mal gespannt, was ihr dieses Jahr die ganze Zeit spielt - letztes Mal war es \u201aAtemlos' von Helene Fischer.\" In der Erste-Hilfe-Station im Nebenhaus sagt Annabelle: \"Hier k\u00fcmmern sie sich darum, dass alle Kinder sich mit Sonnencreme eingecremt haben. Wer das nicht macht, muss ein Strafgeld zahlen.\"<\/p>\n<p>Und gezahlt wird in Wuselkusen mit der eigenen W\u00e4hrung: Wusel. Diese verdienen die Kinder bei ihren Jobs in den Werkst\u00e4tten, im Caf\u00e9 oder als Eisverk\u00e4ufer. Einer der Ersten, der wei\u00df, wie er am ersten Tag an seine Wusel kommt, ist Liam Kinzinger. Der Zw\u00f6lfj\u00e4hrige ist zum ersten Mal bei Wuselkusen dabei und darf im Kino arbeiten. Aus seiner Sicht ein Traumjob. Er wolle aber in der Woche auch noch kochen und andere Aufgaben \u00fcbernehmen, sagt er. Im Gegensatz zu Liam ist Liane Gr\u00f6linger (8) schon zum zweiten Mal in Wuselkusen: \"Ich freue mich total darauf.\" Auch sie ist schnell bei der Agentur f\u00fcr Arbeit und hat ihren Traumjob ergattert: \"Ich bin Eisverk\u00e4uferin.\" Ihre Kollegin dabei kennt sie gut. Die neunj\u00e4hrige Jana Faber ist zum ersten Mal Wuselkusenerin und wegen ihrer Freundin Liane hier: \"Sie hat mir nur Gutes hiervon erz\u00e4hlt.\"<\/p>\n<p>Alte Hasen sind hingegen die Betreuerinnen Mona Grundheber (20) und Petra Gr\u00fcnen (49). \"Ich mag, dass das eine kleine Stadt f\u00fcr Kinder ist, die sich stetig ver\u00e4ndert\", sagt Mona Grundheber. Viele Ver\u00e4nderungen seien dabei von den Kindern angeregt worden. Sie k\u00f6nnten - wie in einer richtigen Kommune - selbst Einfluss aus\u00fcben. \"Wenn man sich das so ansieht, wie sich das seit 2003 entwickelt hat, ist das richtig professionell geworden\", meint Petra Gr\u00fcnen. Sie ist Betreuerin der ersten Stunde und immer noch gerne dabei: \"Das alles wurde von Kindern geschaffen.\"<\/p>\n<\/td>\n<\/tr>\n<tr>\n<td colspan=\"3\"><span style=\"color: #000000;\">\u00a0<\/span><\/td>\n<\/tr>\n<tr style=\"background-color: #f5f5f5;\">\n<td colspan=\"3\"><strong>Extra<\/strong><\/td>\n<\/tr>\n<tr>\n<td colspan=\"3\">P\u00e4dagogisch betreute Kinderspielst\u00e4dte\u00a0gibt es in ganz Deutschland. Die Konzer Spielstadt Wuselkusen ist die gr\u00f6\u00dfte Ferienfreizeit in der Verbandsgemeinde Konz. Die href=\"http:\/\/www.wuselkusen.de\/administrator\/Editor\/5 Teilnehmer zwischen sieben und 13 Jahren werden noch bis Freitag, 30. Juli, von 10 bis 17 Uhr betreut. Am Samstag beginnt um 15 Uhr das Abschlussfest.<\/p>\n<p>Das Jugendnetzwerk Konz (Junetko) veranstaltet die Stadt im Zwei-Jahres-Rhythmus seit 2003. Junetko-Gesch\u00e4ftsf\u00fchrer Dietmar Grundheber hat die Idee aus Berlin mitgebracht. Das Ziel: Kinder lernen ansonsten schwer verst\u00e4ndliche soziale Prozesse wie Wahlen und Demokratie verstehen. Auch wirtschaftliche Zusammenh\u00e4nge - zum Beispiel Angebot und Nachfrage - spielen eine Rolle. Durch den Berufsalltag sammeln die Kinder Erfahrung mit Handwerk, Musik oder Zeitungsmachen. cmk<\/td>\n<\/tr>\n<\/tbody>\n<\/table>\n<\/div><\/div><\/p>\n<\/div><div id=\"1642688883576\" style=\"\" class=\"accordions-head head1642688883576\" toogle-text=\"\" main-text=\"Presse 2014\" ><div class=\"accordion-icons left accordion-plus fa fa-chevron-up\"><\/div><div class=\"accordion-icons left accordion-minus fa fa-chevron-down\"><\/div><div id=\"1642688883576\"    class=\"accordions-head-title\">Presse 2014<\/div><\/div><div class=\"accordion-content content1642688883576\"><p>\r\n\t\t\t\r\n\t\t\t\r\n\t\t\t\r\n\t\t\t<script>jQuery(document).ready(function($){$(\"#accordions-432.accordions\").accordion({event: \"click\",collapsible: true,heightStyle: \"content\",animate: (\"linear\", 1000),navigation: true,active: 0,changestart: function(event, ui) {\r\n\t\t\t\t\t\t\t\tchild.accordion(\"activate\", false); \r\n\t\t\t\t\t\t\t}\r\n\t\t\t\t\t\t});\r\n\t\t\t\t\t\tvar child = $(\".child-accordion\").accordion({\r\n\t\t\t\t\t\t\tactive:true,heightStyle: \"content\",\r\n\t\t\t\t\t\t\tcollapsible: true,\r\n\t\t\t\t\t\t\tanimated: \"swing\",\r\n\t\t\t\t\t\t});\r\n\t\t\t\t\t})<\/script><style type='text\/css'>\r\n\t\t#accordions-432{display: none;}\r\n\t#accordions-432{\r\n\t\t\ttext-align: left;}\r\n\t#accordions-432{\r\n\t\t\tbackground: url() repeat scroll 0 0;\r\n\t\t\tpadding: 0;\r\n\t\t\t}\r\n\t#accordions-432 .accordions-head{\r\n\t\t\r\n\t\tbackground:rgba(112,176,255,1) none repeat scroll 0 0;\r\n\t\tmargin:1px;\r\n\t\tpadding:10px;\t\t\t\r\n\t\t}\t\t\r\n\t\r\n\t#accordions-432 .accordions-head-title{\r\n\t\tcolor:#ffffff;\r\n\t\tfont-size:14px;\r\n\t\t}\r\n\t\r\n\t#accordions-432 .accordions-head-title-toogle{\r\n\t\tcolor:#ffffff;\r\n\t\tfont-size:14px;\r\n\t\t}\t\r\n\t\r\n\t\r\n\t#accordions-432 .accordions-head:hover .accordions-head-title{\r\n\t\tcolor:#000;\r\n\t\t}\t\t\r\n\t\r\n\t\r\n\t#accordions-432 .ui-accordion-header-active{\r\n\t\tbackground: #4b8fe3;\r\n\t\r\n\t\t}\r\n\t#accordions-432 .accordion-content{\r\n\t\t\tbackground:rgba(255,255,255,1) none repeat scroll 0 0;\r\n\t\t\tcolor:#333333;\r\n\t\t\tfont-size:13px;\r\n\t\t\tmargin:0;\r\n\t\t\tpadding:10px;\r\n\t\t\t}\r\n\t\t\t\r\n\t\r\n\t#accordions-432 .accordion-icons{\r\n\t\t\tcolor:#565656;\r\n\t\t\tfont-size:16px;\t\t\t\t\r\n\t\t\t}\r\n\t\t\t\r\n\t#accordions-432 .accordions-head:hover .accordion-icons{\r\n\t\t\tcolor:#999;\t\t\t\r\n\t\t\t}\t\t\t\t\r\n\t\t\t\r\n\t\t\t<\/style><style type=\"text\/css\">#accordions-432{}\r\n#accordions-432 .accordions-head{}\r\n#accordions-432 .accordion-content{}<\/style><p id=\"accordions-lazy-432\" class=\"accordions-lazy\"><img decoding=\"async\" src=\"https:\/\/wuselkusen.de\/wp-content\/plugins\/accordions\/assets\/frontend\/gif\/ajax-loader-1.gif\" \/><\/p><script>\r\n\t\t\tjQuery( window ).load(function() {\r\n\t\t\tjQuery('#accordions-lazy-432').fadeOut();\r\n\t\t\tjQuery('#accordions-432').fadeIn();\r\n\t\t\t});<\/script><div id=\"accordions-432\" class=\"accordions accordions-themes flat accordions-432\"><div id=\"0\" style=\"\" class=\"accordions-head head0\" toogle-text=\"\" main-text=\"Kinder an der Macht\" ><div class=\"accordion-icons left accordion-plus fa fa-chevron-up\"><\/div><div class=\"accordion-icons left accordion-minus fa fa-chevron-down\"><\/div><div id=\"0\"    class=\"accordions-head-title\">Kinder an der Macht<\/div><\/div><div class=\"accordion-content content0\"><table border=\"0\" width=\"620\" cellspacing=\"0\">\n<tbody>\n<tr valign=\"middle\">\n<td colspan=\"3\"><strong>Kinder an der Macht<\/strong><\/td>\n<\/tr>\n<tr valign=\"middle\">\n<td colspan=\"3\" valign=\"middle\">Trierischer Volskfreund vom 19.08.2014<\/td>\n<\/tr>\n<tr>\n<td colspan=\"3\" valign=\"middle\">\n<hr \/>\n<p><img loading=\"lazy\" decoding=\"async\" src=\"https:\/\/wuselkusen.de\/upload\/allgemein\/linien\/Orange.jpg\" alt=\"\" width=\"628\" height=\"1\" \/><\/td>\n<\/tr>\n<tr>\n<td colspan=\"3\"><strong>(Konz) Jetzt ist Wuselkusen wieder einfach das Haus der Jugend in Konz. Zwei Jahre lang m\u00fcssen Sieben- bis 13-J\u00e4hrige auf ihre geliebte Spielstadt verzichten. Doch die Wirklichkeit in einer Kommune zu \u00fcben, ist wieder einmal ein Erlebnis der besonderen Art gewesen.<\/strong><\/td>\n<\/tr>\n<tr>\n<td colspan=\"3\">\u00a0<\/td>\n<\/tr>\n<tr>\n<td colspan=\"3\"><img loading=\"lazy\" decoding=\"async\" src=\"https:\/\/wuselkusen.de\/wp-content\/uploads\/2022\/01\/TV190814.jpg\" alt=\"\" width=\"650\" height=\"425\" \/><\/td>\n<\/tr>\n<tr valign=\"top\">\n<td colspan=\"3\">B\u00fcrgermeister Annabelle M\u00fcller ist sehr beliebt bei ihren Mitb\u00fcrgern in Wuselkusen. <br \/>\nTV-Foto: Herbert Thormeyer<\/td>\n<\/tr>\n<tr>\n<td colspan=\"3\">\n<p>Konz. \"Es hat mir Spa\u00df gemacht, dass ich etwas ver\u00e4ndern kann\", sagt die B\u00fcrgermeisterin von Wuselkusen, Annabelle M\u00fcller (13). Sechs Tage lang war ihre Kommune ein neuer Stadtteil von Konz. Die Kinderspielstadt des Jugendnetzwerkes im rund und um das Haus der Jugend lehrte 112 B\u00fcrger im Alter von sieben bis 13 Jahren spielerisch die kommunale Wirklichkeit, die sie sp\u00e4ter im Erwachsenenleben erwartet.<\/p>\n<p><strong>\u00dcben f\u00fcr das richtige Leben<\/strong><\/p>\n<p>B\u00fcrgermeisterin Annabelle war am ersten Tag gegen elf Kandidaten mit drei Stimmen Vorsprung wiedergew\u00e4hlt worden. \"Regieren, das ist richtig Arbeit. Wir hatten zwei Sitzungen am Tag\", sagt sie etwas nerv\u00f6s, denn bald muss sie ihre Abschiedsrede halten, und die Eltern kommen zum Stadtrundgang.<\/p>\n<\/td>\n<\/tr>\n<tr>\n<td colspan=\"3\">Der junge Stadtrat hat einiges erreicht. So konnten die Lohn\u00fcberweisungen der Angestellten der Betriebe p\u00fcnktlicher werden. \u00dcberstunden sind erlaubt, fliegende H\u00e4ndler dagegen nicht, denn ein fester Marktplatz wurde installiert. Ein Feiertag wurde als \u00dcberraschungsaktion eingef\u00fchrt, und \u00fcber die st\u00e4dtischen Medien und Plakate angek\u00fcndigt. \"Intern hatten wir eine Menge Diskussionen\", verr\u00e4t Annabelle. \"In Wuselkusen kann halt das richtige Leben ge\u00fcbt werden\", wei\u00df Dietmar Grundheber, Gesch\u00e4ftsf\u00fchrer des Jugendnetzwerkes Konz.<\/p>\n<p>\"Auf einmal hatten wir so viele Jungs in der K\u00fcche\", staunt die B\u00fcrgermeisterin. Alle Ideen und Berufe konnten praktisch gleich ausprobiert werden. Wer wei\u00df, wozu es sp\u00e4ter gut ist. In zwei Jahren \u00f6ffnet Wuselkusen wieder die Stadttore. doth<\/td>\n<\/tr>\n<\/tbody>\n<\/table>\n<\/div><div id=\"1643126029354\" style=\"\" class=\"accordions-head head1643126029354\" toogle-text=\"\" main-text=\"Kinder erz\u00e4hlen Geschichten aus Wuselkusen\" ><div class=\"accordion-icons left accordion-plus fa fa-chevron-up\"><\/div><div class=\"accordion-icons left accordion-minus fa fa-chevron-down\"><\/div><div id=\"1643126029354\"    class=\"accordions-head-title\">Kinder erz\u00e4hlen Geschichten aus Wuselkusen<\/div><\/div><div class=\"accordion-content content1643126029354\"><p>&nbsp;<\/p>\n<table border=\"0\" width=\"600\" cellspacing=\"0\">\n<tbody>\n<tr style=\"height: 34px;\" valign=\"middle\">\n<td colspan=\"3\">\n<h2>Kinder erz\u00e4hlen Geschichten aus Wuselkusen<\/h2>\n<\/td>\n<\/tr>\n<tr valign=\"middle\">\n<td style=\"text-align: right; width: 620px;\" colspan=\"3\" valign=\"middle\"><span style=\"color: #000000;\">Trierischer Volskfreund vom 16.08.2014<\/span><\/td>\n<\/tr>\n<tr>\n<td style=\"width: 620px; height: 14px;\" colspan=\"3\" valign=\"middle\">\n<hr \/>\n<p><span style=\"color: #000000;\"><img loading=\"lazy\" decoding=\"async\" src=\"https:\/\/wuselkusen.de\/upload\/allgemein\/linien\/Orange.jpg\" alt=\"\" width=\"628\" height=\"1\" \/><\/span><\/td>\n<\/tr>\n<tr>\n<td colspan=\"3\"><span style=\"color: #000000;\"><strong><span style=\"color: #000000;\"><span style=\"color: #000000;\">(Konz) Die Bewohner der Spielstadt Wuselkusen in Konz feiern am heutigen Samstag ab 15 Uhr ihr Abschlussfest. In der vergangenen Woche haben dort 112 Kinder wie in einer echten Stadt gelebt. Der TV hat die Redaktion der Lokalzeitung, des Wusel-Echos, besucht und dort Gastautoren gefunden.<\/span> <\/span><\/strong><\/span><\/td>\n<\/tr>\n<tr>\n<td colspan=\"3\"><img loading=\"lazy\" decoding=\"async\" src=\"https:\/\/wuselkusen.de\/wp-content\/uploads\/2022\/01\/TV1608141.jpg\" alt=\"\" width=\"600\" height=\"450\" \/><\/td>\n<\/tr>\n<tr style=\"background-color: #f5f5f5;\" valign=\"top\">\n<td style=\"text-align: center;\" colspan=\"3\"><span style=\"color: #000000;\">Antrittsbesuch des Stadtrates von Wuselkusen im Rathaus der Stadt Konz<\/span><\/td>\n<\/tr>\n<tr>\n<td colspan=\"3\">\n<p><span style=\"color: #000000;\">Konz. Die Woche in der Spielstadt Wuselkusen endet am heutigen Samstag. Das Abschlussfest f\u00fcr Familien und Freunde der Kinder und interessierte B\u00fcrger beginnt um 15 Uhr am Haus der Jugend. Dort k\u00f6nnen sie sich ansehen, was die Wuselkusener umtreibt. <\/p>\n<p>112 Kinder haben in den vergangenen Tagen in Handwerksbetrieben, im Restaurant, beim Radio, beim Fernsehen oder bei der Zeitung oder auch der Bank gearbeitet - und so das echte Leben praxisnah nachgeahmt.<\/p>\n<p>TV-Redakteur Christian Kremer hat bei den kleinen Reporter-Kollegen vom Wusel-Echo vorbeigeschaut, um sich mit ihnen \u00fcber ihre Arbeit auszutauschen und den Aufbau des Trierischen Volksfreunds zu erkl\u00e4ren. Und er hat einen Termin mit ihnen besucht: Die Wusel-Echo-Reporter Lars Meyer (12) und Felix Noth aus Nittel folgen ihrem Betreuer Andi Rein. Sie gehen von der Spielstadt Wuselkusen am Konzer Haus der Jugend zum Rathaus am Marktplatz. Dort tagt der Wuselkusener Stadtrat, in dem gew\u00e4hlte Vertreter \u00fcber die Organisation der Spielstadt debattieren - angef\u00fchrt werden die sieben Ratskinder von Wuselkusens B\u00fcrgermeisterin Annabelle M\u00fcller. Joachim Weber, erster Beigeordneter der Verbandsgemeinde Konz, hat ihnen einen Konferenzraum im Konzer Rathaus zur Verf\u00fcgung gestellt. W\u00e4hrend die Ratskinder intensiv \u00fcber L\u00f6hne in den Wuselkusener Handwerksbetrieben diskutieren, z\u00fcckt Reporter Lars seinen Stift und schreibt mit.cmk<\/span><\/p>\n<\/td>\n<\/tr>\n<tr>\n<td colspan=\"3\"><strong><span style=\"color: #000000;\">Artikel aus dem Wusel-Echo:<\/span><\/strong><\/td>\n<\/tr>\n<tr>\n<td colspan=\"3\">\u00a0<\/td>\n<\/tr>\n<tr>\n<td colspan=\"3\"><span style=\"color: #000000;\"><strong>Pro und Kontra Wuselkusen:<\/strong> Wuselkusen gibt es 2014 schon zum siebten Mal. Aber wieso ist die Spielstadt so erfolgreich? Zwar gibt es manche Jobs, die nur f\u00fcr M\u00e4dchen sind, aber es gibt auch Jobs, die nur f\u00fcr Jungs sind. Trotzdem ist f\u00fcr jeden was dabei, ob gro\u00df oder klein, ob M\u00e4dchen oder Junge. Es war auch eine gute Idee, eine W\u00e4hrung einzuf\u00fchren, weil das wie im echten Leben der Erwachsenen ist. Man f\u00fchlt sich auch sehr wohl, weil man mit netten Betreuern arbeitet. Allerdings gibt es auch schlechte Seiten von Wuselkusen: Es gab n\u00e4mlich auch schon einen Diebstahl, bei dem 20 Wusel weggekommen sind und einen Brand in der B\u00e4ckerei. Leider gibt es auch Kinder, die nicht so nett sind. Manche Sachen sind auch ein bisschen zu teuer. Aber bleibt Wuselkusen ein tolles, abenteuerliches Erlebnis. Yanick L\u00fcders (10 Jahre)<br \/>\n<\/span><\/td>\n<\/tr>\n<tr>\n<td colspan=\"3\"><span style=\"color: #000000;\"><strong>Rundgang durch die Betriebe:<\/strong> Das Wusel-Echo war in der Eisdiele, der B\u00e4ckerei, beim Radio, dem Einkaufszentrum und dem Trickfilmstudio: Im Trickfilmstudio haben wir nicht nur einen tollen Hintergrund, sondern auch gute Ideen, aus denen bestimmt ein guter Trickfilm wird. Der Film wird auf der Homepage von Wuselkusen (www.wuselkusen.de) gezeigt. Beim Radio gibt es viele verschiedene Schalter, aber wenige werden benutzt. Die Moderatoren k\u00f6nnen mitten im Lied das Mikrofon benutzen und etwas ansagen. Das gef\u00e4llt allen sehr gut. In der B\u00e4ckerei hat es toll gerochen, und alle haben gel\u00e4chelt. Im Einkaufszentrum gibt es alle m\u00f6glichen Sachen zu kaufen, und es ist billig - manche behaupten das Gegenteil. Die Eisdiele ist zwar klein, aber fein. Manchmal sind die Verk\u00e4ufer dort gestresst, selten ist es ruhig. Mara Bechthold und Alexander Kubon (beide 10 Jahre)<br \/>\n<\/span><\/td>\n<\/tr>\n<tr>\n<td colspan=\"3\"><span style=\"color: #000000;\"><strong>Der Pechvogel des Tages:<\/strong> Betreuer Luca ist am 12. August mit anderen Betreuern zum Lager gefahren. Aber nur er stieg aus, um Eink\u00e4ufe zu erledigen, und die anderen beiden Betreuer sind weiter zum Baumarkt gefahren. Luca dachte, dass er abgeholt wird, doch er wurde nicht abgeholt. Luca wartete eine ganze Stunde: von 10 bis 11 Uhr. In der Zeit versuchte er vergeblich, die Betreuer zu kontaktieren. Erst nach 11 Uhr wurde er abgeholt und kam versp\u00e4tet um 11.20 Uhr in Wuselkusen an. In der Zeit mussten seine Mitarbeiter Niklas und Leon das Kino schmei\u00dfen. Daumen hoch! Lars Meyer (12 Jahre)<\/span><\/td>\n<\/tr>\n<\/tbody>\n<\/table>\n<\/div><div id=\"1643189229366\" style=\"\" class=\"accordions-head head1643189229366\" toogle-text=\"\" main-text=\"Kinder \u00fcbernehmen die Macht in Wuselkusen\" ><div class=\"accordion-icons left accordion-plus fa fa-chevron-up\"><\/div><div class=\"accordion-icons left accordion-minus fa fa-chevron-down\"><\/div><div id=\"1643189229366\"    class=\"accordions-head-title\">Kinder \u00fcbernehmen die Macht in Wuselkusen<\/div><\/div><div class=\"accordion-content content1643189229366\"><table border=\"0\" width=\"620\" cellspacing=\"0\">\n<tbody>\n<tr valign=\"middle\">\n<td colspan=\"3\"><strong>Kinder \u00fcbernehmen die Macht in Wuselkusen<\/strong><\/td>\n<\/tr>\n<tr valign=\"middle\">\n<td colspan=\"3\" valign=\"middle\">Trierischer Volskfreund vom 12.08.2014<\/td>\n<\/tr>\n<tr>\n<td colspan=\"3\" valign=\"middle\">\n<hr \/>\n<p><img loading=\"lazy\" decoding=\"async\" src=\"https:\/\/wuselkusen.de\/upload\/allgemein\/linien\/Orange.jpg\" alt=\"\" width=\"628\" height=\"1\" \/><\/td>\n<\/tr>\n<tr>\n<td colspan=\"3\"><strong>(Konz) In einer langen Schlange haben die 110 Kinder und ihre Eltern kurz vor 10 Uhr am Montag teils sehns\u00fcchtig darauf gewartet. Und Punkt 10 Uhr ist es soweit: Wuselkusen ist er\u00f6ffnet. <\/strong><\/td>\n<\/tr>\n<tr>\n<td colspan=\"3\"><img decoding=\"async\" src=\"https:\/\/wuselkusen.de\/wp-content\/uploads\/2022\/01\/TV120814.jpg\" alt=\"\" width=\"NaN\" height=\"450\" \/><\/td>\n<\/tr>\n<tr valign=\"top\">\n<td colspan=\"3\">TV-Fotos (2): Christian Kremer<\/td>\n<\/tr>\n<tr>\n<td colspan=\"3\">\n<p>In der Spielstadt des Jugendnetzwerks Konz (Junetko) leben sie bis Samstag, 16. August. Zum Abschluss d\u00fcrfen dann auch die Eltern und die Verwandten zum gro\u00dfen Spielfest kommen. <\/p>\n<p>Zahlungsmittel f\u00fcr die zahlreichen Freizeitangebote in Wuselkusen ist die eigene W\u00e4hrung der Kinder: der Wusel. Die Kinder w\u00e4hlen in der Woche einen eigenen B\u00fcrgermeister und einen Stadtrat. Einige von ihnen werden zu Redakteuren einer Tageszeitung oder zu Moderatoren beim stadteigenen Radiosender. Andere arbeiten in Handwerksbetrieben, um ein paar Wusel zu verdienen. Das Junetko veranstaltet die Spielstadt alle zwei Jahre. Im Einsatz sind dann immer 35 freiwillige Helfer, um die Kinder in der Zeit zu betreuen. <\/p>\n<p>In der Woche lernen die Kinder praxisnah, wie eine moderne Gesellschaft funktioniert. In Wuselkusen erlernen sie gesellschaftliche, wirtschaftliche und demokratische Prozesse kennen - ganz nah am echten Leben. TV-Fotos (2): Christian Kremer<\/p>\n<\/td>\n<\/tr>\n<\/tbody>\n<\/table>\n<\/div><\/div><\/p>\n<\/div><div id=\"1642770837515\" style=\"\" class=\"accordions-head head1642770837515\" toogle-text=\"\" main-text=\"Presse 2012\" ><div class=\"accordion-icons left accordion-plus fa fa-chevron-up\"><\/div><div class=\"accordion-icons left accordion-minus fa fa-chevron-down\"><\/div><div id=\"1642770837515\"    class=\"accordions-head-title\">Presse 2012<\/div><\/div><div class=\"accordion-content content1642770837515\"><p>\r\n\t\t\t\r\n\t\t\t\r\n\t\t\t\r\n\t\t\t<script>jQuery(document).ready(function($){$(\"#accordions-433.accordions\").accordion({event: \"click\",collapsible: true,heightStyle: \"content\",animate: (\"linear\", 1000),navigation: true,active: 0,changestart: function(event, ui) {\r\n\t\t\t\t\t\t\t\tchild.accordion(\"activate\", false); \r\n\t\t\t\t\t\t\t}\r\n\t\t\t\t\t\t});\r\n\t\t\t\t\t\tvar child = $(\".child-accordion\").accordion({\r\n\t\t\t\t\t\t\tactive:true,heightStyle: \"content\",\r\n\t\t\t\t\t\t\tcollapsible: true,\r\n\t\t\t\t\t\t\tanimated: \"swing\",\r\n\t\t\t\t\t\t});\r\n\t\t\t\t\t})<\/script><style type='text\/css'>\r\n\t\t#accordions-433{display: none;}\r\n\t#accordions-433{\r\n\t\t\ttext-align: left;}\r\n\t#accordions-433{\r\n\t\t\tbackground: url() repeat scroll 0 0;\r\n\t\t\tpadding: 0;\r\n\t\t\t}\r\n\t#accordions-433 .accordions-head{\r\n\t\t\r\n\t\tbackground:rgba(57,82,165,1) none repeat scroll 0 0;\r\n\t\tmargin:1px;\r\n\t\tpadding:10px;\t\t\t\r\n\t\t}\t\t\r\n\t\r\n\t#accordions-433 .accordions-head-title{\r\n\t\tcolor:#ffffff;\r\n\t\tfont-size:14px;\r\n\t\t}\r\n\t\r\n\t#accordions-433 .accordions-head-title-toogle{\r\n\t\tcolor:#ffffff;\r\n\t\tfont-size:14px;\r\n\t\t}\t\r\n\t\r\n\t\r\n\t#accordions-433 .accordions-head:hover .accordions-head-title{\r\n\t\tcolor:#ffffff;\r\n\t\t}\t\t\r\n\t\r\n\t\r\n\t#accordions-433 .ui-accordion-header-active{\r\n\t\tbackground: #3952a5;\r\n\t\r\n\t\t}\r\n\t#accordions-433 .accordion-content{\r\n\t\t\tbackground:rgba(255,255,255,1) none repeat scroll 0 0;\r\n\t\t\tcolor:#333333;\r\n\t\t\tfont-size:13px;\r\n\t\t\tmargin:0;\r\n\t\t\tpadding:10px;\r\n\t\t\t}\r\n\t\t\t\r\n\t\r\n\t#accordions-433 .accordion-icons{\r\n\t\t\tcolor:#ffffff;\r\n\t\t\tfont-size:16px;\t\t\t\t\r\n\t\t\t}\r\n\t\t\t\r\n\t#accordions-433 .accordions-head:hover .accordion-icons{\r\n\t\t\tcolor:#ffffff;\t\t\t\r\n\t\t\t}\t\t\t\t\r\n\t\t\t\r\n\t\t\t<\/style><style type=\"text\/css\">#accordions-433{}\r\n#accordions-433 .accordions-head{}\r\n#accordions-433 .accordion-content{}<\/style><p id=\"accordions-lazy-433\" class=\"accordions-lazy\"><img decoding=\"async\" src=\"https:\/\/wuselkusen.de\/wp-content\/plugins\/accordions\/assets\/frontend\/gif\/ajax-loader-1.gif\" \/><\/p><script>\r\n\t\t\tjQuery( window ).load(function() {\r\n\t\t\tjQuery('#accordions-lazy-433').fadeOut();\r\n\t\t\tjQuery('#accordions-433').fadeIn();\r\n\t\t\t});<\/script><div id=\"accordions-433\" class=\"accordions accordions-themes flat accordions-433\"><div id=\"0\" style=\"\" class=\"accordions-head head0\" toogle-text=\"\" main-text=\"Nach so viel Arbeit wird gefeiert\" ><div class=\"accordion-icons left accordion-plus fa fa-chevron-up\"><\/div><div class=\"accordion-icons left accordion-minus fa fa-chevron-down\"><\/div><div id=\"0\"    class=\"accordions-head-title\">Nach so viel Arbeit wird gefeiert<\/div><\/div><div class=\"accordion-content content0\"><table border=\"0\" width=\"600\">\n<tbody>\n<tr>\n<td align=\"left\" valign=\"middle\"><strong>Nach so viel Arbeit wird gefeiert<\/strong><\/td>\n<\/tr>\n<tr>\n<td>\u00a0Trierischer Volksfreund vom 08.07.2012<\/td>\n<\/tr>\n<tr>\n<td valign=\"middle\"><img loading=\"lazy\" decoding=\"async\" src=\"https:\/\/wuselkusen.de\/upload\/allgemein\/linien\/weiss.gif\" alt=\"\" width=\"600\" height=\"1\" \/><\/td>\n<\/tr>\n<tr>\n<td align=\"left\" valign=\"top\">\n<p><strong>\u00dcber 350 Besucher haben am Samstagnachmittag zusammen mit den 115 Bewohnern den Abschied von der Spielstadt Wuselkusen gefeiert. Unter anderem haben die Wuseler Tanzgruppen und die Band Wuselrocker gezeigt, was sie in der vergangenen Woche gelernt haben. <\/strong><\/p>\n<\/td>\n<\/tr>\n<tr>\n<td>&nbsp;<\/td>\n<\/tr>\n<tr>\n<td><img decoding=\"async\" src=\"https:\/\/wuselkusen.de\/wp-content\/uploads\/2022\/01\/TV06082012.jpg\" alt=\"\" width=\"600\" height=\"NaN\" \/><\/td>\n<\/tr>\n<tr>\n<td>&nbsp;<\/td>\n<\/tr>\n<tr>\n<td align=\"left\" valign=\"top\">\n<p>115 Kinder haben eine Woche lang in Wuselkusen gearbeitet und gespielt. In der Spielstadt am Haus der Jugend in Konz haben sie spielerisch gelernt, wie das Leben der Erwachsenen funktioniert. Sie haben jeden Tag neue Jobs angenommen: in der Schreinerei, der Eisdiele, im Einkaufszentrum, beim Fernseh- oder Radiosender und bei der Zeitung. Am Ende des Tages haben sie ihren Lohn in Wusel bekommen und konnten damit ihre Freizeit finanzieren. (red)\/TV-Foto: Friedemann Vetter<\/p>\n<\/td>\n<\/tr>\n<\/tbody>\n<\/table>\n<\/div><div id=\"1643190012479\" style=\"\" class=\"accordions-head head1643190012479\" toogle-text=\"\" main-text=\"Konzer Kinder schreiben im Volksfreund\" ><div class=\"accordion-icons left accordion-plus fa fa-chevron-up\"><\/div><div class=\"accordion-icons left accordion-minus fa fa-chevron-down\"><\/div><div id=\"1643190012479\"    class=\"accordions-head-title\">Konzer Kinder schreiben im Volksfreund<\/div><\/div><div class=\"accordion-content content1643190012479\"><p>&nbsp;<\/p>\n<table border=\"0\" width=\"628\" cellspacing=\"0\" cellpadding=\"0\">\n<tbody>\n<tr>\n<td style=\"text-align: left; height: 30px;\" colspan=\"3\" valign=\"middle\"><span style=\"color: #000000; font-size: medium;\"><strong>Konzer Kinder schreiben im Volksfreund<\/strong><\/span><\/td>\n<\/tr>\n<tr>\n<td style=\"text-align: right;\" colspan=\"3\"><span style=\"color: #000000; font-size: xx-small;\">Trierischer Volksfreund vom 04.08.2012<\/span><\/td>\n<\/tr>\n<tr>\n<td style=\"height: 10px;\" colspan=\"3\" valign=\"middle\"><span style=\"color: #000000;\"><img loading=\"lazy\" decoding=\"async\" src=\"https:\/\/wuselkusen.de\/upload\/allgemein\/linien\/Orange.jpg\" alt=\"\" width=\"628\" height=\"1\" \/><\/span><\/td>\n<\/tr>\n<tr>\n<td colspan=\"3\"><span style=\"color: #000000;\">\u00a0<\/span><\/td>\n<\/tr>\n<tr>\n<td style=\"text-align: left;\" colspan=\"3\"><span style=\"color: #000000;\"><strong>Eine Woche voller spannender Erlebnisse geht f\u00fcr 115 Kinder zu Ende. Am heutigen Samstag feiern sie den Abschluss der Kinderstadt Wuselkusen. Die Redaktionsmitglieder der Wuseler Zeitung schildern im TV ihre Eindr\u00fccke der vergangenen Tage.<\/strong><\/span><\/td>\n<\/tr>\n<tr>\n<td colspan=\"3\">\u00a0<\/td>\n<\/tr>\n<tr>\n<td valign=\"top\">\n<p style=\"text-align: left;\"><span style=\"color: #000000;\">Konz. Die kleine Stadt Wuselkusen liegt mitten in Konz und ist sehr beliebt. 115 Kinder haben dort eine Woche lang gelebt wie Erwachsene. Jedes Kind hatte einen Job, musste auf sein Geld achten und konnte sich kaufen, was es wollte. Den Abschluss feiern die Wuselkusener am heutigen Samstag ab 15 Uhr mit einem B\u00fchnenprogramm am Haus der Jugend in Konz. Eingeladen sind die Familien, aber auch Freunde der Kinder und B\u00fcrger aus der Partnerstadt Konz. <\/p>\n<p>Ein paar Kinder haben bei der Wuseler Stadtzeitung gearbeitet. Volksfreund-Redakteur Chris tian Kremer hat vorbeigeschaut und den Kollegen erkl\u00e4rt, welche Textformen es in einer gro\u00dfen Zeitung gibt. <\/span><\/p>\n<\/td>\n<td style=\"width: 10px;\" valign=\"top\"><span style=\"color: #000000;\">\u00a0<\/span><\/td>\n<td align=\"right\" valign=\"top\"><span style=\"color: #000000;\"><img decoding=\"async\" src=\"https:\/\/wuselkusen.de\/wp-content\/uploads\/2022\/01\/TV04082012.jpg\" alt=\"\" width=\"\u00b4200\" height=\"NaN\" \/><img loading=\"lazy\" decoding=\"async\" src=\"https:\/\/wuselkusen.de\/wp-content\/uploads\/2022\/01\/TV04082012.jpg\" alt=\"\" width=\"200\" height=\"194\" \/>\u00a0<\/span><\/td>\n<\/tr>\n<tr>\n<td colspan=\"3\" valign=\"top\"><span style=\"color: #000000;\">\u00a0<\/span><\/td>\n<\/tr>\n<tr>\n<td style=\"text-align: left;\" colspan=\"3\"><span style=\"color: #000000;\">Herausgekommen sind ein Band-Portr\u00e4t, ein Kommentar und ein Interview.<\/p>\n<p><strong>Laute Wuselrocker im Keller<\/p>\n<p><\/strong>Von Lukas Repp <\/p>\n<p>Wuselkusen. Geht man im Wuselkusener Haus der Jugend die Treppe runter, wird es laut. Hinter der T\u00fcr zum Proberaum warten die Wuselrocker: Felix, Emma, Luke, Merlin und Steven. Das ist die neue Band in Wuselkusen.<\/p>\n<p>Die Band freut sich: \"Wir k\u00f6nnen die ganze Zeit Krach machen.\" Die f\u00fcnf finden es toll, dass sie im Keller nicht die Musik vom Radio Wuselkusen h\u00f6ren. Sonst k\u00f6nnten sie aus dem Takt kommen. <br \/>\nDie Wuselrocker proben f\u00fcr das Konzert am Samstag beim Abschlussfest von Wuselkusen. Zu diesem Fest sind die Eltern und Geschwister der Wusel-Arbeiter eingeladen. Felix, Emma, Luke, Merlin und Steven werden am Samstag das \"Abschiedslied von Wuselkusen\" spielen.<\/span><\/td>\n<\/tr>\n<tr>\n<td colspan=\"3\"><span style=\"color: #000000;\">\u00a0<\/span><\/td>\n<\/tr>\n<tr>\n<td style=\"text-align: left;\" colspan=\"3\"><strong><span style=\"color: #000000;\">Meinung der Kinder<\/span><\/strong><\/td>\n<\/tr>\n<tr>\n<td style=\"height: 10px;\" colspan=\"3\" valign=\"middle\"><img loading=\"lazy\" decoding=\"async\" src=\"https:\/\/wuselkusen.de\/upload\/allgemein\/linien\/grau.jpg\" alt=\"\" width=\"628\" height=\"1\" \/><\/td>\n<\/tr>\n<tr>\n<td style=\"text-align: left;\" colspan=\"3\"><span style=\"color: #888888;\"><strong>Kaum etwas auszusetzen<\/strong> <\/span><\/p>\n<p style=\"text-align: left;\"><span style=\"color: #000000;\">Die meisten B\u00fcrger finden Wuselkusen super und haben nichts auszusetzen. Es ist toll, weil man in Wuselkusen wie ein Erwachsener lebt. Bei der Zeitung zu arbeiten macht zum Beispiel viel Spa\u00df. Man kann Texte schreiben und Fotos machen. Doch Wuselkusen hat auch ein paar negative Seiten, manche finden, dass die Warteschlangen beim Arbeitsamt, bei der Bank und bei der Eisdiele zu lang sind. Auch dass das Essen und der Freizeitpark zu teuer sind. Nora Elenz und Lea Schnitzler.<\/span><\/p>\n<\/td>\n<\/tr>\n<tr>\n<td colspan=\"3\"><span style=\"color: #000000;\">\u00a0<\/span><\/td>\n<\/tr>\n<tr>\n<td style=\"text-align: left;\" colspan=\"3\"><strong><span style=\"color: #000000;\">Extra:<\/span><\/strong><\/td>\n<\/tr>\n<tr>\n<td style=\"height: 10px;\" colspan=\"3\" valign=\"middle\"><span style=\"color: #000000;\"><img loading=\"lazy\" decoding=\"async\" src=\"https:\/\/wuselkusen.de\/upload\/allgemein\/linien\/grau.jpg\" alt=\"\" width=\"628\" height=\"1\" \/><\/span><\/td>\n<\/tr>\n<tr>\n<td colspan=\"3\">\n<p style=\"text-align: left;\"><span style=\"color: #000000;\">Eine Elfj\u00e4hrige, die etwas ver\u00e4ndern will: Die Wuselkusener haben <strong>Annabelle M\u00fcller<\/strong> am Mittwoch zu ihrer B\u00fcrgermeisterin gew\u00e4hlt. Ihr erster Amtsakt: Sie hat im Stadtrat durchgesetzt, dass alle Kinder einen Nachschlag im Restaurant bekommen. Die Wusel-Reporter Timo Schneider und Jakob Repp haben sie interviewt: <\/p>\n<p>Wie hast du deinen ersten Tag als B\u00fcrgermeisterin erlebt? <strong>Annabelle<\/strong>: Gut! Jeder kennt einen, und man darf etwas ver\u00e4ndern. Wie hast du von deiner Wahl erfahren? <strong>Annabelle<\/strong>: Anna nahm mich mit in eine Abstellkammer und sagte mir: Du bist die neue B\u00fcrgermeisterin von Wuselkusen. Wie hast du reagiert? <strong>Annabelle:<\/strong> Ich dachte erst mal: Wow! Hast du mit deiner Wahl gerechnet? <strong>Annabelle:<\/strong> Ich hatte mich gut vorbereitet, deswegen glaubte ich, ich h\u00e4tte eine Chance. Einige hatten mir vorher schon gesagt, sie w\u00fcrden mich w\u00e4hlen. Trotzdem war ich \u00fcberrascht. Was hast du vor in Wuselkusen zu ver\u00e4ndern? <strong>Annabelle:<\/strong> Ich will eine Polizei als Nebenberuf, die Einrichtung eines Caf\u00e9s mit Kuchenverkauf und die Reduzierung des Eintrittspreises f\u00fcr den Freizeitpark um zwei Wusel. Au\u00dferdem soll jeder die Chance haben, mindestens einmal in seinem Lieblingsjob zu arbeiten<\/span><\/p>\n<\/td>\n<\/tr>\n<tr>\n<td colspan=\"3\">\u00a0<\/td>\n<\/tr>\n<\/tbody>\n<\/table>\n<\/div><div id=\"1643190159893\" style=\"\" class=\"accordions-head head1643190159893\" toogle-text=\"\" main-text=\"Wo das Eis einen Wusel kostet\" ><div class=\"accordion-icons left accordion-plus fa fa-chevron-up\"><\/div><div class=\"accordion-icons left accordion-minus fa fa-chevron-down\"><\/div><div id=\"1643190159893\"    class=\"accordions-head-title\">Wo das Eis einen Wusel kostet<\/div><\/div><div class=\"accordion-content content1643190159893\"><p>&nbsp;<\/p>\n<table border=\"0\" width=\"628\" cellspacing=\"0\" cellpadding=\"0\">\n<tbody>\n<tr>\n<td style=\"text-align: left;\"><strong><span style=\"color: #000000; font-size: small;\">Extra<\/span><\/strong><\/td>\n<\/tr>\n<tr style=\"height: 6px;\" align=\"center\" valign=\"top\">\n<td>\n<hr \/>\n<\/td>\n<\/tr>\n<tr>\n<td style=\"text-align: left;\"><span style=\"color: #000000;\">P\u00e4dagogisch betreute <strong>Kinderspielst\u00e4dte<\/strong> gibt es inzwischen in ganz Deutschland - zum Teil mit bis zu 2000 Teilnehmern. In Konz organisiert das Haus der Jugend im Zweijahresrhythmus zum f\u00fcnften Mal die Spielstadt Wuselkusen. Er habe die Idee aus Berlin mitgebracht, sagt Dietmar Grundheber, Gesch\u00e4ftsf\u00fchrer des Jugendnetzwerks Konz. Das Ziel solcher Spielprojekte: Kinder lernen ansonsten schwer verst\u00e4ndliche soziale Prozesse wie Wahlen und Demokratie verstehen. Auch wirtschaftliche Zusammenh\u00e4nge - zum Beispiel Angebot und Nachfrage - spielen eine Rolle. Durch den Berufsalltag sammeln die Kinder zudem Erfahrung mit dem Handwerk, mit Musik oder mit dem Zeitungmachen. Die gr\u00f6\u00dfte deutsche Spielstadt ist Mini-M\u00fcnchen. Erstmals wurde das Ferienprojekt 1979 veranstaltet. Seitdem \u00f6ffnet die es alle zwei Jahre in den Sommerferien im M\u00fcnchner Olympiapark seine Pforten. Mini-M\u00fcnchen gilt als eines der bekanntesten deutschen kulturp\u00e4dagogischen Projekte. (Quellen: wikipedia.de, mini-muenchen.info) cmk<\/span><\/td>\n<\/tr>\n<tr>\n<td>&nbsp;<\/td>\n<\/tr>\n<\/tbody>\n<\/table>\n<table border=\"0\" width=\"628\" cellspacing=\"0\" cellpadding=\"0\">\n<tbody>\n<tr>\n<td style=\"text-align: left; height: 30px;\" colspan=\"3\" valign=\"bottom\"><strong><span style=\"color: #000000; font-size: medium;\">Wo das Eis einen Wusel kostet<\/span><\/strong><\/td>\n<\/tr>\n<tr>\n<td style=\"text-align: right;\" colspan=\"3\"><span style=\"color: #000000; font-size: xx-small;\">\u00a0Trierischer Volksfreund vom 01.08.2012<\/span><\/td>\n<\/tr>\n<tr>\n<td colspan=\"3\">\u00a0<\/td>\n<\/tr>\n<tr>\n<td colspan=\"3\"><img loading=\"lazy\" decoding=\"async\" src=\"https:\/\/wuselkusen.de\/upload\/allgemein\/linien\/weiss.gif\" alt=\"\" width=\"628\" height=\"1\" \/><\/td>\n<\/tr>\n<tr>\n<td colspan=\"3\">\u00a0<\/td>\n<\/tr>\n<tr>\n<td style=\"text-align: left;\" colspan=\"3\"><strong><span style=\"color: #000000;\">Spielen, leben, arbeiten: 115 Kinder sind bis Samstag in der Spielstadt Wuselkusen. Sie haben eine eigene W\u00e4hrung, Jobs und Freizeitangebote. Unter Aufsicht des Jugendnetzwerks Konz lernen sie, damit umzugehen.<\/span><\/strong><\/td>\n<\/tr>\n<tr>\n<td colspan=\"3\">\u00a0<\/td>\n<\/tr>\n<tr>\n<td rowspan=\"12\" valign=\"top\">\n<p style=\"text-align: left;\"><span style=\"color: #000000;\">Konz. Moritz H\u00fcfner (8) und Johanna K\u00fcrwitz (9) haben in der Spielstadt Wuselkusen einen der h\u00e4rtesten Jobs erwischt. Sie arbeiten in der Eisdiele - ein Gesch\u00e4ft, in dem die Nachfrage richtig gro\u00df ist. Das best\u00e4tigt Helena Belzl (8). Sie hatte sich am Montag, Tag eins in Wuselkusen, bei der Arbeitsagentur f\u00fcr die Position als Eisverk\u00e4uferin entschieden. Ihr Fazit: \"Das war ein bisschen anstrengend, weil so viele Leute kamen.\"<br \/>\nAm zweiten Tag der Kinderkommune seien die Bewohner noch ein \"bisschen geizig\", sagt Dietmar Grundheber, Gesch\u00e4ftsf\u00fchrer des Jugendnetzwerks Konz (Junetko). F\u00fcr einen F\u00fchrerschein f\u00fcrs Tretauto wolle zum Beispiel bisher noch niemand einen Wusel ausgeben. Wusel hei\u00dft die eigene W\u00e4hrung in der Spielstadt.<\/p>\n<p><\/span><span style=\"color: #000000;\"><strong>Schreinerei zahlt Kredit ab<\/p>\n<p><\/strong>Ein viereinhalbst\u00fcndiger Arbeitstag - egal ob als Schreiner oder als Zeitungsreporter - bringt den Kindern 28 Wusel ein. Ein Eis kostet einen Wusel. In Wuselkusen lernen die Kinder sparen und haushalten. \"Wir sind ja marktorientiert. Wenn es nicht l\u00e4uft, m\u00fcssen die Gesch\u00e4ftsleute auch Werbung machen\", sagt Grundheber \u00fcber das Praxisprinzip der Spielstadt.<\/p>\n<p>So lernen die Kinder spielerisch, wie das Wirtschaftsleben funktioniert. Sie lernen aber auch Dinge kennen, f\u00fcr die sie sich interessieren. Zum Beispiel Timo Schneider: Der Elfj\u00e4hrige arbeitet den zweiten Tag in Folge in der Schreinerei - am dritten Tag muss er sich einen neuen Job suchen. \"Es macht Spa\u00df, mit Holz zu hantieren und zu h\u00e4mmern\", erz\u00e4hlt er. \"Wir bekommen viele Auftr\u00e4ge und haben schon Kassen f\u00fcr die Bank und den Freizeitpark gebaut.\"<\/p>\n<p>Die Einnahmen werden in der Betriebskasse gehortet und in neue Werkzeuge investiert. Mit den ersten Wuseln haben die Schreiner schon ihren Kredit bei der Bank abgezahlt - den hatten sie aufgenommen, um sich Werkzeug im Einkaufszentrum leisten zu k\u00f6nnen. \u00c4hnlich l\u00e4uft es bei den anderen Gesch\u00e4ften und Handwerkern ab - im Kreativatelier, bei den Kerzenmachern oder im Malatelier. Das Leben in Wuselkusen ist eben wie das echte Leben. Da darf auch die Politik nicht fehlen. \"Ich m\u00f6chte meine Ideen in Wuselkusen einbringen und den Leuten neue Dinge erm\u00f6glichen\", sagt zum Beispiel Annabelle M\u00fcller (11). Sie will B\u00fcrgermeisterin in der Spielstadt werden. Am Dienstag war Wahlkampf. Heute w\u00e4hlen die Kinder. Von Politikverdrossenheit gibt's in Wuselkusen keine Spur - mehr als 20 Kandidaten wollen sich zum B\u00fcrgermeister w\u00e4hlen lassen.<\/p>\n<p>Annabelle hat sich gut vorbereitet, sie hat Flyer und Plakate ausgedruckt. Ihre Forderungen: einen Nachschlag in der Kantine und als Ersatz f\u00fcr das geschlossene Konzer Freibad ein Tag, an dem der Eintrittspreis zum Wuselkusener Freizeitpark um zwei Wusel g\u00fcnstiger wird. Ob das ausreicht, um das Rennen zur B\u00fcrgermeisterin zu machen, entscheidet sich bei den heutigen Wahlen. Wie die Wahl ausgeht, h\u00f6ren die Wuselkusener dann im Wusel-Radio, sehen es im Wusel-Fernsehsender oder lesen es in der Wuseler Stadtzeitung.<\/p>\n<p>Alle Nicht-Wuseler d\u00fcrfen sich die Nachrichten aus Wuselkusen im Internet unter <\/span><a href=\"https:\/\/wuselkusen.de\/\"><span style=\"color: #000000;\">www.wuselkusen.de<\/span><\/a><span style=\"color: #000000;\"> ansehen. Die erste Sendung ist schon online.<\/span><\/p>\n<p>&nbsp;<\/p>\n<\/td>\n<td style=\"width: 6px;\" rowspan=\"12\" valign=\"top\">\u00a0<\/td>\n<td style=\"text-align: right;\" valign=\"top\"><img loading=\"lazy\" decoding=\"async\" src=\"https:\/\/wuselkusen.de\/wp-content\/uploads\/2022\/01\/TV01082012_1.jpg\" alt=\"\" width=\"200\" height=\"266\" \/><\/td>\n<\/tr>\n<tr>\n<td>&nbsp;<\/td>\n<\/tr>\n<tr>\n<td align=\"right\" valign=\"top\"><img loading=\"lazy\" decoding=\"async\" class=\"alignnone\" src=\"https:\/\/wuselkusen.de\/wp-content\/uploads\/2022\/01\/TV01082012_2.jpg\" alt=\"\" width=\"200\" height=\"150\" \/><\/td>\n<\/tr>\n<tr>\n<td>&nbsp;<\/td>\n<\/tr>\n<tr>\n<td align=\"right\" valign=\"top\"><img loading=\"lazy\" decoding=\"async\" src=\"https:\/\/wuselkusen.de\/wp-content\/uploads\/2022\/01\/TV01082012_3.jpg\" alt=\"\" width=\"200\" height=\"266\" \/><\/td>\n<\/tr>\n<tr>\n<td>&nbsp;<\/td>\n<\/tr>\n<tr>\n<td align=\"right\" valign=\"top\"><img loading=\"lazy\" decoding=\"async\" src=\"https:\/\/wuselkusen.de\/wp-content\/uploads\/2022\/01\/TV01082012_4.jpg\" alt=\"\" width=\"200\" height=\"266\" \/><\/td>\n<\/tr>\n<tr>\n<td>&nbsp;<\/td>\n<\/tr>\n<tr>\n<td align=\"right\" valign=\"top\"><img loading=\"lazy\" decoding=\"async\" src=\"https:\/\/wuselkusen.de\/wp-content\/uploads\/2022\/01\/TV01082012_5.jpg\" alt=\"\" width=\"200\" height=\"224\" \/><\/td>\n<\/tr>\n<tr>\n<td>&nbsp;<\/td>\n<\/tr>\n<tr>\n<td style=\"text-align: right;\" valign=\"top\">\u00a0<span style=\"color: #000000; font-size: xx-small;\">Bei der Wuselkusener Arbeits-<br \/>\nagentur entscheidet sich, wo die <br \/>\nKinder den Tag verbringen (oben <br \/>\nMitte). Timo Schneider arbeitet in <br \/>\nder Schreinerei (links), B\u00fcrger-meisterinKandidatin Annabelle <br \/>\nM\u00fcller (rechts oben) in der Trick-<br \/>\nfilmwerkstatt. Es gibt aber auch <br \/>\nJobs als Kameramann (Julius <br \/>\nGerlach, rechts unten). Sehr be-<br \/>\nliebt ist eine Stelle in der Eisdiele, <br \/>\nwo Johanna K\u00fcrwitz und Moritz <br \/>\nH\u00fcfner Wassereis in den K\u00fchl-<br \/>\nschrank legen (unten Mitte). <br \/>\nTV-Fotos (5): Christian Kremer<\/span><\/td>\n<\/tr>\n<tr>\n<td>&nbsp;<\/td>\n<\/tr>\n<\/tbody>\n<\/table>\n<\/div><div id=\"1643190486490\" style=\"\" class=\"accordions-head head1643190486490\" toogle-text=\"\" main-text=\"Wie Erwachsene leben: Eine Woche in Wuselkusen\" ><div class=\"accordion-icons left accordion-plus fa fa-chevron-up\"><\/div><div class=\"accordion-icons left accordion-minus fa fa-chevron-down\"><\/div><div id=\"1643190486490\"    class=\"accordions-head-title\">Wie Erwachsene leben: Eine Woche in Wuselkusen<\/div><\/div><div class=\"accordion-content content1643190486490\"><p>&nbsp;<\/p>\n<table border=\"0\" width=\"628\">\n<tbody>\n<tr align=\"left\" valign=\"top\">\n<td colspan=\"2\"><strong><span style=\"color: #000000;\"><span style=\"color: #000000; font-size: small;\">Wie Erwachsene leben: Eine Woche in Wuselkusen<\/span><\/span><\/strong><\/td>\n<\/tr>\n<tr align=\"right\" valign=\"top\">\n<td style=\"text-align: right;\" colspan=\"2\"><span style=\"color: #000000; font-size: xx-small;\">\u00a0<span style=\"color: #000000;\">Trierischer Volksfreund vom 29.07.2012<\/span><\/span><\/td>\n<\/tr>\n<tr>\n<td colspan=\"2\">\n<hr \/>\n<\/td>\n<\/tr>\n<tr>\n<td colspan=\"2\"><span style=\"color: #000000;\">\u00a0<\/span><\/td>\n<\/tr>\n<tr>\n<td colspan=\"2\" align=\"left\" valign=\"top\">\n<p><strong><span style=\"color: #000000;\">Eine eigene Stadt f\u00fcr Kinder? Das ist Wuselkusen. Alle zwei Jahre l\u00e4dt das Haus der Jugend in Konz in die Spielstadt ein. Dieses Jahr sind 115 Teilnehmer dabei, die spielend den Alltag kennenlernen.<\/span><\/strong><\/p>\n<\/td>\n<\/tr>\n<tr>\n<td colspan=\"2\"><span style=\"color: #000000;\">\u00a0<\/span><\/td>\n<\/tr>\n<tr>\n<td colspan=\"2\" align=\"left\" valign=\"top\">K<span style=\"color: #000000;\">onz. Sommerzeit ist Zeit f\u00fcr Wuselkusen. Am Montag, 30. Juli, um 10 Uhr \u00f6ffnet die Spielstadt des Hauses der Jugend (HdJ) in Konz zum f\u00fcnften Mal ihre Pforten. Mit dabei sind 115 Kinder aus Konz und den umliegenden D\u00f6rfern.<\/p>\n<p>Wuselkusen hat einen eigenen B\u00fcrgermeister, einen Fernsehsender und eine Zeitung, die zum Beispiel \u00fcber den Wahlkampf zur B\u00fcrgermeister- und Stadtratswahl berichten. Und auch ein eigenes Stadtfest am Samstag, 4. August.<\/p>\n<p>Es gibt eine B\u00e4ckerei, eine Eisdiele, eine Bank und ein Einkaufszentrum. Der erste Weg in der Spielstadt f\u00fchrt jedoch zum Einwohnermeldeamt. Jedes Kind muss sich dort anmelden. Dann bekommt es einen Stadtausweis. Bei der Agentur f\u00fcr Arbeit erfahren die Wuselkusener dann, welche Berufe sie aus\u00fcben k\u00f6nnen - ihren Job d\u00fcrfen sie jeden Tag wechseln. Zur Auswahl stehen verschiedene handwerkliche Berufe - wie in der Spielemanufaktur, im Kerzenatelier oder in der G\u00e4rtnerei. Neben Journalisten und T\u00e4nzern gibt es diesmal erstmals auch Musiker. Das HdJ hat ein Bandprojekt organisiert. Am Ende eines Arbeitstags bekommt jedes Kind seinen Lohn in der Wuselkusen-W\u00e4hrung.<\/p>\n<p>Dietmar Grundheber vom Jugendnetzwerk Konz organisiert die Spielstadt. \"Kinder m\u00f6chten die Welt entdecken und haben viele Fragen\", sagt Grundheber. Auf manche Fragen erhalten sie in Wuselkusen Antworten. \"In unserer Spielstadt werden wir mit den Kindern eine eigene kleine Stadt, einen eigenen Wirtschaftskreislauf aufbauen, der ihnen spielerisch veranschaulicht, wie unsere Gesellschaft und unser Wirtschaftsleben funktionieren.\" Die Kinder erhalten in Wuselkusen einen Einblick in die Arbeitswelt und die Demokratie. Sie lernen auch, was Knappheit bedeutet - zum Beispiel, wenn sie kein Wuselkusen-Geld mehr in der Tasche haben. cmk<\/span><\/td>\n<\/tr>\n<\/tbody>\n<\/table>\n<\/div><\/div><\/p>\n<\/div><div id=\"1642770844301\" style=\"\" class=\"accordions-head head1642770844301\" toogle-text=\"\" main-text=\"Presse 2010\" ><div class=\"accordion-icons left accordion-plus fa fa-chevron-up\"><\/div><div class=\"accordion-icons left accordion-minus fa fa-chevron-down\"><\/div><div id=\"1642770844301\"    class=\"accordions-head-title\">Presse 2010<\/div><\/div><div class=\"accordion-content content1642770844301\"><p>\r\n\t\t\t\r\n\t\t\t\r\n\t\t\t\r\n\t\t\t<script>jQuery(document).ready(function($){$(\"#accordions-434.accordions\").accordion({event: \"click\",collapsible: true,heightStyle: \"content\",animate: (\"linear\", 1000),navigation: true,active: 0,changestart: function(event, ui) {\r\n\t\t\t\t\t\t\t\tchild.accordion(\"activate\", false); \r\n\t\t\t\t\t\t\t}\r\n\t\t\t\t\t\t});\r\n\t\t\t\t\t\tvar child = $(\".child-accordion\").accordion({\r\n\t\t\t\t\t\t\tactive:true,heightStyle: \"content\",\r\n\t\t\t\t\t\t\tcollapsible: true,\r\n\t\t\t\t\t\t\tanimated: \"swing\",\r\n\t\t\t\t\t\t});\r\n\t\t\t\t\t})<\/script><style type='text\/css'>\r\n\t\t#accordions-434{display: none;}\r\n\t#accordions-434{\r\n\t\t\ttext-align: left;}\r\n\t#accordions-434{\r\n\t\t\tbackground: url() repeat scroll 0 0;\r\n\t\t\tpadding: 0;\r\n\t\t\t}\r\n\t#accordions-434 .accordions-head{\r\n\t\t\r\n\t\tbackground:rgba(112,176,255,1) none repeat scroll 0 0;\r\n\t\tmargin:1px;\r\n\t\tpadding:10px;\t\t\t\r\n\t\t}\t\t\r\n\t\r\n\t#accordions-434 .accordions-head-title{\r\n\t\tcolor:#ffffff;\r\n\t\tfont-size:14px;\r\n\t\t}\r\n\t\r\n\t#accordions-434 .accordions-head-title-toogle{\r\n\t\tcolor:#ffffff;\r\n\t\tfont-size:14px;\r\n\t\t}\t\r\n\t\r\n\t\r\n\t#accordions-434 .accordions-head:hover .accordions-head-title{\r\n\t\tcolor:#000;\r\n\t\t}\t\t\r\n\t\r\n\t\r\n\t#accordions-434 .ui-accordion-header-active{\r\n\t\tbackground: #4b8fe3;\r\n\t\r\n\t\t}\r\n\t#accordions-434 .accordion-content{\r\n\t\t\tbackground:rgba(255,255,255,1) none repeat scroll 0 0;\r\n\t\t\tcolor:#333333;\r\n\t\t\tfont-size:13px;\r\n\t\t\tmargin:0;\r\n\t\t\tpadding:10px;\r\n\t\t\t}\r\n\t\t\t\r\n\t\r\n\t#accordions-434 .accordion-icons{\r\n\t\t\tcolor:#565656;\r\n\t\t\tfont-size:16px;\t\t\t\t\r\n\t\t\t}\r\n\t\t\t\r\n\t#accordions-434 .accordions-head:hover .accordion-icons{\r\n\t\t\tcolor:#999;\t\t\t\r\n\t\t\t}\t\t\t\t\r\n\t\t\t\r\n\t\t\t<\/style><style type=\"text\/css\">#accordions-434{}\r\n#accordions-434 .accordions-head{}\r\n#accordions-434 .accordion-content{}<\/style><p id=\"accordions-lazy-434\" class=\"accordions-lazy\"><img decoding=\"async\" src=\"https:\/\/wuselkusen.de\/wp-content\/plugins\/accordions\/assets\/frontend\/gif\/ajax-loader-1.gif\" \/><\/p><script>\r\n\t\t\tjQuery( window ).load(function() {\r\n\t\t\tjQuery('#accordions-lazy-434').fadeOut();\r\n\t\t\tjQuery('#accordions-434').fadeIn();\r\n\t\t\t});<\/script><div id=\"accordions-434\" class=\"accordions accordions-themes flat accordions-434\"><div id=\"0\" style=\"\" class=\"accordions-head head0\" toogle-text=\"\" main-text=\"Das Ende der Spielstadt wird gefeiert\" ><div class=\"accordion-icons left accordion-plus fa fa-chevron-up\"><\/div><div class=\"accordion-icons left accordion-minus fa fa-chevron-down\"><\/div><div id=\"0\"    class=\"accordions-head-title\">Das Ende der Spielstadt wird gefeiert<\/div><\/div><div class=\"accordion-content content0\"><table border=\"0\" width=\"628\">\n<tbody>\n<tr>\n<td colspan=\"2\"><strong>Das Ende der Spielstadt wird gefeiert<\/strong><\/p>\n<p>Trierrischer Volksfreund vom 10.07.2010 <\/p>\n<p>Von Anke Pipke und den Wuselkusen-Reportern<\/td>\n<\/tr>\n<tr>\n<td colspan=\"2\">\n<hr \/>\n<\/td>\n<\/tr>\n<tr>\n<td colspan=\"2\"><strong>Die Spielstadt Wuselkusen schlie\u00dft am heutigen Samstag f\u00fcr dieses Jahr ihr Pforten. Alle Interessierte sind zum Abschlussfest eingeladen. Was den Kindern bleibt, sind viele, sch\u00f6ne Erinnerungen.<\/strong><\/td>\n<\/tr>\n<tr>\n<td colspan=\"2\">\u00a0<\/td>\n<\/tr>\n<tr>\n<td align=\"left\" valign=\"top\">Konz\/Wuselkusen. Eine Woche lang haben rund 120 Kinder in der Konzer Spielstadt Wuselkusen gearbeitet, Wusel-Geld verdient und die Freizeit verbracht. Am heutigen Samstag geht die Aktionswoche des Hauses der Jugend mit einem zweist\u00fcndigen Stadtfest zu Ende. Eltern, Geschwister und Freunde der Kinder sowie interessierte B\u00fcrger der \"Partnerstadt Konz\" sind herzlich willkommen. Um 15 Uhr geht es mit Stadtf\u00fchrungen los, ab 16 Uhr gibt es ein B\u00fchnenprogramm.<\/td>\n<td align=\"right\" valign=\"top\">\u00a0<img loading=\"lazy\" decoding=\"async\" src=\"https:\/\/wuselkusen.de\/wp-content\/uploads\/2022\/01\/AA.jpg\" alt=\"\" width=\"200\" height=\"133\" \/><\/td>\n<\/tr>\n<tr>\n<td colspan=\"2\" align=\"left\" valign=\"top\">W\u00e4hrend der Wuselkusen-Tage waren viele Kinder auch in der Redaktion der Stadtzeitung aktiv. Dabei waren sie als junge Reporter unterwegs, schilderten ihre sch\u00f6nsten Erlebnisse und hielten die anderen Wuselkusener mit Nachrichten auf dem Laufenden. Ein paar Beispiel-Artikel:<\/td>\n<\/tr>\n<tr>\n<td colspan=\"2\">\u00a0<\/td>\n<\/tr>\n<tr>\n<td colspan=\"2\" align=\"left\" valign=\"top\"><strong>Die perfekte Welt<\/strong> <\/p>\n<p>Am besten hat mir an Wuselkusen, einer Aktion vom Haus der Jugend Konz, das Trickfilmstudio gefallen. Dort haben wir aus Knetfiguren einen Trickfilm \u00fcber Fu\u00dfball gedreht. Als erstes haben wir die Spieler vorgestellt. Endlich begann das Spiel, Lahm hat nach seinem Schuss sogar eine R\u00fcckw\u00e4rtsrolle gemacht. Dann kam die Siegerehrung. Lahm und Cacau haben auf einem Podest gestanden. Anschlie\u00dfend hab ich mir im Kino noch den Film \"Der Schuh des Manitu\" angesehen.<\/p>\n<p>Wuselkusen ist wie im echten Leben, man muss sich bei der Agentur f\u00fcr Arbeit, im Rathaus (einem gro\u00dfem Zelt, einen Job suchen. Wenn man gut arbeitet, bekommt man Wusel. Ddas ist die W\u00e4hrung in Wuselkusen. Es gibt eine B\u00e4ckerei, ein Schwimmbad und vieles mehr. <\/p>\n<p>Niklas, 11 Jahre<\/p>\n<p>\n<strong>Wo es mir besonders gut gef\u00e4llt<\/strong><\/p>\n<p>In der Druckerei von der Spielstadt Wuselkusen gef\u00e4llt es mir besonders gut, weil man viel \u00fcber die Zeitung lernt. Man lernt, wie man die Zeitung sortiert, die Artikel schreibt und Bilder ausw\u00e4hlt. Es gibt immer etwas zu arbeiten, und es wird einem nie langweilig. Au\u00dferdem macht es auch viel Spa\u00df beim Austragen von Zeitungen. Es ist sch\u00f6n leise, und die Leute sind sehr nett hier. <\/p>\n<p>Georg, 8 Jahre<\/p>\n<p>\n<strong>Viel Spa\u00df in Wuselkusen <br \/>\n<\/strong><br \/>\nDie Spielstadt Wuselkusen gef\u00e4llt mir sehr gut, weil es viele tolle Job-M\u00f6glichkeiten gibt und man sein eigenes Wuselgeld verdienen kann, mit dem man ein Eis kaufen oder das Kino besuchen kann. Auf dem Freizeitpark gibt es ein Schwimmbad, ein Trampolin und ein Kletterger\u00fcst. Das Restaurant kocht immer leckeres Essen. Es ist genauso wie im echten Leben, nur dass es mehr Spa\u00df macht.<\/p>\n<p>Maxim, 9 Jahre<\/p>\n<p>\n<strong>Wuselkusen sorgt f\u00fcr viel Spa\u00df<\/strong><\/p>\n<p>Wuselkusen, die Spielstadt f\u00fcr Kinder, finde ich echt gut, weil die Auswahl an Berufen sehr vielf\u00e4ltig und einfallsreich ist. Es macht mir Spa\u00df, so zu leben und zu arbeiten wie in einer richtigen Stadt. Bei der Zeitung zu arbeiten, finde ich besonders gut, weil wir immer viel zu tun haben und die Auftr\u00e4ge auch oft viel Spa\u00df machen. <\/p>\n<p>Wuselkusen ist die beste Kinderfreizeit, die ich kenne und ich finde es echt schade, in zwei Jahren nicht mehr dabei zu sein.<\/p>\n<p>Jule, 12 Jahre<\/p>\n<p>\n<strong>Interview mit Ines, zw\u00f6lf Jahre, Mitarbeiterin in der \"Agentur f\u00fcr Arbeit\", gef\u00fchrt von Jule (zw\u00f6lf Jahre):<br \/>\n<\/strong><br \/>\nWas gef\u00e4llt dir an deinem Beruf so gut? \"An meinem Beruf gef\u00e4llt mir gut, dass ich mir am n\u00e4chsten Tag zuerst meinen neuen Job aussuchen kann!\"<\/p>\n<p>Was gef\u00e4llt dir in Wuselkusen sehr gut? \"Sehr gut gefallen mir die coolen Werkst\u00e4tten, die es in Wuselkusen gibt!\"<\/p>\n<p>Gibt es einen Beruf, wo du unbedingt noch arbeiten m\u00f6chtest? \"Ja, in der B\u00e4ckerei. Weil man hier so sch\u00f6n naschen kann.\"<\/p>\n<p>Wuselkusen findet nur jedes zweite Jahr statt. Wie findest du das? \"Ich finde es schade, weil das doch so Spa\u00df macht, aber schlimm finde ich das nicht.\"<\/p>\n<p>\n<strong>Mein sch\u00f6nstes Erlebnis in Wuselkusen<\/strong><\/p>\n<p>Besonders toll war es, in der Schreinerei zu arbeiten. Hier haben wir das Spiel \"Wusel \u00e4rgere dich nicht\" aus Holz gebaut. Besonders aufregend war f\u00fcr mich dabei das Bohren. Das fertige Spiel haben wir dann verkauft, um viele Wusel zu verdienen. <\/p>\n<p>Max, 10 Jahre<\/p>\n<p>\n<strong>Tim gewinnt B\u00fcrgermeisterwahl<\/strong><\/p>\n<p>Mit einem klaren Vorsprung hat Tim die Wahl zum B\u00fcrgermeister von Wuselkusen gewonnen. Er lag mit 31 Stimmen weit vor seiner zuk\u00fcnftigen Vertreterin Merle, die immerhin 22 Stimmen bekam. Die anderen Bewerber landeten weit abgeschlagen von den beiden. Es wurden 92 Stimmen abgegeben, von denen eine ung\u00fcltig war.<\/p>\n<p>Die Stadtzeitung hat Fragen an den B\u00fcrgermeister Tim gestellt:<\/p>\n<p>Wie hast du die Nachricht aufgenommen, als du zum B\u00fcrgermeister gew\u00e4hlt wurdest? \"Ich war sehr, sehr, sehr, sehr gl\u00fccklich dar\u00fcber, dass mich die Mehrheit gew\u00e4hlt hat, und ich versuche, die W\u00fcnsche meiner B\u00fcrger zu erf\u00fcllen.\"<\/p>\n<p>Wie stellst du dir deine Aufgabe als B\u00fcrgermeister jetzt vor? \"Ich werde mit ,voller Kraft' versuchen, f\u00fcr die Menschen in meiner Stadt ein guter B\u00fcrgermeister zu sein.\"<\/p>\n<p>Was m\u00f6chtest du f\u00fcr die Kinder in deiner Stadt machen? \"Ich habe vor, die Preise f\u00fcr das Essen zu senken, weil ich mitbekommen habe, dass manche Kinder sich das Geld leihen m\u00fcssen. Sie haben es schon f\u00fcr die vielen tollen Produkte der Werkst\u00e4tten ausgegeben.\" <\/p>\n<p>Worin besteht denn dein Tag als B\u00fcrgermeister? Hast du schon etwas unternommen? \"Heute habe ich schon zwei Interviews gemacht und war schon im TV. <\/p>\n<p>Heute Abend werde ich noch zu einer Stadtratsversammlung gehen. Sonst gibt es eigentlich nichts besonderes.\"<\/p>\n<\/td>\n<\/tr>\n<\/tbody>\n<\/table>\n<\/div><div id=\"1643190701375\" style=\"\" class=\"accordions-head head1643190701375\" toogle-text=\"\" main-text=\"Der Volksfreund in Wuselkusen\" ><div class=\"accordion-icons left accordion-plus fa fa-chevron-up\"><\/div><div class=\"accordion-icons left accordion-minus fa fa-chevron-down\"><\/div><div id=\"1643190701375\"    class=\"accordions-head-title\">Der Volksfreund in Wuselkusen<\/div><\/div><div class=\"accordion-content content1643190701375\"><p>&nbsp;<\/p>\n<table border=\"0\" width=\"628\" cellspacing=\"0\" cellpadding=\"0\" align=\"center\">\n<tbody>\n<tr>\n<td align=\"left\" valign=\"top\"><strong>Der Volksfreund in Wuselkusen<\/strong><\/p>\n<p><span style=\"font-size: xx-small;\">Trierischer Volksfreund vom 08.07.2010<br \/>\n<\/span><\/p>\n<\/td>\n<\/tr>\n<tr>\n<td>&nbsp;<\/td>\n<\/tr>\n<tr>\n<td><img loading=\"lazy\" decoding=\"async\" src=\"https:\/\/wuselkusen.de\/wp-content\/uploads\/2022\/01\/TV_080710.jpg\" alt=\"\" width=\"628\" height=\"471\" \/><\/td>\n<\/tr>\n<tr>\n<td>&nbsp;<\/td>\n<\/tr>\n<tr>\n<td align=\"left\" valign=\"top\">Konz\/Wuselkusen. In der Spielstadt \"Wuselkusen\" in und am Haus der Jugend Konz sind derzeit rund 120 Kinder aktiv (der TV berichtete mehrfach). T\u00e4glich suchen sie sich eine neue Arbeit, zum Beispiel in der Redaktion und Druckerei der Stadtzeitung. Am gestrigen Mittwoch war der TV bei den \"Kollegen\" Jule, Niklas, Georg, Maxim, Lukas\u00a0(vorne von links), Betreuer Tarek,\u00a0\u00a0und Betreuer Andreas\u00a0(hinten von links) zu Besuch. (api)\/TV-Foto: Anke Pipke<\/td>\n<\/tr>\n<\/tbody>\n<\/table>\n<\/div><div id=\"1643190773837\" style=\"\" class=\"accordions-head head1643190773837\" toogle-text=\"\" main-text=\"Hurra, Wuselkusen ist da!\" ><div class=\"accordion-icons left accordion-plus fa fa-chevron-up\"><\/div><div class=\"accordion-icons left accordion-minus fa fa-chevron-down\"><\/div><div id=\"1643190773837\"    class=\"accordions-head-title\">Hurra, Wuselkusen ist da!<\/div><\/div><div class=\"accordion-content content1643190773837\"><table border=\"0\" width=\"628\" align=\"center\">\n<tbody>\n<tr>\n<td colspan=\"2\" align=\"left\" valign=\"top\"><strong>Hurra, Wuselkusen ist da!<\/strong><\/p>\n<p>Trierischer Volksfreund vom 06.07.2010 von der TV Redakteurin Anke Pipke<\/td>\n<\/tr>\n<tr>\n<td colspan=\"2\">\n<hr \/>\n<\/td>\n<\/tr>\n<tr>\n<td colspan=\"2\" align=\"left\" valign=\"top\"><strong>Anmelden, Arbeit suchen, Geld verdienen und ausgeben: Rund 120 Kinder erleben am Montag den ersten Tag der diesj\u00e4hrigen Wuselkusen-Aktionswoche vor dem Haus der Jugend in Konz.<\/strong><\/td>\n<\/tr>\n<tr>\n<td colspan=\"2\">\u00a0<\/td>\n<\/tr>\n<tr>\n<td align=\"left\" valign=\"top\">Konz. \"Tsch\u00fcss, Mama!\" Mit diesem Gru\u00df verabschieden viele Jungen und M\u00e4dchen am Montag ihre M\u00fctter. Es ist 10 Uhr in Wuselkusen, der Spielstadt, die vor dem Haus der Jugend aufgebaut ist. 120 Kinder sind dort die ganze Woche zu Gast, arbeiten in verschiedenen Gruppen und verdienen ihre \"Wusel\", also ihr Taschengeld, das sie innerhalb der Stadt ausgeben k\u00f6nnen. <\/p>\n<p>Den Startschuss zur Aktionswoche geben Dietmar Grundheber, Gesch\u00e4ftsf\u00fchrer des Konzer Jugend- netzwerks, und Stadtb\u00fcrgermeister Karl-Heinz Frieden.<\/td>\n<td align=\"right\" valign=\"top\"><img loading=\"lazy\" decoding=\"async\" src=\"https:\/\/wuselkusen.de\/wp-content\/uploads\/2022\/01\/TV_060710.jpg\" alt=\"\" width=\"225\" height=\"150\" \/>\u00a0<\/td>\n<\/tr>\n<tr>\n<td align=\"left\" valign=\"top\">Das Stadt-Oberhaupt hat die Schl\u00fcssel aus dem Rathaus mitgebracht. Sie h\u00e4ngen an einem gro\u00dfen, eisernen Ring, den ihm die Kinder schon fast aus der Hand rei\u00dfen. Noch<\/td>\n<td valign=\"top\">\n<p>Und dann die H\u00e4nde zum Himmel: <br \/>\nIn Wuselkusen herscht schon am <br \/>\nersten\u00a0 Tag Top Stimmung. <br \/>\nTV-Foto Friedemann Vetter<\/p>\n<\/td>\n<\/tr>\n<tr>\n<td colspan=\"2\" align=\"left\" valign=\"top\">schnell ein Tipp von einem, der es wissen muss: \"Gebt nicht mehr Geld aus, als ihr in der Tasche habt.\" Und schon geht's los.<\/p>\n<p><strong>Eisdiele und Beauty-Farm sind bei M\u00e4dels in<\/strong> <br \/>\n\u00a0<\/td>\n<\/tr>\n<tr>\n<td colspan=\"2\" align=\"left\" valign=\"top\">Damit auch was in den Geldbeutel kommt, muss gearbeitet werden. Wie im richtigen Leben stehen daher einige Kinder schon vor allen anderen bei der \"Agentur f\u00fcr Arbeit\" an. Sie wollen auf jeden Fall einen der begehrtesten Jobs haben. Die einhellige Meinung: Die Arbeiten in der Eisdiele, im Trickfilmstudio oder auf der Beauty-Farm sind die Renner. Und tats\u00e4chlich: Diese Stationen sind genauso wie die Schreinerei und das Kino die ersten Stationen, die voll belegt sind, berichtet Betreuerin Anna Schons. Mit ihren rund 35 Kollegen hat sie alle H\u00e4nde voll zu tun, f\u00fcr die Kinder und ihre Fragen da zu sein. <\/p>\n<p>Gegen Mittag sitzen die ersten jungen Arbeiter beim Essen. \"Wuselkusen ist super\", erz\u00e4hlt Tim Schwarz aus Konz-Roscheid. Das sei eine gute Idee, weil er dabei viel lerne. Auch Nora Gerards aus Tawern ist begeistert: \"Hier sehe ich, welche Jobs ich sp\u00e4ter machen will.\" Merle Weirich aus Konz-Roscheid freut sich nach der Station auf der Beauty-Farm auf eine Arbeit in der B\u00e4ckerei. Und der elfj\u00e4hrige Robert Kl\u00f6ppner aus K\u00f6nen bedauert, beim n\u00e4chsten Mal nicht mehr dabei sein zu k\u00f6nnen. Dann ist er 13 und zu alt f\u00fcr Wuselkusen.<\/td>\n<\/tr>\n<tr>\n<td colspan=\"2\">\u00a0<\/td>\n<\/tr>\n<tr>\n<td colspan=\"2\" align=\"left\" valign=\"top\"><strong>UMFRAGE <\/strong><\/td>\n<\/tr>\n<tr>\n<td colspan=\"2\">\u00a0<\/td>\n<\/tr>\n<tr>\n<td colspan=\"2\" align=\"left\" valign=\"top\"><strong>Marie Moersch,<\/strong> 9 Jahre, aus Konz: Ich bin das zweite Mal bei Wuselkusen dabei. Mir gef\u00e4llt es hier sehr gut. F\u00fcr alle ist etwas dabei. Auch f\u00fcr die Jungen. Die k\u00f6nnen bei der Fahrschule mitmachen.<\/td>\n<\/tr>\n<tr>\n<td colspan=\"2\">\u00a0<\/td>\n<\/tr>\n<tr>\n<td colspan=\"2\" align=\"left\" valign=\"top\"><strong>Mara-Zo\u00e9 Braun,<\/strong> 9 Jahre, aus Konz-Filzen: Im Hort wurde von der Aktion erz\u00e4hlt, und da habe ich gedacht, ich mache mal mit. Ich m\u00f6chte gerne in der Eisdiele arbeiten oder beim Kochen dabei sein.<\/td>\n<\/tr>\n<tr>\n<td colspan=\"2\">\u00a0<\/td>\n<\/tr>\n<tr>\n<td colspan=\"2\" align=\"left\" valign=\"top\"><strong>Leia Wallraff,<\/strong> 8 Jahre, aus Pellingen: Ich w\u00fcrde gerne \u00fcberall arbeiten. Ich bin da nicht so w\u00e4hlerisch. Und ich frage mich, warum denn immer nur die Erwachsenen arbeiten d\u00fcrfen.<\/td>\n<\/tr>\n<tr>\n<td colspan=\"2\">\u00a0<\/td>\n<\/tr>\n<tr>\n<td colspan=\"2\" align=\"left\" valign=\"top\"><strong>Grace Gunning,<\/strong> 9 Jahre, aus Wasserliesch: Am liebsten w\u00fcrde ich in der Eisdiele arbeiten. Da kann man so vieles tun: mal bedienen, mal Streusel aufs Eis tun. Es ist toll, wenn man die Chance hat zu arbeiten.<\/td>\n<\/tr>\n<tr>\n<td colspan=\"2\">\u00a0<\/td>\n<\/tr>\n<tr>\n<td colspan=\"2\" align=\"left\" valign=\"top\"><strong>Cara Holl,<\/strong> 9 Jahre, aus Konz: Ich bin zum zweiten Mal bei Wuselkusen dabei. Und als Erstes m\u00f6chte ich gerne auf der Beauty-Farm dabei sein. Da kommen so viele M\u00e4dchen vorbei.<\/td>\n<\/tr>\n<tr>\n<td colspan=\"2\">\u00a0<\/td>\n<\/tr>\n<tr>\n<td colspan=\"2\" align=\"left\" valign=\"top\"><strong>Tobias Greif,<\/strong> 11 Jahre, aus Wiltingen: Ich bin zum dritten Mal bei Wuselkusen. Schon das letzte Mal haben wir einen Trickfilm mit Schl\u00fcmpfen gemacht. Diesmal will ich wieder in der Gruppe sein.<\/td>\n<\/tr>\n<tr>\n<td colspan=\"2\">\u00a0<\/td>\n<\/tr>\n<tr>\n<td colspan=\"2\" align=\"left\" valign=\"middle\">(api)\/TV-Fotos(6): Anke Pipke<\/td>\n<\/tr>\n<\/tbody>\n<\/table>\n<\/div><div id=\"1643190839077\" style=\"\" class=\"accordions-head head1643190839077\" toogle-text=\"\" main-text=\"Wuselkusen \u00f6ffnet seine Tore\" ><div class=\"accordion-icons left accordion-plus fa fa-chevron-up\"><\/div><div class=\"accordion-icons left accordion-minus fa fa-chevron-down\"><\/div><div id=\"1643190839077\"    class=\"accordions-head-title\">Wuselkusen \u00f6ffnet seine Tore<\/div><\/div><div class=\"accordion-content content1643190839077\"><p>&nbsp;<\/p>\n<table border=\"0\" width=\"628\" cellspacing=\"0\" cellpadding=\"0\" align=\"center\">\n<tbody>\n<tr>\n<td colspan=\"2\" align=\"left\" valign=\"top\"><strong>Wuselkusen \u00f6ffnet seine Tore<\/p>\n<p><\/strong>Trierischer Volksfreund vom 04.07.2010\u00a0\u00a0<\/td>\n<\/tr>\n<tr>\n<td colspan=\"2\">\n<hr \/>\n<\/td>\n<\/tr>\n<tr>\n<td colspan=\"2\">\u00a0<\/td>\n<\/tr>\n<tr>\n<td colspan=\"2\" align=\"left\" valign=\"top\"><strong>Sie gehen arbeiten, erhalten daf\u00fcr eine Verg\u00fctung und m\u00fcssen damit in ihrer Freizeit haushalten: 120 Kinder lernen eine Woche lang in der Spielstadt Wuselkusen das Leben eines Erwachsenen kennen. Am Montag geht es beim Haus der Jugend in Konz los.<\/strong><\/td>\n<\/tr>\n<tr>\n<td colspan=\"2\">\u00a0<\/td>\n<\/tr>\n<tr>\n<td align=\"left\" valign=\"top\">Konz. (api) Das Leben von Mama und Papa kann manchmal anstrengend sein. Sie m\u00fcssen arbeiten gehen, Geld verdienen, sich mit Beh\u00f6rden auseinandersetzen und vieles mehr. Manchmal bleibt ein bisschen Zeit zum Entspannen. Genau in dieses Leben tauchen ab Montag, 5. Juli, rund 120 Jungen und M\u00e4dchen im Alter zwischen sieben und zw\u00f6lf Jahren. Sie leben in ihrer eigenen Stadt namens \"Wuselkusen\". Sie wurde vom und vor dem Haus der Jugend in Konz aufgebaut und beherbergt zahlreiche Arbeitsst\u00e4tten.<br \/>\n\u00a0<br \/>\nZun\u00e4chst erhalten die Kinder am Montag von B\u00fcrgermeister Karl-Heinz Frieden den Stadtschl\u00fcssel. Danach kann der Trubel beginnen. Bis Samstag, t\u00e4glich von 10 bis 17 Uhr, \"arbeiten\" die Kinder jeweils vier Stunden lang in den \"Betrieben\". Das kann zum Beispiel eine Schreinerei, eine Werkstatt f\u00fcr Instrumente oder eine Verlagsgruppe sein. In kleinen Arbeitsgruppen werkeln die Kinder an ihren Aufgaben. Es gibt eine Stunde Mittagspause, und ab 15.30 Uhr haben die Kleinen \"Feierabend\", die Freizeit kann beginnen. <\/p>\n<\/td>\n<td style=\"text-align: right;\">\u00a0<img loading=\"lazy\" decoding=\"async\" src=\"https:\/\/wuselkusen.de\/wp-content\/uploads\/2022\/01\/TV_050710.jpg\" alt=\"\" width=\"263\" height=\"351\" \/><\/td>\n<\/tr>\n<tr>\n<td align=\"left\" valign=\"top\">Am Donnerstag wird der B\u00fcrgermeister von Wuselkusen gew\u00e4hlt, einen Tag zuvor beginnt daf\u00fcr schon der Wahlkampf.<\/p>\n<p>Abgeschlossen wird die Aktionswoche am Samstag mit einem\u00a0Stadtfest, zu dem Eltern und Freunde der Kinder eingeladen sind.<\/td>\n<td style=\"text-align: right;\" valign=\"top\">\n<p>\u00a0<span style=\"font-size: xx-small;\">Sch\u00f6n, wenn Arbeiten Spa\u00df macht: In den Vorjahren der Spielstadt Wuselkusen<br \/>\nhat eine Arbeitsgruppe get\u00f6pfert. TV-Foto: Archiv\/Katharina Hammermann<\/span><\/p>\n<\/td>\n<\/tr>\n<tr>\n<td colspan=\"2\" align=\"left\" valign=\"top\">\n<p>Dann erh\u00e4lt auch Stadtb\u00fcrgermeister Frieden den Schl\u00fcssel zur\u00fcck.<\/p>\n<p>Der p\u00e4dagogische Hintergrund der Aktion liegt auf der Hand: In der Spielstadt k\u00f6nnen sich die Kinder mit dem sie umgebenden Alltag auseinandersetzen. \"Das Zauberwort dabei hei\u00dft spielerisch\", sagt Dietmar Grundheber, Gesch\u00e4ftsf\u00fchrer des Jugendnetzwerks Konz. Es gehe darum, das schulische Wissen praktisch zu erproben, die Arbeitswelt kennenzulernen, die gesellschaftlichen Prozesse wahrzunehmen und zu gestalten.<\/p>\n<p>Die Wuselkusen-Idee kommt bei den Konzern gut an. \"Wir waren innerhalb einer halben Stunde ausgebucht\", erinnert sich Grundheber an den Anmeldetag im Februar.<\/p>\n<p>Weitere Informationen unter <a href=\"https:\/\/wuselkusen.de\/\" target=\"_blank\" rel=\"noopener\">www.wuselkusen.de<\/a><\/p>\n<\/td>\n<\/tr>\n<\/tbody>\n<\/table>\n<\/div><\/div><\/p>\n<\/div><div id=\"1642770863164\" style=\"\" class=\"accordions-head head1642770863164\" toogle-text=\"\" main-text=\"Presse 2008\" ><div class=\"accordion-icons left accordion-plus fa fa-chevron-up\"><\/div><div class=\"accordion-icons left accordion-minus fa fa-chevron-down\"><\/div><div id=\"1642770863164\"    class=\"accordions-head-title\">Presse 2008<\/div><\/div><div class=\"accordion-content content1642770863164\"><p>\r\n\t\t\t\r\n\t\t\t\r\n\t\t\t\r\n\t\t\t<script>jQuery(document).ready(function($){$(\"#accordions-435.accordions\").accordion({event: \"click\",collapsible: true,heightStyle: \"content\",animate: (\"linear\", 1000),navigation: true,active: 0,changestart: function(event, ui) {\r\n\t\t\t\t\t\t\t\tchild.accordion(\"activate\", false); \r\n\t\t\t\t\t\t\t}\r\n\t\t\t\t\t\t});\r\n\t\t\t\t\t\tvar child = $(\".child-accordion\").accordion({\r\n\t\t\t\t\t\t\tactive:true,heightStyle: \"content\",\r\n\t\t\t\t\t\t\tcollapsible: true,\r\n\t\t\t\t\t\t\tanimated: \"swing\",\r\n\t\t\t\t\t\t});\r\n\t\t\t\t\t})<\/script><style type='text\/css'>\r\n\t\t#accordions-435{display: none;}\r\n\t#accordions-435{\r\n\t\t\ttext-align: left;}\r\n\t#accordions-435{\r\n\t\t\tbackground: url() repeat scroll 0 0;\r\n\t\t\tpadding: 0;\r\n\t\t\t}\r\n\t#accordions-435 .accordions-head{\r\n\t\t\r\n\t\tbackground:rgba(112,176,255,1) none repeat scroll 0 0;\r\n\t\tmargin:1px;\r\n\t\tpadding:10px;\t\t\t\r\n\t\t}\t\t\r\n\t\r\n\t#accordions-435 .accordions-head-title{\r\n\t\tcolor:#ffffff;\r\n\t\tfont-size:14px;\r\n\t\t}\r\n\t\r\n\t#accordions-435 .accordions-head-title-toogle{\r\n\t\tcolor:#ffffff;\r\n\t\tfont-size:14px;\r\n\t\t}\t\r\n\t\r\n\t\r\n\t#accordions-435 .accordions-head:hover .accordions-head-title{\r\n\t\tcolor:#000;\r\n\t\t}\t\t\r\n\t\r\n\t\r\n\t#accordions-435 .ui-accordion-header-active{\r\n\t\tbackground: #4b8fe3;\r\n\t\r\n\t\t}\r\n\t#accordions-435 .accordion-content{\r\n\t\t\tbackground:rgba(255,255,255,1) none repeat scroll 0 0;\r\n\t\t\tcolor:#333333;\r\n\t\t\tfont-size:13px;\r\n\t\t\tmargin:0;\r\n\t\t\tpadding:10px;\r\n\t\t\t}\r\n\t\t\t\r\n\t\r\n\t#accordions-435 .accordion-icons{\r\n\t\t\tcolor:#565656;\r\n\t\t\tfont-size:16px;\t\t\t\t\r\n\t\t\t}\r\n\t\t\t\r\n\t#accordions-435 .accordions-head:hover .accordion-icons{\r\n\t\t\tcolor:#999;\t\t\t\r\n\t\t\t}\t\t\t\t\r\n\t\t\t\r\n\t\t\t<\/style><style type=\"text\/css\">#accordions-435{}\r\n#accordions-435 .accordions-head{}\r\n#accordions-435 .accordion-content{}<\/style><p id=\"accordions-lazy-435\" class=\"accordions-lazy\"><img decoding=\"async\" src=\"https:\/\/wuselkusen.de\/wp-content\/plugins\/accordions\/assets\/frontend\/gif\/ajax-loader-1.gif\" \/><\/p><script>\r\n\t\t\tjQuery( window ).load(function() {\r\n\t\t\tjQuery('#accordions-lazy-435').fadeOut();\r\n\t\t\tjQuery('#accordions-435').fadeIn();\r\n\t\t\t});<\/script><div id=\"accordions-435\" class=\"accordions accordions-themes flat accordions-435\"><div id=\"0\" style=\"\" class=\"accordions-head head0\" toogle-text=\"\" main-text=\"Wir sind Wuselkusen\" ><div class=\"accordion-icons left accordion-plus fa fa-chevron-up\"><\/div><div class=\"accordion-icons left accordion-minus fa fa-chevron-down\"><\/div><div id=\"0\"    class=\"accordions-head-title\">Wir sind Wuselkusen<\/div><\/div><div class=\"accordion-content content0\"><table border=\"0\">\n<tbody>\n<tr>\n<td colspan=\"2\" valign=\"top\">\n<div><strong>\"Wir sind Wuselkusen\"<\/strong><\/div>\n<div>\u00a0<\/div>\n<div>Trierischer Volksfreund vom 04.08.08<\/div>\n<div>\u00a0<\/div>\n<div>Von unserer Mitarbeiterin Anke Scholz<\/div>\n<\/td>\n<\/tr>\n<tr>\n<td colspan=\"2\" valign=\"top\">\n<hr \/>\n<\/td>\n<\/tr>\n<tr>\n<td colspan=\"2\" align=\"left\" valign=\"top\">\n<div><strong>Eine Woche lang haben 90 Kinder im Haus der Jugend Konz das Abenteuer Alltag ausprobiert. Wie Erwachsene haben sie in der Spielstadt \"Wuselkusen\" gearbeitet und ihr eigenes Geld verdient. Beim Stadtfest am vergangenen Samstag konnten Eltern, Geschwister und Gro\u00dfeltern das Leben in der Miniaturstadt kennen lernen.<\/strong><\/div>\n<div>\u00a0<\/div>\n<\/td>\n<\/tr>\n<tr>\n<td valign=\"top\">Konz. Frauen haben in der Politik immer \u00f6fter Machtpositionen inne. Auch in der Spielstadt Wuselkusen konnte eine B\u00fcrgerin das oberste Amt der Stadt f\u00fcr sich beanspruchen. Seit vergangenem Donnerstag darf sich die zehnj\u00e4hrige Hannah Busert offiziell B\u00fcrgermeisterin der Kinderstadt nennen. Als erste Amtshandlung hat sie die Stra\u00dfen der Stadt mit Namen versehen. \"Es macht wirklich viel Spa\u00df hier. Man kann das Gleiche machen wie die Erwachsenen\", sagt Hanna, die den<\/td>\n<td align=\"right\" valign=\"top\"><img loading=\"lazy\" decoding=\"async\" src=\"https:\/\/wuselkusen.de\/wp-content\/uploads\/2022\/01\/TV040808_1.jpg\" alt=\"\" width=\"175\" height=\"106\" \/>\u00a0<\/td>\n<\/tr>\n<tr>\n<td align=\"left\" valign=\"top\">\n<div>Arbeitsalltag auf Zeit genossen hat.<\/div>\n<div>\u00a0<\/div>\n<div>In den letzten sechs Tagen haben die 90 Jungen und M\u00e4dchen zwischen sieben und zw\u00f6lf Jahren in der Spielstadt Wuselkusen<\/div>\n<\/td>\n<td valign=\"top\">\n<div>Mit selbst gebackenem Kuchen<\/div>\n<div>konnten die Bewohner von Wuselkusen die Stadtfest-<\/div>\n<div>besucher \u00fcberzeugen.<\/div>\n<div>TV-Foto: Anke Scholz<\/div>\n<\/td>\n<\/tr>\n<tr>\n<td colspan=\"2\" valign=\"top\">\n<div>das Leben\u00a0der Erwachsenen kennen gelernt. Mit t\u00e4glich vier Stunden Arbeit in den spielstadteigenen Betrieben und Einrichtungen haben sie ihr Geld verdient. Das Mittagessen, Freizeitaktivit\u00e4ten und das Eis zwischendurch bezahlen sie mit dem \"Wusel\", der W\u00e4hrung von Wuselkusen. Um ihren Familien zu zeigen, wie der Alltag in der Spielstadt aussieht, haben die kleinen Stadtbewohner am vergangenen Samstag zum \"Wuselkusener Stadtfest\" eingeladen. Bei Rundg\u00e4ngen durch den 1000 Quadratmeter gro\u00dfen Ort konnten Eltern und Geschwister einen Blick in Kuscheltierklinik, Stadtverwaltung oder B\u00e4ckerei werfen. Auf der B\u00fchne stellten sich die besten S\u00e4nger und Models von Wuselkusen unter Beweis.<\/div>\n<div>\u00a0<\/div>\n<div>Wer eigenen Lohn verdient, der muss sich sein Geld auch gut einteilen k\u00f6nnen. Christine Oberbillig aus Konz ist das gelungen. \"Ich hab nicht so viel ausgegeben und viel gespart\", erz\u00e4hlt die Elfj\u00e4hrige. Stolze 68 Wusel konnte sie auf die hohe Kante legen. \"Mit den Euros klappt das leider meistens nicht so gut\", gibt sie zu.<\/div>\n<div>\u00a0<\/div>\n<div>Der Alltag in Wuselkusen hat den Kindern gezeigt, wie die Welt der Erwachsenen organisiert ist und funktioniert. F\u00fcr Mutter Stefanie Weber hat sich das Konzept des Spielprojektes bew\u00e4hrt. \"Die Kinder wissen jetzt, wo das Geld herkommt\", meint die Konzerin.<\/div>\n<div>\u00a0<\/div>\n<\/td>\n<\/tr>\n<tr>\n<td valign=\"top\">\n<div>Um den reibungslosen Ablauf der Spielaktion Wuselkusen zu organisieren, waren jeden Tag 32 Helfer und Betreuer im Einsatz. Die vierte Auflage der Spielstadt war erneut ein voller Erfolg, meint Dietmar Grundheber, p\u00e4dagogischer Leiter des Haus der Jugend Konz. Sechs Tage harter Arbeit liegen hinter ihm und seinen Kollegen. \"Aber wenn man in die gl\u00fccklichen Gesichter der Kinder blickt, ist das Belohnung genug.\"<\/div>\n<div>\u00a0<\/div>\n<\/td>\n<td valign=\"top\"><img loading=\"lazy\" decoding=\"async\" src=\"https:\/\/wuselkusen.de\/wp-content\/uploads\/2022\/01\/TV040808_2.jpg\" alt=\"\" width=\"175\" height=\"121\" \/><\/td>\n<\/tr>\n<tr>\n<td valign=\"top\">\n<div>Ihren Posten als B\u00fcrgermeisterin von Wuselkusen hat Hannah Busert genossen. Ob sie sp\u00e4ter als Erwachsene einmal eine \"richtige\" Stadt organisieren m\u00f6chte, ist sich die Zehnj\u00e4hrige noch nicht sicher. \"Nur wenn das nicht stressiger ist als in Wuselkusen\", schmunzelt sie. Zun\u00e4chst einmal plant sie, bei der n\u00e4chsten Spielstadt in zwei Jahren wieder dabei zu sein.<\/div>\n<div>\u00a0<\/div>\n<\/td>\n<td valign=\"top\">\n<div>Im Kerzenatelier: Betreuerin<\/div>\n<div>Andrea Burg (Mitte) zeigt<\/div>\n<div>Fabian Schafhausen und<\/div>\n<div>Laura Hoffmann (v. l.),<\/div>\n<div>wie aus Pappformen und<\/div>\n<div>hei\u00dfem Wachs Kerzen<\/div>\n<div>entstehen.<\/div>\n<div>\u00a0<\/div>\n<div>TV-Foto: Anke Scholz.<\/div>\n<\/td>\n<\/tr>\n<\/tbody>\n<\/table>\n<\/div><div id=\"1643192276784\" style=\"\" class=\"accordions-head head1643192276784\" toogle-text=\"\" main-text=\"Viel los in Wuselkusen\" ><div class=\"accordion-icons left accordion-plus fa fa-chevron-up\"><\/div><div class=\"accordion-icons left accordion-minus fa fa-chevron-down\"><\/div><div id=\"1643192276784\"    class=\"accordions-head-title\">Viel los in Wuselkusen<\/div><\/div><div class=\"accordion-content content1643192276784\"><p>&nbsp;<\/p>\n<table border=\"0\">\n<tbody>\n<tr>\n<td style=\"background-image: url('none'); padding-left: 15px; background-attachment: scroll; background-repeat: repeat; background-position: 0% 0%; padding-top: 15px;\" colspan=\"2\" align=\"left\" valign=\"top\">\n<div><strong>Viel los in Wuselkusen<\/strong><\/div>\n<div>\u00a0<\/div>\n<div style=\"text-align: left;\"><span style=\"font-size: xx-small;\">Trierischer Volksfreund vom 29.07.2008<\/span><\/div>\n<div>\u00a0<\/div>\n<\/td>\n<\/tr>\n<tr>\n<td colspan=\"2\">\n<hr \/>\n<\/td>\n<\/tr>\n<tr>\n<td style=\"background-image: url('none'); padding-left: 15px; background-attachment: scroll; background-repeat: repeat; background-position: 0% 0%;\" colspan=\"2\" align=\"left\" valign=\"top\">\n<div><strong>Arbeiten, Geld verdienen und Beh\u00f6rdeng\u00e4nge: In der Spielstadt \"Wuselkusen\" lernen 90 Kinder sechs Tage lang, wie das Leben der Erwachsenen funktioniert. Spielerisch erproben sich die kleinen Stadtbewohner im Haus der Jugend Konz als Schreiner, G\u00e4rtner oder K\u00fcnstler.<\/strong><\/div>\n<div>\u00a0<\/div>\n<\/td>\n<\/tr>\n<tr>\n<td style=\"background-image: url('none'); padding-left: 15px; background-attachment: scroll; background-repeat: repeat; background-position: 0% 0%; vertical-align: top;\" align=\"left\" valign=\"top\">\n<p>Konz. (as) Vor dem Einwohnermeldeamt herrscht gro\u00dfer Andrang. Alle neuen Stadtbewohner von Wuselkusen m\u00fcssen sich zuerst anmelden und einen Ausweis beantragen. Und das dauert. Schlie\u00dflich sind 90 Kinder zwischen sieben und zw\u00f6lf Jahren f\u00fcr die Spielstadt \"Wuselkusen\" im Haus der Jugend (HDJ) Konz gemeldet. Zum vierten Mal \u00f6ffnet die einw\u00f6chige Kinderstadt f\u00fcr eine Woche ihre Pforten. Auf mehr als 1000 Quadratmetern haben sich rund um<\/p>\n<\/td>\n<td style=\"background-image: url('none'); text-align: right; background-attachment: scroll; background-repeat: repeat; background-position: 0% 0%; vertical-align: top;\" valign=\"top\"><img loading=\"lazy\" decoding=\"async\" src=\"https:\/\/wuselkusen.de\/wp-content\/uploads\/2022\/01\/TV290708.jpg\" alt=\"\" width=\"220\" height=\"123\" border=\"0\" \/><\/td>\n<\/tr>\n<tr>\n<td style=\"background-image: url('none'); padding-left: 15px; background-attachment: scroll; background-repeat: repeat; background-position: 0% 0%;\" align=\"left\" valign=\"top\">\n<p>das HDJ die Betriebe und Einrichtungen der Spielstadt niedergelassen. Den Startschuss f\u00fcr das Spielereignis gaben am Montag Noch-B\u00fcrgermeister Winfried Manns und sein Nachfolger Karl-Heinz Frieden bei der Schl\u00fcssel\u00fcbergabe an die kleinen Einwohner von Wuselkusen.<\/p>\n<\/td>\n<td style=\"background-image: url('none'); text-align: right; background-attachment: scroll; background-repeat: repeat; background-position: 0% 0%; vertical-align: top;\" align=\"right\" valign=\"top\">\n<div><span style=\"font-size: xx-small;\">Schl\u00fcssel\u00fcbergabe <\/span><\/div>\n<div><span style=\"font-size: xx-small;\">in Wuselkusen: B\u00fcrgermeister <\/span><\/div>\n<div><span style=\"font-size: xx-small;\">Winfried Manns (links)\u00a0und zu-<\/span><\/div>\n<div><span style=\"font-size: xx-small;\">k\u00fcnftiger B\u00fcrgermeister Karl-Heinz <\/span><\/div>\n<div><span style=\"font-size: xx-small;\">Frieden (rechts) er\u00f6ffnen mit der siebenj\u00e4hrigen Anna Rosa Huber <\/span><\/div>\n<div><span style=\"font-size: xx-small;\">(mit Schl\u00fcsselbund) die Spielstadt. <\/span><\/div>\n<div><span style=\"font-size: xx-small;\">TV-Foto: Anke Scholz<\/span><\/div>\n<div>\u00a0<\/div>\n<\/td>\n<\/tr>\n<tr>\n<td style=\"background-image: url('none'); padding-bottom: 15px; padding-left: 15px; background-attachment: scroll; background-repeat: repeat; background-position: 0% 0%; word-spacing: 0px;\" colspan=\"2\" align=\"left\" valign=\"top\">\n<div>\"Wie der Alltag funktioniert, lernt man nicht nur in der Schule, sondern vor allem im Leben\", erkl\u00e4rt Dietmar Grundheber, p\u00e4dagogischer Leiter des HDJ. Spielerisch lernen die Kinder in Wuselkusen deshalb das Leben der Erwachsenen kennen und testen es selber aus. Sie m\u00fcssen Beh\u00f6rdeng\u00e4nge zum Arbeits- oder B\u00fcrgeramt erledigen und f\u00fcr das eigene Geld im Portemonnaie arbeiten. Vier Arbeitsstunden pro Tag verbringen die Kinder in einem Wuselkusener Betrieb ihrer Wahl und erhalten daf\u00fcr einen Lohn. Mit der eigenen W\u00e4hrung der Spielstadt, dem \"Wusel\", k\u00f6nnen sie die Restaurant-Rechnung bezahlen oder einkaufen gehen.<\/div>\n<div>\u00a0<\/div>\n<div>Elena Sch\u00e4fer aus Konz hat schon mehrmals als Einwohnerin in \"Wuselkusen\" gelebt. \"Ich freue mich besonders darauf, im Arbeitsamt und auf der Bank zu arbeiten\", erz\u00e4hlt die Zw\u00f6lfj\u00e4hrige. Auf diese Weise will sie in das Arbeitsleben hineinschnuppern und vielleicht sogar ihren Berufswunsch finden.<\/div>\n<div>\u00a0<\/div>\n<div>Auswahl gibt es daf\u00fcr in Wuselkusen reichlich: B\u00e4ckerei, Musikwerkstatt, Fahrschule, Schreinerei oder Kuscheltierklinik suchen jeden Tag aufs Neue Personal.<\/div>\n<div>\u00a0<\/div>\n<div>In der Warteschlange vor der Wuselkusener Bank stehen Mariana Bettendorf (9) und Leon Rohlus (10). Nach der Anmeldung auf dem B\u00fcrgeramt wollen die beiden endlich ihr erstes Geld, ganze 25 \"Wusel\" pro Einwohner, entgegennehmen. Sie freuen sich schon auf die n\u00e4chsten sechs Tage in der Spielstadt. \"Man muss hier arbeiten wie Erwachsene\", sagt Mariana strahlend, und Leon erg\u00e4nzt: \"Aber mit dem Unterschied, dass man hier anderes Geld verdient.\"<\/div>\n<div>\u00a0<\/div>\n<div>Ein gro\u00dfes Stadtfest findet am Samstag, 2. August, ab 15 Uhr in Wuselkusen statt. Am Ende der Feier gibt der inzwischen gew\u00e4hlte Wuselkusen-B\u00fcrgermeister den Stadtschl\u00fcssel wieder an den Konzer Stadt-Chef ab.<\/div>\n<\/td>\n<\/tr>\n<\/tbody>\n<\/table>\n<\/div><\/div><\/p>\n<\/div><div id=\"1642770905008\" style=\"\" class=\"accordions-head head1642770905008\" toogle-text=\"\" main-text=\"Presse 2006\" ><div class=\"accordion-icons left accordion-plus fa fa-chevron-up\"><\/div><div class=\"accordion-icons left accordion-minus fa fa-chevron-down\"><\/div><div id=\"1642770905008\"    class=\"accordions-head-title\">Presse 2006<\/div><\/div><div class=\"accordion-content content1642770905008\"><p>\r\n\t\t\t\r\n\t\t\t\r\n\t\t\t\r\n\t\t\t<script>jQuery(document).ready(function($){$(\"#accordions-439.accordions\").accordion({event: \"click\",collapsible: true,heightStyle: \"content\",animate: (\"linear\", 1000),navigation: true,active: 0,changestart: function(event, ui) {\r\n\t\t\t\t\t\t\t\tchild.accordion(\"activate\", false); \r\n\t\t\t\t\t\t\t}\r\n\t\t\t\t\t\t});\r\n\t\t\t\t\t\tvar child = $(\".child-accordion\").accordion({\r\n\t\t\t\t\t\t\tactive:true,heightStyle: \"content\",\r\n\t\t\t\t\t\t\tcollapsible: true,\r\n\t\t\t\t\t\t\tanimated: \"swing\",\r\n\t\t\t\t\t\t});\r\n\t\t\t\t\t})<\/script><style type='text\/css'>\r\n\t\t#accordions-439{display: none;}\r\n\t#accordions-439{\r\n\t\t\ttext-align: left;}\r\n\t#accordions-439{\r\n\t\t\tbackground: url() repeat scroll 0 0;\r\n\t\t\tpadding: 0;\r\n\t\t\t}\r\n\t#accordions-439 .accordions-head{\r\n\t\t\r\n\t\tbackground:rgba(112,176,255,1) none repeat scroll 0 0;\r\n\t\tmargin:1px;\r\n\t\tpadding:10px;\t\t\t\r\n\t\t}\t\t\r\n\t\r\n\t#accordions-439 .accordions-head-title{\r\n\t\tcolor:#ffffff;\r\n\t\tfont-size:14px;\r\n\t\t}\r\n\t\r\n\t#accordions-439 .accordions-head-title-toogle{\r\n\t\tcolor:#ffffff;\r\n\t\tfont-size:14px;\r\n\t\t}\t\r\n\t\r\n\t\r\n\t#accordions-439 .accordions-head:hover .accordions-head-title{\r\n\t\tcolor:#000;\r\n\t\t}\t\t\r\n\t\r\n\t\r\n\t#accordions-439 .ui-accordion-header-active{\r\n\t\tbackground: #4b8fe3;\r\n\t\r\n\t\t}\r\n\t#accordions-439 .accordion-content{\r\n\t\t\tbackground:rgba(255,255,255,1) none repeat scroll 0 0;\r\n\t\t\tcolor:#333333;\r\n\t\t\tfont-size:13px;\r\n\t\t\tmargin:0;\r\n\t\t\tpadding:10px;\r\n\t\t\t}\r\n\t\t\t\r\n\t\r\n\t#accordions-439 .accordion-icons{\r\n\t\t\tcolor:#565656;\r\n\t\t\tfont-size:16px;\t\t\t\t\r\n\t\t\t}\r\n\t\t\t\r\n\t#accordions-439 .accordions-head:hover .accordion-icons{\r\n\t\t\tcolor:#999;\t\t\t\r\n\t\t\t}\t\t\t\t\r\n\t\t\t\r\n\t\t\t<\/style><style type=\"text\/css\">#accordions-439{}\r\n#accordions-439 .accordions-head{}\r\n#accordions-439 .accordion-content{}<\/style><p id=\"accordions-lazy-439\" class=\"accordions-lazy\"><img decoding=\"async\" src=\"https:\/\/wuselkusen.de\/wp-content\/plugins\/accordions\/assets\/frontend\/gif\/ajax-loader-1.gif\" \/><\/p><script>\r\n\t\t\tjQuery( window ).load(function() {\r\n\t\t\tjQuery('#accordions-lazy-439').fadeOut();\r\n\t\t\tjQuery('#accordions-439').fadeIn();\r\n\t\t\t});<\/script><div id=\"accordions-439\" class=\"accordions accordions-themes flat accordions-439\"><div id=\"0\" style=\"\" class=\"accordions-head head0\" toogle-text=\"\" main-text=\"Vom Leben lernen in Wuselkusen\" ><div class=\"accordion-icons left accordion-plus fa fa-chevron-up\"><\/div><div class=\"accordion-icons left accordion-minus fa fa-chevron-down\"><\/div><div id=\"0\"    class=\"accordions-head-title\">Vom Leben lernen in Wuselkusen<\/div><\/div><div class=\"accordion-content content0\"><table border=\"0\">\n<tbody>\n<tr>\n<td colspan=\"2\" valign=\"top\">\n<div><strong>Vom Leben lernen in Wuselkusen<\/strong><\/div>\n<div>\u00a0<\/div>\n<div>Trierische Volksfreund vom 28.07.2006 - Von unserem Redaktionsmitglied KATHARINA HAMMERMANN<\/div>\n<div>\u00a0<\/div>\n<\/td>\n<\/tr>\n<tr>\n<td colspan=\"2\">\n<hr \/>\n<\/td>\n<\/tr>\n<tr>\n<td colspan=\"2\" valign=\"top\">\n<div><strong>Kinderstadt im Haus der Jugend Konz \u2013 80 Kinder proben eine Woche lang das Erwachsensein <\/strong><\/div>\n<div><strong>\u00a0<\/strong><\/div>\n<div><strong>KONZ\/Wuselkusen. Abenteuer Alltag: In Konz haben 80 Kinder eine Woche lang in der Spielstadt Wuselkusen gelebt \u2013 einer Miniaturstadt, deren Alltag ihnen spielerisch vermittelt, wie das Leben der Erwachsenen funktioniert.<\/strong><\/div>\n<\/td>\n<\/tr>\n<tr>\n<td colspan=\"2\">\u00a0<\/td>\n<\/tr>\n<tr>\n<td valign=\"top\">\n<div>\"Man muss fr\u00fch da sein, um einen guten Job zu bekommen\", sagt der elfj\u00e4hrige Jakob Rendenbach. Auch dass die Schlange bei der Wuselkusener Agentur f\u00fcr Arbeit lang sein kann, gef\u00e4llt ihm nicht so gut. Das war's aber auch schon \u2013 sonst findet er Wuselkusen prima.<\/div>\n<div>\u00a0<\/div>\n<div>Wuselkusen ist eine Kinderstadt. Sie entsteht alle zwei Jahre f\u00fcr eine Woche im Haus der Jugend in Konz \u2013 in zwei H\u00e4usern, verteilt \u00fcber mehrere Etagen, in vielen Zimmern und bunten Zelten. Und Wuselkusen ist viel mehr als die Summe seiner Teile \u2013 viel mehr als eine Anh\u00e4ufung verschiedener Werkst\u00e4tten, K\u00fcchen oder Spielm\u00f6glichkeiten.<\/p>\n<div><strong>Wuselkusen hat alles, was eine Stadt braucht Wuselkusen ist eine eigene kleine Welt.<\/strong><\/div>\n<div>\u00a0<\/div>\n<div>Sie gehorcht \u00e4hnlichen Gesetzen wie die Welt drau\u00dfen, die Welt der Erwachsenen: Wer sich etwas kaufen will, muss Geld verdienen.<\/div>\n<\/div>\n<\/td>\n<td valign=\"top\"><img loading=\"lazy\" decoding=\"async\" src=\"https:\/\/wuselkusen.de\/wp-content\/uploads\/2022\/01\/TV270706.jpg\" alt=\"\" width=\"150\" height=\"200\" \/><\/td>\n<\/tr>\n<tr>\n<td colspan=\"2\" valign=\"top\">\n<div>\u00a0<\/div>\n<div>Wer Geld verdienen will, muss arbeiten. Wer arbeiten will, muss beim B\u00fcrgeramt gemeldet sein und sich beim Arbeitsamt vorstellen.<\/div>\n<div>\u00a0<\/div>\n<div>Wie sich das f\u00fcr eine richtige Stadt geh\u00f6rt, gibt es in Wuselkusen Rathaus, Post, Bank, Supermarkt, ein eigenes Radio- und Fernsehprogramm, Restaurant, Eisdiele, viele Betriebe und Werkst\u00e4tten, einen Fris\u00f6r und zahlreiche Freizeitangebote.<\/div>\n<div>\u00a0<\/div>\n<div>Wie rund 80 andere Kinder im Alter von sieben bis 13 Jahren hat Jakob Rendenbach in der vergangenen Woche verschiedene Berufe ausprobiert, seine ersten eigenst\u00e4ndigen Beh\u00f6rdeng\u00e4nge erledigt, Steuern gezahlt, gew\u00e4hlt und sein Essen mit dem ersten selbst verdienten Geld bezahlt.<\/div>\n<div>\u00a0<\/div>\n<div><strong>Vom Eismann zum Journalisten<\/strong><\/div>\n<div>\u00a0<\/div>\n<div>Es wuselt in jedem Zimmer, in K\u00fcchen, in Zelten und sogar im Keller. Aus den Lautsprechern t\u00f6nt laute Musik: Radio Wuselkusen sendet \"54, 74, 90, 2010\". Am Mikrofon sitzt neben Vanessa Clemens Luca Pause. Er mag am liebsten Fu\u00dfballmusik. In der ersten Etage wird gerade die aktuelle Wuseler Stadtzeitung produziert. Die Reporter waren vormittags im st\u00e4dtischen Trickfilmstudio und haben sich erkl\u00e4ren lassen, wie mit Hilfe einer in der \"trickbox\" angebrachten Kamera ein Trickfilm gemacht wird.<\/div>\n<div>\u00a0<\/div>\n<div>Weiterhin wird berichtet, dass wieder einige Kinder bei tropischen Temperaturen ihren F\u00fchrerschein gemacht haben. Hinter jeder T\u00fcre sind Kinder in Aktion: Sie s\u00e4gen, t\u00f6pfern, n\u00e4hen, stellen Eis her, backen oder produzieren Schmuck.<\/div>\n<div>\u00a0<\/div>\n<div>Die Wuselkusener W\u00e4hrung ist der Wusel. Jeder Stadtbewohner \u2013 egal ob Schreiner, B\u00e4cker, Bankangestellter, Radiosprecher oder G\u00e4rtner \u2013 verdient acht Wusel in der Stunde. Das Geld brauchen sie unter anderem, um die in ihrem Beruf ben\u00f6tigten Rohstoffe oder Hilfsmittel einzukaufen: Mehl, Leder, Perlen, Papier. All dies k\u00f6nnen sie im Wuselkusener Supermarkt erstehen. Dort werden auch ihre Produkte angeboten.<\/div>\n<div>\u00a0<\/div>\n<div>\"Hier kann man richtig gut Berufe ausprobieren\", sagt Jakob Rendenbach strahlend. Er ist gerade voller Eifer dabei, einen kleinen Comic f\u00fcr die Zeitung zu zeichnen. \"So was wie H\u00e4gar\", sagt er. Bevor er Journalist wurde, hat er nach eigenen Rezepten Eis hergestellt, und wie es f\u00fcr ihn beruflich weitergeht, werde sich am kommenden Morgen im Arbeitsamt entscheiden.<\/div>\n<div>\u00a0<\/div>\n<div>Nach vier Stunden Arbeit beginnt f\u00fcr einen gro\u00dfen Teil der Kinder die Freizeit. Dann k\u00f6nnen sie sich im Freizeitpark auf der langen Rollenrutsche, der H\u00fcpfburg, dem Trampolin oder mit Dosenwerfen vergn\u00fcgen. Nat\u00fcrlich nur diejenigen, die nicht in der Freizeitbranche arbeiten. Wer will, kann sein Geld auch bei \"Toy Story\" im Kino auf den Kopf hauen.<\/div>\n<div>\u00a0<\/div>\n<div>Spielerisch vermittele Wuselkusen den Kindern, wie das Leben funktioniert, sagt Dietmar Grundheber, Leiter des Hauses der Jugend in Konz. \"Sie lernen, Verantwortung zu \u00fcbernehmen, im Team zu arbeiten und Entscheidungen zu treffen.\"<\/div>\n<div>\u00a0<\/div>\n<div>Am heutigen Samstag feiert die bunte Kleinstadt Wuselkusen ihr Abschlussfest. Erst in zwei Jahren wird sie wieder ihre Pforten \u00f6ffnen, um Konzer Kindern das Abenteuer Alltag zu erm\u00f6glichen.<\/div>\n<\/td>\n<\/tr>\n<\/tbody>\n<\/table>\n<\/div><\/div><\/p>\n<\/div><div id=\"1642770952222\" style=\"\" class=\"accordions-head head1642770952222\" toogle-text=\"\" main-text=\"Presse 2004\" ><div class=\"accordion-icons left accordion-plus fa fa-chevron-up\"><\/div><div class=\"accordion-icons left accordion-minus fa fa-chevron-down\"><\/div><div id=\"1642770952222\"    class=\"accordions-head-title\">Presse 2004<\/div><\/div><div class=\"accordion-content content1642770952222\"><p>\r\n\t\t\t\r\n\t\t\t\r\n\t\t\t\r\n\t\t\t<script>jQuery(document).ready(function($){$(\"#accordions-436.accordions\").accordion({event: \"click\",collapsible: true,heightStyle: \"content\",animate: (\"linear\", 1000),navigation: true,active: 0,changestart: function(event, ui) {\r\n\t\t\t\t\t\t\t\tchild.accordion(\"activate\", false); \r\n\t\t\t\t\t\t\t}\r\n\t\t\t\t\t\t});\r\n\t\t\t\t\t\tvar child = $(\".child-accordion\").accordion({\r\n\t\t\t\t\t\t\tactive:true,heightStyle: \"content\",\r\n\t\t\t\t\t\t\tcollapsible: true,\r\n\t\t\t\t\t\t\tanimated: \"swing\",\r\n\t\t\t\t\t\t});\r\n\t\t\t\t\t})<\/script><style type='text\/css'>\r\n\t\t#accordions-436{display: none;}\r\n\t#accordions-436{\r\n\t\t\ttext-align: left;}\r\n\t#accordions-436{\r\n\t\t\tbackground: url() repeat scroll 0 0;\r\n\t\t\tpadding: 0;\r\n\t\t\t}\r\n\t#accordions-436 .accordions-head{\r\n\t\t\r\n\t\tbackground:rgba(112,176,255,1) none repeat scroll 0 0;\r\n\t\tmargin:1px;\r\n\t\tpadding:10px;\t\t\t\r\n\t\t}\t\t\r\n\t\r\n\t#accordions-436 .accordions-head-title{\r\n\t\tcolor:#ffffff;\r\n\t\tfont-size:14px;\r\n\t\t}\r\n\t\r\n\t#accordions-436 .accordions-head-title-toogle{\r\n\t\tcolor:#ffffff;\r\n\t\tfont-size:14px;\r\n\t\t}\t\r\n\t\r\n\t\r\n\t#accordions-436 .accordions-head:hover .accordions-head-title{\r\n\t\tcolor:#000;\r\n\t\t}\t\t\r\n\t\r\n\t\r\n\t#accordions-436 .ui-accordion-header-active{\r\n\t\tbackground: #4b8fe3;\r\n\t\r\n\t\t}\r\n\t#accordions-436 .accordion-content{\r\n\t\t\tbackground:rgba(255,255,255,1) none repeat scroll 0 0;\r\n\t\t\tcolor:#333333;\r\n\t\t\tfont-size:13px;\r\n\t\t\tmargin:0;\r\n\t\t\tpadding:10px;\r\n\t\t\t}\r\n\t\t\t\r\n\t\r\n\t#accordions-436 .accordion-icons{\r\n\t\t\tcolor:#565656;\r\n\t\t\tfont-size:16px;\t\t\t\t\r\n\t\t\t}\r\n\t\t\t\r\n\t#accordions-436 .accordions-head:hover .accordion-icons{\r\n\t\t\tcolor:#999;\t\t\t\r\n\t\t\t}\t\t\t\t\r\n\t\t\t\r\n\t\t\t<\/style><style type=\"text\/css\">#accordions-436{}\r\n#accordions-436 .accordions-head{}\r\n#accordions-436 .accordion-content{}<\/style><p id=\"accordions-lazy-436\" class=\"accordions-lazy\"><img decoding=\"async\" src=\"https:\/\/wuselkusen.de\/wp-content\/plugins\/accordions\/assets\/frontend\/gif\/ajax-loader-1.gif\" \/><\/p><script>\r\n\t\t\tjQuery( window ).load(function() {\r\n\t\t\tjQuery('#accordions-lazy-436').fadeOut();\r\n\t\t\tjQuery('#accordions-436').fadeIn();\r\n\t\t\t});<\/script><div id=\"accordions-436\" class=\"accordions accordions-themes flat accordions-436\"><div id=\"0\" style=\"\" class=\"accordions-head head0\" toogle-text=\"\" main-text=\"Wuselkusen im Fernsehen\" ><div class=\"accordion-icons left accordion-plus fa fa-chevron-up\"><\/div><div class=\"accordion-icons left accordion-minus fa fa-chevron-down\"><\/div><div id=\"0\"    class=\"accordions-head-title\">Wuselkusen im Fernsehen<\/div><\/div><div class=\"accordion-content content0\"><div align=\"center\">Wuselkusen im Offenen Kanal.<\/div>\n<div align=\"center\">\u00a0<\/div>\n<div align=\"center\">Ein Bericht rund um Wuselkusen.<\/div>\n<div align=\"center\"><video controls=\"controls\" width=\"400\" height=\"400\"><source src=\"https:\/\/wuselkusen.de\/wp-content\/uploads\/2022\/01\/2004-WuselTV-wusel_ok-1.mp4\" type=\"video\/mp4\" \/><\/video><\/div>\n<div>\u00a0<\/div>\n<\/div><div id=\"1643192534641\" style=\"\" class=\"accordions-head head1643192534641\" toogle-text=\"\" main-text=\"Kleine Welt mit Lerneffekt\" ><div class=\"accordion-icons left accordion-plus fa fa-chevron-up\"><\/div><div class=\"accordion-icons left accordion-minus fa fa-chevron-down\"><\/div><div id=\"1643192534641\"    class=\"accordions-head-title\">Kleine Welt mit Lerneffekt<\/div><\/div><div class=\"accordion-content content1643192534641\"><table id=\"table1\" border=\"0\" width=\"628\" cellspacing=\"0\" cellpadding=\"0\">\n<tbody>\n<tr>\n<td colspan=\"2\">\n<p><strong>Kleine Welt mit Lerneffekt<\/strong><\/p>\n<p>Trierischer Volksfreund vom 01.08.2004 - Von unserem Mitarbeiter HERMANN P\u00dcTZ<\/p>\n<\/td>\n<\/tr>\n<tr>\n<td colspan=\"2\">\n<hr \/>\n<\/td>\n<\/tr>\n<tr>\n<td colspan=\"2\"><strong>KONZ. Jeden Morgen reiht sich die elfj\u00e4hrige Lisa Zimmermann in die lange Schlange vor dem Arbeitsamt ein. Mit ihr hoffen t\u00e4glich 66 Kinder zwischen sieben und 13 Jahren - die gesamte Einwohnerschaft von \"Wuselkusen\" - auf einen Job. <\/strong><\/td>\n<\/tr>\n<tr>\n<td colspan=\"2\">\u00a0<\/td>\n<\/tr>\n<tr>\n<td align=\"left\" valign=\"top\">\n<div>Lisa hat sich an das Warten inzwischen gew\u00f6hnt. Schlie\u00dflich lohnt es sich, denn eine Arbeitsstelle gibt es immer - zumindest in der Spielstadt. Und f\u00fcr jeden. \"Ich w\u00fcrde gerne auf der Bank arbeiten\", sagt Lisa. Auch eine Stelle als Bedienung in der Eisdiele w\u00e4re in Ordnung. \"Da arbeitet meine Freundin heute auch.\" Heute? Jeden Tag, erkl\u00e4rt die Elfj\u00e4hrige, m\u00fcsse man einen anderen Beruf w\u00e4hlen. \"So lauten die Regeln.\"<\/div>\n<\/td>\n<td align=\"right\" valign=\"top\"><img loading=\"lazy\" decoding=\"async\" src=\"https:\/\/wuselkusen.de\/wp-content\/uploads\/2022\/01\/spielstadt20040730.jpg\" alt=\"\" width=\"200\" height=\"134\" \/><\/td>\n<\/tr>\n<tr>\n<td align=\"left\" valign=\"top\">\"Wuselkusen\", eine Stadt mit 66 Einwohnern im Kindesalter, das mutet zun\u00e4chst etwas seltsam an. Da \u00fcberrascht es nicht, dass die \"Wuselkusener\" sogar eine eigene W\u00e4hrung haben - den \"Wusel\". Und einen Radiosender, eine Fernsehanstalt, eine Zeitung, einen Freizeitpark. Kurz: alles, was man zum Leben eben braucht.<\/td>\n<td align=\"right\" valign=\"top\">\n<div>Spielstadt in Konz: Viel zu tun gibt es <br \/>\nauf der Stadtverwaltung, schlie\u00dflich ist B\u00fcrgermeisterwahl. Anna Fickert und <br \/>\nMaximilian Otte (links) im Gespr\u00e4ch <br \/>\nmit Lisa Zimmermann, Steffi M\u00fcller <br \/>\nund Raphael Greif (rechts), \"Mitar-<br \/>\nbeiter\" der Beh\u00f6rde. Gleich nebenan befindet sich das Arbeitsamt.<br \/>\nFoto: Hermann P\u00fctz<\/div>\n<\/td>\n<\/tr>\n<tr>\n<td>&nbsp;<\/td>\n<td>&nbsp;<\/td>\n<\/tr>\n<tr>\n<td colspan=\"2\">\u00a0\"Heute ist B\u00fcrgermeisterwahl\", erkl\u00e4rt Lisa Zimmermann, die im vergangenen Jahr das Amt inne hatte.\u00a0<\/td>\n<\/tr>\n<tr>\n<td colspan=\"2\">\u00a0<\/td>\n<\/tr>\n<tr>\n<td colspan=\"2\"><strong>Einblick ins Wirtschaftsleben<\/strong><\/td>\n<\/tr>\n<tr>\n<td colspan=\"2\">\u00a0<\/td>\n<\/tr>\n<tr>\n<td colspan=\"2\">\n<p>Zum zweiten Mal veranstaltet das Konzer Haus der Jugend (HdJ) im Rahmen seines Ferienprogrammes die Kinderspielstadt \"Wuselkusen\". Eine Woche lang haben M\u00e4dchen und Jungen im Alter zwischen sieben und 13 Jahren rund ums HdJ die M\u00f6glichkeit, sich spielerisch einen Einblick in die Gesellschaft und das Wirtschaftsleben zu verschaffen. In vereinfachter Weise lernen sie dabei die Arbeitswelt, demokratische Prozesse und die Knappheit der G\u00fcter kennen. \"Wichtig ist, dass die Kinder selbst Verantwortung f\u00fcr ihre Stadt \u00fcbernehmen und politisch aktiv werden\", erkl\u00e4rt Dietmar Grundheber, Jugendpfleger der Verbandsgemeinde Konz und Leiter des HdJ. Und das funktioniere erstaunlicherweise. Manche seien so sehr bei der Sache, dass die Grenzen zwischen Spiel und Realit\u00e4t zu verschwimmen scheinen.<\/p>\n<div>\u00a0<\/div>\n<div>Nicht nur Spa\u00df, vor allem der erhoffte Lerneffekt stehe im Mittelpunkt. \"Und der setzt ein\", wei\u00df Grundheber aufgrund der Erfahrungen aus dem vergangenen Jahr zu berichten. Das best\u00e4tigt auch Lisa Zimmermann. \"Lust auf Arbeit habe ich nicht immer\", gibt die Elfj\u00e4hrige zu. \"Doch ohne Arbeit hat man kein Geld und ohne Geld kann man sich eben nichts leisten.\"<\/div>\n<div>\u00a0<\/div>\n<div>Die Spielstadt \"Wuselkusen\" hat f\u00fcr Dietmar Grundheber noch aus einem anderen Grund Bedeutung. \"Seit der Pisa-Studie ist in Deutschland das Thema Bildung in aller Munde.\" Dabei habe sich gezeigt, dass haupts\u00e4chlich die Schule als Lernort gesehen werde. \"Das Problem ist, dass in dieser Diskussion die au\u00dferschulische Kinder- und Jugendarbeit kaum Beachtung findet.\" Sch\u00e4tzungsweise rund 70 Prozent des Wissens werde jedoch au\u00dferhalb der Schule vermittelt, so Grundheber. Zudem werde mit dem Begriff \"Bildung\" in der Regel lediglich die Vermittlung von Wissen und Informationen verbunden.<\/div>\n<div>\u00a0<\/div>\n<div>\"Wissen erlangen ist die eine Sache, damit umgehen zu k\u00f6nnen, eine andere\", sagt Grundheber. Daher sei wichtig, jungen Leuten wesentlich weit reichendere F\u00e4higkeiten, wie die Entwicklung von Selbstbewusstsein, Umgang mit Gef\u00fchlen, Urteilsverm\u00f6gen und schlie\u00dflich auch die Anwendung von Wissen zu vermitteln. Hinzu k\u00e4men das Erlangen sozialer Kompetenzen: Ausdrucks- und Teamf\u00e4higkeit, Verantwortungsbereitschaft und Solidarit\u00e4t, also das Interesse und Engagement f\u00fcr die Belange der anderen.<\/div>\n<div>\u00a0<\/div>\n<div>Wissensdurst liege in der Natur von Kindern. \"Die Kleinen m\u00f6chten die Welt entdecken und haben viele Fragen - oftmals zu viele in unserer schnelllebigen Zeit\", wei\u00df der P\u00e4dagoge. In der Freizeit und gerade in den Sommerferien liege die Schule f\u00fcr die meisten in weiter Ferne. Und genau hier setze Kinder- und Jugendarbeit an. \"Das Zauberwort in diesem Zusammenhang hei\u00dft Spielen.\"<\/div>\n<div>\u00a0<\/div>\n<div>Spielend lernen ist auch das Ziel der Kinderspielstadt \"Wuselkusen\". In einem vereinfachten Abbild der Wirklichkeit erleben Kinder, wie das System \"Stadt\" funktioniert. Dabei \u00fcbernehmen sie in allen Bereichen selbst die Verantwortung f\u00fcr ihre kleine Welt. Es gibt eine Stadtverwaltung mit B\u00fcrgeramt, Einwohnermeldeamt und Gewerbeamt, an deren Spitze der Kinderb\u00fcrgermeister steht. Schlie\u00dflich gibt es auch ein Arbeitsamt - mitunter wird auch die neue Bezeichnung \"Agentur f\u00fcr Arbeit\" gebraucht. Deren Mitarbeiter - nat\u00fcrlich Kinder - vermitteln den 66 \"Wuselkusenern\" t\u00e4glich neue Jobs in den verschiedenen Betrieben, wie T\u00f6pferwerkstatt, Schneiderei, G\u00e4rtnerei und Schmuckwerkstatt. Geld muss schlie\u00dflich verdient werden, damit man leben kann. Nat\u00fcrlich gibt es auch eine Bank, auf der man die hart verdienten \"Wusel\", die stadteigene W\u00e4hrung, einzahlen kann. Hier zu arbeiten, w\u00fcnscht sich Lisa Zimmermann. Doch oft kommt es anders, als man sich vorstellt. Lisa bekommt an diesem Tag einen Job in der Stadtverwaltung. Und da gibt es m\u00e4chtig was zu tun, schlie\u00dflich ist B\u00fcrgermeisterwahl. \"Morgen ist auch noch ein Tag und vielleicht klappt's ja dann mit der Bank\", sagt sie. \"Die Eisdiele w\u00e4re aber auch okay. Man nimmt eben, was man bekommt.\"<\/div>\n<\/td>\n<\/tr>\n<tr>\n<td colspan=\"2\">\u00a0<\/td>\n<\/tr>\n<\/tbody>\n<\/table>\n<\/div><\/div><\/p>\n<\/div><div id=\"1642770973737\" style=\"\" class=\"accordions-head head1642770973737\" toogle-text=\"\" main-text=\"Presse 2003\" ><div class=\"accordion-icons left accordion-plus fa fa-chevron-up\"><\/div><div class=\"accordion-icons left accordion-minus fa fa-chevron-down\"><\/div><div id=\"1642770973737\"    class=\"accordions-head-title\">Presse 2003<\/div><\/div><div class=\"accordion-content content1642770973737\"><p>\r\n\t\t\t\r\n\t\t\t\r\n\t\t\t\r\n\t\t\t<script>jQuery(document).ready(function($){$(\"#accordions-437.accordions\").accordion({event: \"click\",collapsible: true,heightStyle: \"content\",animate: (\"linear\", 1000),navigation: true,active: 0,changestart: function(event, ui) {\r\n\t\t\t\t\t\t\t\tchild.accordion(\"activate\", false); \r\n\t\t\t\t\t\t\t}\r\n\t\t\t\t\t\t});\r\n\t\t\t\t\t\tvar child = $(\".child-accordion\").accordion({\r\n\t\t\t\t\t\t\tactive:true,heightStyle: \"content\",\r\n\t\t\t\t\t\t\tcollapsible: true,\r\n\t\t\t\t\t\t\tanimated: \"swing\",\r\n\t\t\t\t\t\t});\r\n\t\t\t\t\t})<\/script><style type='text\/css'>\r\n\t\t#accordions-437{display: none;}\r\n\t#accordions-437{\r\n\t\t\ttext-align: left;}\r\n\t#accordions-437{\r\n\t\t\tbackground: url() repeat scroll 0 0;\r\n\t\t\tpadding: 0;\r\n\t\t\t}\r\n\t#accordions-437 .accordions-head{\r\n\t\t\r\n\t\tbackground:rgba(112,176,255,1) none repeat scroll 0 0;\r\n\t\tmargin:1px;\r\n\t\tpadding:10px;\t\t\t\r\n\t\t}\t\t\r\n\t\r\n\t#accordions-437 .accordions-head-title{\r\n\t\tcolor:#ffffff;\r\n\t\tfont-size:14px;\r\n\t\t}\r\n\t\r\n\t#accordions-437 .accordions-head-title-toogle{\r\n\t\tcolor:#ffffff;\r\n\t\tfont-size:14px;\r\n\t\t}\t\r\n\t\r\n\t\r\n\t#accordions-437 .accordions-head:hover .accordions-head-title{\r\n\t\tcolor:#000;\r\n\t\t}\t\t\r\n\t\r\n\t\r\n\t#accordions-437 .ui-accordion-header-active{\r\n\t\tbackground: #4b8fe3;\r\n\t\r\n\t\t}\r\n\t#accordions-437 .accordion-content{\r\n\t\t\tbackground:rgba(255,255,255,1) none repeat scroll 0 0;\r\n\t\t\tcolor:#333333;\r\n\t\t\tfont-size:13px;\r\n\t\t\tmargin:0;\r\n\t\t\tpadding:10px;\r\n\t\t\t}\r\n\t\t\t\r\n\t\r\n\t#accordions-437 .accordion-icons{\r\n\t\t\tcolor:#565656;\r\n\t\t\tfont-size:16px;\t\t\t\t\r\n\t\t\t}\r\n\t\t\t\r\n\t#accordions-437 .accordions-head:hover .accordion-icons{\r\n\t\t\tcolor:#999;\t\t\t\r\n\t\t\t}\t\t\t\t\r\n\t\t\t\r\n\t\t\t<\/style><style type=\"text\/css\">#accordions-437{}\r\n#accordions-437 .accordions-head{}\r\n#accordions-437 .accordion-content{}<\/style><p id=\"accordions-lazy-437\" class=\"accordions-lazy\"><img decoding=\"async\" src=\"https:\/\/wuselkusen.de\/wp-content\/plugins\/accordions\/assets\/frontend\/gif\/ajax-loader-1.gif\" \/><\/p><script>\r\n\t\t\tjQuery( window ).load(function() {\r\n\t\t\tjQuery('#accordions-lazy-437').fadeOut();\r\n\t\t\tjQuery('#accordions-437').fadeIn();\r\n\t\t\t});<\/script><div id=\"accordions-437\" class=\"accordions accordions-themes flat accordions-437\"><div id=\"0\" style=\"\" class=\"accordions-head head0\" toogle-text=\"\" main-text=\"Bezahlt wird in \" ><div class=\"accordion-icons left accordion-plus fa fa-chevron-up\"><\/div><div class=\"accordion-icons left accordion-minus fa fa-chevron-down\"><\/div><div id=\"0\"    class=\"accordions-head-title\">Bezahlt wird in <\/div><\/div><div class=\"accordion-content content0\"><table id=\"table1\" border=\"0\" cellspacing=\"2\">\n<tbody>\n<tr>\n<td colspan=\"2\"><strong>Bezahlt wird in \"Wusel\"<\/strong><\/p>\n<p>Trierischer Volksfreund vom 31.07.2003 - Von unserem Mitarbeiter HERMANN P\u00dcTZ<\/td>\n<\/tr>\n<tr>\n<td colspan=\"2\">\n<hr \/>\n<\/td>\n<\/tr>\n<tr>\n<td colspan=\"2\">65 Kinder und Jugendliche leben in der Spielstadt des Hauses der Jugend<\/td>\n<\/tr>\n<tr>\n<td colspan=\"2\">\u00a0<\/td>\n<\/tr>\n<tr>\n<td colspan=\"2\">KONZ. <strong>Wer einmal nach Wuselkusen kommt, wird feststellen, dass sich die Stadt von anderen St\u00e4dten kaum unterscheidet. Mit einer Ausnahme: Die B\u00fcrger sind nicht \u00e4lter als 13 Jahre. Wuselkusen liegt mitten in Konz und ist ein Projekt des Hauses der Jugend.<\/strong><\/td>\n<\/tr>\n<tr>\n<td colspan=\"2\">\u00a0<\/td>\n<\/tr>\n<tr>\n<td align=\"left\" valign=\"top\">\n<div>Den Wuselkusenern mangelt es an nichts. Handwerksbetriebe, Restaurants, Banken, ein Kino und sogar ein Freizeitpark - all das l\u00e4sst auf eine mehrere tausend Einwohner z\u00e4hlende Stadt schlie\u00dfen. Doch die \"Metropole\" im Zentrum von Konz erstreckt sich auf einer Fl\u00e4che von nur wenigen hundert Quadratmetern, und mit einer Einwohnerzahl von 65 ist Wuselkusen nicht gerade eine Gro\u00dfstadt. Daf\u00fcr haben die B\u00fcrger eine eigene W\u00e4hrung: den \"Wusel\".<\/div>\n<div>\u00a0<\/div>\n<div>Ziel des Projektes \"Spielstadt\" des Hauses der Jugend (HdJ) ist, Kindern einen Einblick in die Gesellschaft und das Wirtschaftsleben zu verschaffen. Spielerisch lernen sie die Arbeitswelt, demokratische Prozesse - die Wuselkusener haben sogar eine eigene B\u00fcrgermeisterin sowie einen Stadtrat - und die Knappheit der G\u00fcter kennen.<\/div>\n<\/td>\n<td align=\"right\" valign=\"top\"><img loading=\"lazy\" decoding=\"async\" src=\"https:\/\/wuselkusen.de\/wp-content\/uploads\/2022\/01\/spielstadt20030731.jpg\" alt=\"\" width=\"175\" height=\"233\" \/><\/td>\n<\/tr>\n<tr>\n<td align=\"left\" valign=\"top\">Zuerst geht es zum Einwohnermeldeamt<\/td>\n<td align=\"right\" valign=\"top\">Verkaufsgespr\u00e4ch in der Schneiderei: Die Kinder haben gro\u00dfen Spa\u00df in ihrer Spielstadt.Foto: Hermann P\u00fctz<\/td>\n<\/tr>\n<tr>\n<td colspan=\"2\">HdJ-Leiter Dietmar Grundheber erkl\u00e4rt: \"Oftmals kennen die Kleinen nicht einmal den Beruf ihres Vaters und die j\u00fcngsten verstehen nicht, warum er \u00fcberhaupt arbeiten muss. In unserer Spielstadt haben Kinder die M\u00f6glichkeit, einen eigenen Wirtschaftskreislauf aufzubauen, um so das Leben in der Gesellschaft besser verstehen zu k\u00f6nnen.\"<\/td>\n<\/tr>\n<tr>\n<td colspan=\"2\">\u00a0<\/td>\n<\/tr>\n<tr>\n<td colspan=\"2\">\n<div>Und das funktioniert so: Jeder B\u00fcrger begibt sich zun\u00e4chst zum Einwohnermeldeamt, wo er einen \"Stadtausweis\" erh\u00e4lt. Die Mitarbeiter des Arbeitsamtes vermitteln den Jungen und M\u00e4dchen eine Arbeitsstelle, denn auch in einer Spielstadt muss man Geld verdienen, um leben zu k\u00f6nnen. Und das Jobangebot ist gro\u00df: Schreiner, G\u00e4rtner, Brieftr\u00e4ger und Schneider sind nur einige Berufe, die die Kinder spielerisch ergr\u00fcnden k\u00f6nnen. Dann beginnt der \"harte\" Alltag der Wuselkusener.<\/div>\n<div>\u00a0<\/div>\n<div>\"In unserer kleinen Stadt lernen die jungen B\u00fcrger, dass im Grunde einer vom anderen abh\u00e4ngig ist\", erl\u00e4utert Grundheber. Und er f\u00fcgt hinzu: \"Das ist sehr wichtig, denn nur so haben Kinder die M\u00f6glichkeit, auch komplexe Zusammenh\u00e4nge zu begreifen.\"<\/div>\n<div>\u00a0<\/div>\n<div>Ohne einen Gro\u00dfmarkt k\u00f6nnen die L\u00e4den der Stadt nichts verkaufen, ohne Mehl aus einem der L\u00e4den kann der B\u00e4cker nicht backen und ohne Brot haben die Menschen nichts zu essen. Alles wird bezahlt in \"Wusel\", dem Geld der B\u00fcrger von Wuselkusen. Und das muss eben erst verdient werden. Was man sonst noch zum Leben braucht, ist auch in der HdJ-Spielstadt zu finden: Von der Diskothek \u00fcber den eigenen kleinen Radiosender bis zur Stadtzeitung, dem \"Wuseler Tageblatt\".<\/div>\n<div>\u00a0<\/div>\n<div>Das \"Spiel des Lebens\" macht den 65 Jungen und M\u00e4dchen im Alter zwischen sieben und 13 Jahren, die aus der Verbandsgemeinde und aus der Stadt kommen, offensichtlich gro\u00dfen Spa\u00df. \"Manchmal ist es hier schon ziemlich stressig und nach einem harten Arbeitstag ist man froh, Feierabend zu haben. Trotzdem ist Wuselkusen eine tolle Stadt, in der ich gerne l\u00e4nger wohnen w\u00fcrde\", freut sich die zehnj\u00e4hrige Jennifer. Doch nach Ablauf einer Woche m\u00fcssen die Kusener B\u00fcrger ihren Stadtausweis abgeben und ihre Spielstadt wieder abbauen. Wuselkusen ist Teil des Sommerferienprogramms des Konzer Hauses der Jugend.<\/div>\n<div>\u00a0<\/div>\n<div>Zu einer richtigen Stadt geh\u00f6rt auch ein Stadtrat, an dessen Spitze ein B\u00fcrgermeister steht. So w\u00e4hlten auch die Wuselkusener ihr Stadtoberhaupt. Der echte B\u00fcrgermeister, Winfried Manns, hatte die Ehre, der zehnj\u00e4hrigen Lisa Zimmermann die Stadtschl\u00fcssel zu \u00fcberreichen. Und er lie\u00df es sich nicht nehmen, Wuselkusen vor\u00fcbergehend zum Stadtteil von Konz zu ernennen.<\/div>\n<\/td>\n<\/tr>\n<\/tbody>\n<\/table>\n<\/div><\/div><\/p>\n<\/div><div id=\"1642770993382\" style=\"\" class=\"accordions-head head1642770993382\" toogle-text=\"\" main-text=\"Presse 2001\" ><div class=\"accordion-icons left accordion-plus fa fa-chevron-up\"><\/div><div class=\"accordion-icons left accordion-minus fa fa-chevron-down\"><\/div><div id=\"1642770993382\"    class=\"accordions-head-title\">Presse 2001<\/div><\/div><div class=\"accordion-content content1642770993382\"><p>\r\n\t\t\t\r\n\t\t\t\r\n\t\t\t\r\n\t\t\t<script>jQuery(document).ready(function($){$(\"#accordions-438.accordions\").accordion({event: \"click\",collapsible: true,heightStyle: \"content\",animate: (\"linear\", 1000),navigation: true,active: 0,changestart: function(event, ui) {\r\n\t\t\t\t\t\t\t\tchild.accordion(\"activate\", false); \r\n\t\t\t\t\t\t\t}\r\n\t\t\t\t\t\t});\r\n\t\t\t\t\t\tvar child = $(\".child-accordion\").accordion({\r\n\t\t\t\t\t\t\tactive:true,heightStyle: \"content\",\r\n\t\t\t\t\t\t\tcollapsible: true,\r\n\t\t\t\t\t\t\tanimated: \"swing\",\r\n\t\t\t\t\t\t});\r\n\t\t\t\t\t})<\/script><style type='text\/css'>\r\n\t\t#accordions-438{display: none;}\r\n\t#accordions-438{\r\n\t\t\ttext-align: left;}\r\n\t#accordions-438{\r\n\t\t\tbackground: url() repeat scroll 0 0;\r\n\t\t\tpadding: 0;\r\n\t\t\t}\r\n\t#accordions-438 .accordions-head{\r\n\t\t\r\n\t\tbackground:rgba(112,176,255,1) none repeat scroll 0 0;\r\n\t\tmargin:1px;\r\n\t\tpadding:10px;\t\t\t\r\n\t\t}\t\t\r\n\t\r\n\t#accordions-438 .accordions-head-title{\r\n\t\tcolor:#ffffff;\r\n\t\tfont-size:14px;\r\n\t\t}\r\n\t\r\n\t#accordions-438 .accordions-head-title-toogle{\r\n\t\tcolor:#ffffff;\r\n\t\tfont-size:14px;\r\n\t\t}\t\r\n\t\r\n\t\r\n\t#accordions-438 .accordions-head:hover .accordions-head-title{\r\n\t\tcolor:#000;\r\n\t\t}\t\t\r\n\t\r\n\t\r\n\t#accordions-438 .ui-accordion-header-active{\r\n\t\tbackground: #4b8fe3;\r\n\t\r\n\t\t}\r\n\t#accordions-438 .accordion-content{\r\n\t\t\tbackground:rgba(255,255,255,1) none repeat scroll 0 0;\r\n\t\t\tcolor:#333333;\r\n\t\t\tfont-size:13px;\r\n\t\t\tmargin:0;\r\n\t\t\tpadding:10px;\r\n\t\t\t}\r\n\t\t\t\r\n\t\r\n\t#accordions-438 .accordion-icons{\r\n\t\t\tcolor:#565656;\r\n\t\t\tfont-size:16px;\t\t\t\t\r\n\t\t\t}\r\n\t\t\t\r\n\t#accordions-438 .accordions-head:hover .accordion-icons{\r\n\t\t\tcolor:#999;\t\t\t\r\n\t\t\t}\t\t\t\t\r\n\t\t\t\r\n\t\t\t<\/style><style type=\"text\/css\">#accordions-438{}\r\n#accordions-438 .accordions-head{}\r\n#accordions-438 .accordion-content{}<\/style><p id=\"accordions-lazy-438\" class=\"accordions-lazy\"><img decoding=\"async\" src=\"https:\/\/wuselkusen.de\/wp-content\/plugins\/accordions\/assets\/frontend\/gif\/ajax-loader-1.gif\" \/><\/p><script>\r\n\t\t\tjQuery( window ).load(function() {\r\n\t\t\tjQuery('#accordions-lazy-438').fadeOut();\r\n\t\t\tjQuery('#accordions-438').fadeIn();\r\n\t\t\t});<\/script><div id=\"accordions-438\" class=\"accordions accordions-themes flat accordions-438\"><div id=\"0\" style=\"\" class=\"accordions-head head0\" toogle-text=\"\" main-text=\"Wie im richtigen Leben\" ><div class=\"accordion-icons left accordion-plus fa fa-chevron-up\"><\/div><div class=\"accordion-icons left accordion-minus fa fa-chevron-down\"><\/div><div id=\"0\"    class=\"accordions-head-title\">Wie im richtigen Leben<\/div><\/div><div class=\"accordion-content content0\"><table border=\"0\" width=\"628\">\n<tbody>\n<tr>\n<td colspan=\"2\"><strong>Wie im richtigen Leben<\/strong> <\/p>\n<p>Trierischer Volksfreund vom 09.10.2010 - Von unserer Mitarbeiterin NINA K\u00d6LLING<\/td>\n<\/tr>\n<tr>\n<td colspan=\"2\">\n<hr \/>\n<\/td>\n<\/tr>\n<tr>\n<td colspan=\"2\">F\u00fcr 35 Kinder ist die Spielstadt im Haus der Jugend der Mittelpunkt der Welt<\/td>\n<\/tr>\n<tr>\n<td colspan=\"2\">\u00a0<\/td>\n<\/tr>\n<tr>\n<td colspan=\"2\"><strong>KONZ. Gesch\u00e4ftige Betriebsamkeit im Haus der Jugend \u00ad es wird gehandelt, produziert und gekauft, eine richtige kleine Stadt ist entstanden. In Konz haben die Ferienspiele begonnen.<\/strong><\/td>\n<\/tr>\n<tr>\n<td colspan=\"2\">\u00a0<\/td>\n<\/tr>\n<tr>\n<td align=\"left\" valign=\"top\">Dort geht es zu wie in einem Ameisenhaufen:\u00a0<\/p>\n<p>Die Schreinerei arbeitet der Elektrowerkstatt zu, baut Tigerenten und Kassettenregale. Die Zeitungsredaktion recherchiert fieberhaft nach guten Stories.estaurant und K\u00fcche warten auf den mitt\u00e4glichen Ansturm. Alles ist so wie in einer echten Stadt.<br \/>\n\u00a0<br \/>\nGenau das sollte bei dem Projekt im Rahmen der Kinderkulturtage im Landkreis Trier-Saarburg auch herauskommen: \"Wir wollten eine spielerische Verbindung zu der Wirklichkeit schaffen\", erkl\u00e4rt Dietmar Grundheber vom Haus der Jugend. \"Mama und Papa gehen arbeiten und zahlen immer alles. Aber wie das genau funktioniert, das k\u00f6nnen die Kinder hier erproben.\" <\/p>\n<\/td>\n<td><img loading=\"lazy\" decoding=\"async\" src=\"https:\/\/wuselkusen.de\/wp-content\/uploads\/2022\/01\/TV091002.jpg\" alt=\"\" width=\"150\" height=\"200\" \/><\/td>\n<\/tr>\n<tr>\n<td align=\"left\" valign=\"top\">Die Kinder arbeiten, bekommen Geld und k\u00f6nnen es f\u00fcr Essen oder Freizeit wieder ausgeben oder zur Bank bringen. Wie das in der richtigen Marktwirtschaft auch funktioniert, werden Spiele, die nicht so gut ankommen, am n\u00e4chsten Tag von Spielen ersetzt, die gut laufen. Und das ist auch bei allen anderen Dingen so, die produziert werden. <\/td>\n<td>\"Schreinermeister\" bei der <br \/>\nArbeit: Der achtj\u00e4hrige Lukas\u00a0 Jakobi (links) und Dominic <br \/>\nSteinmetz (9) sind voll <br \/>\nkonzentriert bei der Arbeit. <br \/>\nSie sitzen an einer Auftrags-<br \/>\narbeit f\u00fcr die Elektrofirma der <br \/>\nKinderstadt.Foto: Nina K\u00f6lling<\/td>\n<\/tr>\n<tr>\n<td>&nbsp;<\/td>\n<td>&nbsp;<\/td>\n<\/tr>\n<tr>\n<td colspan=\"2\">Die Kinder zwischen sieben und elf Jahren mussten sich nat\u00fcrlich beim Einwohnermeldeamt der Stadt registrieren lassen, und sich beim Arbeitsamt einen Job suchen. Dabei konnte jeder frei w\u00e4hlen. An den n\u00e4chsten Tagen kann das Besch\u00e4ftigungsfeld wieder getauscht werden. \"F\u00fcr morgen sieht es allerdings etwas schwarz aus\", sagt Julia Richardt (9) vom Arbeitsamt. \"Es gibt einfach zu viele Voranmeldungen f\u00fcr den K\u00f6chinenposten.\" <br \/>\n\u00a0<br \/>\nIn welchem Beruf die jungen B\u00fcrger auch arbeiten, es gibt 15 Euro die Stunde \u00ad nat\u00fcrlich als Spielgeld. Die produzierten Waren werden bei \"Gut&amp;G\u00fcnstig\" verkauft, dem ersten H\u00e4ndler am Platz. Aber auch Auftragsarbeiten sind m\u00f6glich. Die Schreinerei stellt eigens f\u00fcr die Produktion von \"Hei\u00dfen Dr\u00e4hten\"-Spielen der Elektrowerkstatt Holzgriffe her.<br \/>\n\u00a0<br \/>\nNoch etwas ist wie im wahren Arbeitsleben: Nach harter Arbeit, immerhin 3,5 Stunden pro Tag, freut sich ein jeder auf den Feierabend um 15.30 Uhr.<br \/>\n\u00a0<br \/>\nDann k\u00f6nnen die Kinder zwischen verschiedenen Freizeitaktivit\u00e4ten w\u00e4hlen: Ob Kino, Kart fahren oder H\u00fcpfburg, f\u00fcr alle ist etwas dabei.<br \/>\n\u00a0<br \/>\n\"Nur eins war doof: Das Kino ist voll!\", da waren sich alle die Kinder, die in den ausverkauften Kinosaal nicht mehr hineinpassten einig.<br \/>\n\u00a0<br \/>\nEin R\u00e4tsel bleibt offen: Die Stadt hat keinen Namen. Deshalb hat die Spielstadt-Tageszeitung einen Wettbewerb ausgeschrieben. Nat\u00fcrlich nur f\u00fcr die 35 Einwohner im Haus der Jugend. <br \/>\n\u00a0<br \/>\nAm Freitag schlie\u00dft die Spielstadt wieder die Pforten. Aber Dietmar Grundheber hat gute Nachrichten: \"Auch wenn dies ein sehr arbeitsintensives Ferienprogramm ist, macht sie so viel Spa\u00df, dass wir sie auf jeden Fall in das Sommerferienprogramm aufnehmen.\"\u00a0\u00a0<\/td>\n<\/tr>\n<\/tbody>\n<\/table>\n<\/div><\/div><\/p>\n<\/div><\/div>\n","protected":false},"excerpt":{"rendered":"","protected":false},"author":1,"featured_media":0,"parent":0,"menu_order":0,"comment_status":"closed","ping_status":"closed","template":"","meta":{"footnotes":""},"class_list":["post-211","page","type-page","status-publish","hentry"],"_links":{"self":[{"href":"https:\/\/wuselkusen.de\/index.php?rest_route=\/wp\/v2\/pages\/211","targetHints":{"allow":["GET"]}}],"collection":[{"href":"https:\/\/wuselkusen.de\/index.php?rest_route=\/wp\/v2\/pages"}],"about":[{"href":"https:\/\/wuselkusen.de\/index.php?rest_route=\/wp\/v2\/types\/page"}],"author":[{"embeddable":true,"href":"https:\/\/wuselkusen.de\/index.php?rest_route=\/wp\/v2\/users\/1"}],"replies":[{"embeddable":true,"href":"https:\/\/wuselkusen.de\/index.php?rest_route=%2Fwp%2Fv2%2Fcomments&post=211"}],"version-history":[{"count":2,"href":"https:\/\/wuselkusen.de\/index.php?rest_route=\/wp\/v2\/pages\/211\/revisions"}],"predecessor-version":[{"id":382,"href":"https:\/\/wuselkusen.de\/index.php?rest_route=\/wp\/v2\/pages\/211\/revisions\/382"}],"wp:attachment":[{"href":"https:\/\/wuselkusen.de\/index.php?rest_route=%2Fwp%2Fv2%2Fmedia&parent=211"}],"curies":[{"name":"wp","href":"https:\/\/api.w.org\/{rel}","templated":true}]}}