{"id":119,"date":"2022-01-18T14:34:50","date_gmt":"2022-01-18T14:34:50","guid":{"rendered":"https:\/\/wuselkusen.de\/?page_id=119"},"modified":"2025-09-24T14:40:51","modified_gmt":"2025-09-24T14:40:51","slug":"startseite","status":"publish","type":"page","link":"https:\/\/wuselkusen.de\/","title":{"rendered":"Startseite"},"content":{"rendered":"<p><\/p>\r\n<h4 class=\"has-medium-font-size\" style=\"text-align: center;\">Herzlich Willkommen in der Spielstadt Wuselkusen in Konz<\/h4>\r\n<p>&nbsp;<\/p>\r\n<p><img fetchpriority=\"high\" decoding=\"async\" class=\"aligncenter wp-image-2956\" src=\"https:\/\/wuselkusen.de\/wp-content\/uploads\/2025\/09\/Header-Termin-Wuselkusen-2026-1-300x114.jpg\" alt=\"\" width=\"875\" height=\"333\" srcset=\"https:\/\/wuselkusen.de\/wp-content\/uploads\/2025\/09\/Header-Termin-Wuselkusen-2026-1-300x114.jpg 300w, https:\/\/wuselkusen.de\/wp-content\/uploads\/2025\/09\/Header-Termin-Wuselkusen-2026-1-1024x389.jpg 1024w, https:\/\/wuselkusen.de\/wp-content\/uploads\/2025\/09\/Header-Termin-Wuselkusen-2026-1-768x292.jpg 768w, https:\/\/wuselkusen.de\/wp-content\/uploads\/2025\/09\/Header-Termin-Wuselkusen-2026-1-1536x584.jpg 1536w, https:\/\/wuselkusen.de\/wp-content\/uploads\/2025\/09\/Header-Termin-Wuselkusen-2026-1-2048x779.jpg 2048w\" sizes=\"(max-width: 875px) 100vw, 875px\" \/><\/p>\r\n<hr \/>\r\n<h4>Aktuelles aus der Spielstadt<\/h4>\r\n<p style=\"text-align: center;\"><br \/>\r\n<div class=\"pt-cv-wrapper\"><div class=\"pt-cv-view pt-cv-grid pt-cv-colsys\" id=\"pt-cv-view-f1855410at\"><div data-id=\"pt-cv-page-1\" class=\"pt-cv-page\" data-cvc=\"2\"><div class=\"col-md-6 col-sm-6 col-xs-12 pt-cv-content-item pt-cv-1-col\" ><div class='pt-cv-ifield'><a href=\"https:\/\/wuselkusen.de\/?p=2930\" class=\"_self pt-cv-href-thumbnail pt-cv-thumb-default\" target=\"_self\" ><img decoding=\"async\" width=\"300\" height=\"108\" src=\"https:\/\/wuselkusen.de\/wp-content\/uploads\/2024\/08\/2024.08.07-TV-Wuselkusen-300x108.jpg\" class=\"pt-cv-thumbnail\" alt=\"\" srcset=\"https:\/\/wuselkusen.de\/wp-content\/uploads\/2024\/08\/2024.08.07-TV-Wuselkusen-300x108.jpg 300w, https:\/\/wuselkusen.de\/wp-content\/uploads\/2024\/08\/2024.08.07-TV-Wuselkusen.jpg 700w\" sizes=\"(max-width: 300px) 100vw, 300px\" \/><\/a>\n<h4 class=\"pt-cv-title\"><a href=\"https:\/\/wuselkusen.de\/?p=2930\" class=\"_self\" target=\"_self\" >Abschlussfest der Spielstadt Wuselkusen 2024<\/a><\/h4>\n<div class=\"pt-cv-content\">\u00a0 Eine fantastische Ferienwoche in der Spielstadt Wuselkusen endete am letzten Samstag mit einem grandiosen Stadtfest. Die gesamte Woche \u00fcber ...<br \/><div class=\"pt-cv-rmwrap\"><a href=\"https:\/\/wuselkusen.de\/?p=2930\" class=\"_self pt-cv-readmore btn btn-success\" target=\"_self\">Weiterlesen\u00a0\u2026<\/a><\/div><\/div><\/div><\/div>\n<div class=\"col-md-6 col-sm-6 col-xs-12 pt-cv-content-item pt-cv-1-col\" ><div class='pt-cv-ifield'><a href=\"https:\/\/wuselkusen.de\/?p=2874\" class=\"_self pt-cv-href-thumbnail pt-cv-thumb-default\" target=\"_self\" ><img decoding=\"async\" width=\"300\" height=\"201\" src=\"https:\/\/wuselkusen.de\/wp-content\/uploads\/2024\/08\/2024-Einladung-zum-Stadtfest-nach-Wuselkusen-300x201.jpg\" class=\"pt-cv-thumbnail\" alt=\"\" srcset=\"https:\/\/wuselkusen.de\/wp-content\/uploads\/2024\/08\/2024-Einladung-zum-Stadtfest-nach-Wuselkusen-300x201.jpg 300w, https:\/\/wuselkusen.de\/wp-content\/uploads\/2024\/08\/2024-Einladung-zum-Stadtfest-nach-Wuselkusen.jpg 712w\" sizes=\"(max-width: 300px) 100vw, 300px\" \/><\/a>\n<h4 class=\"pt-cv-title\"><a href=\"https:\/\/wuselkusen.de\/?p=2874\" class=\"_self\" target=\"_self\" >Einladung zum Stadtfest<\/a><\/h4>\n<div class=\"pt-cv-content\">Es ist endlich wieder so weit: Das gro\u00dfe Stadtfest in Wuselkusen steht vor der T\u00fcr! Am Samstag, den 03.08.2024 ab ...<br \/><div class=\"pt-cv-rmwrap\"><a href=\"https:\/\/wuselkusen.de\/?p=2874\" class=\"_self pt-cv-readmore btn btn-success\" target=\"_self\">Weiterlesen\u00a0\u2026<\/a><\/div><\/div><\/div><\/div>\n<div class=\"col-md-6 col-sm-6 col-xs-12 pt-cv-content-item pt-cv-1-col\" ><div class='pt-cv-ifield'><a href=\"https:\/\/wuselkusen.de\/?p=2872\" class=\"_self pt-cv-href-thumbnail pt-cv-thumb-default\" target=\"_self\" ><img loading=\"lazy\" decoding=\"async\" width=\"300\" height=\"143\" src=\"https:\/\/wuselkusen.de\/wp-content\/uploads\/2024\/07\/2024-Wuselkusen-am-Dienstag-20-300x143.jpg\" class=\"pt-cv-thumbnail\" alt=\"\" srcset=\"https:\/\/wuselkusen.de\/wp-content\/uploads\/2024\/07\/2024-Wuselkusen-am-Dienstag-20-300x143.jpg 300w, https:\/\/wuselkusen.de\/wp-content\/uploads\/2024\/07\/2024-Wuselkusen-am-Dienstag-20-768x366.jpg 768w, https:\/\/wuselkusen.de\/wp-content\/uploads\/2024\/07\/2024-Wuselkusen-am-Dienstag-20.jpg 920w\" sizes=\"(max-width: 300px) 100vw, 300px\" \/><\/a>\n<h4 class=\"pt-cv-title\"><a href=\"https:\/\/wuselkusen.de\/?p=2872\" class=\"_self\" target=\"_self\" >Antrittsbesuch im Rathaus der Stadt Konz<\/a><\/h4>\n<div class=\"pt-cv-content\">Am Mittwoch stattete der neu gew\u00e4hlte Stadtrat von Wuselkusen, dem Rathaus der Stadt Konz einen offiziellen Antrittsbesuch ab. Ziel dieses ...<br \/><div class=\"pt-cv-rmwrap\"><a href=\"https:\/\/wuselkusen.de\/?p=2872\" class=\"_self pt-cv-readmore btn btn-success\" target=\"_self\">Weiterlesen\u00a0\u2026<\/a><\/div><\/div><\/div><\/div>\n<div class=\"col-md-6 col-sm-6 col-xs-12 pt-cv-content-item pt-cv-1-col\" ><div class='pt-cv-ifield'><a href=\"https:\/\/wuselkusen.de\/?p=2869\" class=\"_self pt-cv-href-thumbnail pt-cv-thumb-default\" target=\"_self\" ><img loading=\"lazy\" decoding=\"async\" width=\"300\" height=\"159\" src=\"https:\/\/wuselkusen.de\/wp-content\/uploads\/2024\/08\/AdobeStock_473883653-300x159.jpeg\" class=\"pt-cv-thumbnail\" alt=\"\" srcset=\"https:\/\/wuselkusen.de\/wp-content\/uploads\/2024\/08\/AdobeStock_473883653-300x159.jpeg 300w, https:\/\/wuselkusen.de\/wp-content\/uploads\/2024\/08\/AdobeStock_473883653-1024x543.jpeg 1024w, https:\/\/wuselkusen.de\/wp-content\/uploads\/2024\/08\/AdobeStock_473883653-768x407.jpeg 768w, https:\/\/wuselkusen.de\/wp-content\/uploads\/2024\/08\/AdobeStock_473883653-1536x814.jpeg 1536w, https:\/\/wuselkusen.de\/wp-content\/uploads\/2024\/08\/AdobeStock_473883653-2048x1086.jpeg 2048w\" sizes=\"(max-width: 300px) 100vw, 300px\" \/><\/a>\n<h4 class=\"pt-cv-title\"><a href=\"https:\/\/wuselkusen.de\/?p=2869\" class=\"_self\" target=\"_self\" >Wuselkusen hat gew\u00e4hlt<\/a><\/h4>\n<div class=\"pt-cv-content\">Gestern Morgen wurde gew\u00e4hlt, und es herrschte ordentliches Gedr\u00e4nge. Nach der Ausz\u00e4hlung der Stimmen stehen nun die neuen Mitglieder des ...<br \/><div class=\"pt-cv-rmwrap\"><a href=\"https:\/\/wuselkusen.de\/?p=2869\" class=\"_self pt-cv-readmore btn btn-success\" target=\"_self\">Weiterlesen\u00a0\u2026<\/a><\/div><\/div><\/div><\/div>\n<div class=\"col-md-6 col-sm-6 col-xs-12 pt-cv-content-item pt-cv-1-col\" ><div class='pt-cv-ifield'><a href=\"https:\/\/wuselkusen.de\/?p=2867\" class=\"_self pt-cv-href-thumbnail pt-cv-thumb-default\" target=\"_self\" ><img loading=\"lazy\" decoding=\"async\" width=\"300\" height=\"199\" src=\"https:\/\/wuselkusen.de\/wp-content\/uploads\/2024\/07\/2024-Wuselkusen-am-Dienstag-05-300x199.jpg\" class=\"pt-cv-thumbnail\" alt=\"\" srcset=\"https:\/\/wuselkusen.de\/wp-content\/uploads\/2024\/07\/2024-Wuselkusen-am-Dienstag-05-300x199.jpg 300w, https:\/\/wuselkusen.de\/wp-content\/uploads\/2024\/07\/2024-Wuselkusen-am-Dienstag-05.jpg 483w\" sizes=\"(max-width: 300px) 100vw, 300px\" \/><\/a>\n<h4 class=\"pt-cv-title\"><a href=\"https:\/\/wuselkusen.de\/?p=2867\" class=\"_self\" target=\"_self\" >Der Volksfreund besucht Wuselkusen<\/a><\/h4>\n<div class=\"pt-cv-content\">Gestern hatten wir das Vergn\u00fcgen, Christian Kremer vom Trierischen Volksfreund bei uns zu begr\u00fc\u00dfen. Er gab uns einen spannenden Einblick ...<br \/><div class=\"pt-cv-rmwrap\"><a href=\"https:\/\/wuselkusen.de\/?p=2867\" class=\"_self pt-cv-readmore btn btn-success\" target=\"_self\">Weiterlesen\u00a0\u2026<\/a><\/div><\/div><\/div><\/div>\n<div class=\"col-md-6 col-sm-6 col-xs-12 pt-cv-content-item pt-cv-1-col\" ><div class='pt-cv-ifield'><a href=\"https:\/\/wuselkusen.de\/?p=2864\" class=\"_self pt-cv-href-thumbnail pt-cv-thumb-default\" target=\"_self\" ><img loading=\"lazy\" decoding=\"async\" width=\"300\" height=\"188\" src=\"https:\/\/wuselkusen.de\/wp-content\/uploads\/2024\/08\/AdobeStock_169919741-300x188.jpeg\" class=\"pt-cv-thumbnail\" alt=\"\" srcset=\"https:\/\/wuselkusen.de\/wp-content\/uploads\/2024\/08\/AdobeStock_169919741-300x188.jpeg 300w, https:\/\/wuselkusen.de\/wp-content\/uploads\/2024\/08\/AdobeStock_169919741-1024x643.jpeg 1024w, https:\/\/wuselkusen.de\/wp-content\/uploads\/2024\/08\/AdobeStock_169919741-768x482.jpeg 768w, https:\/\/wuselkusen.de\/wp-content\/uploads\/2024\/08\/AdobeStock_169919741-1536x964.jpeg 1536w, https:\/\/wuselkusen.de\/wp-content\/uploads\/2024\/08\/AdobeStock_169919741-2048x1286.jpeg 2048w\" sizes=\"(max-width: 300px) 100vw, 300px\" \/><\/a>\n<h4 class=\"pt-cv-title\"><a href=\"https:\/\/wuselkusen.de\/?p=2864\" class=\"_self\" target=\"_self\" >B\u00fcrger:innen engagieren sich und stellen sich zur Wahl<\/a><\/h4>\n<div class=\"pt-cv-content\">Nachdem sich gestern 12 Anw\u00e4rter f\u00fcr den Stadtrat und B\u00fcrgermeister gefunden hatten, stellten diese sich heute den B\u00fcrgern im Radio, ...<br \/><div class=\"pt-cv-rmwrap\"><a href=\"https:\/\/wuselkusen.de\/?p=2864\" class=\"_self pt-cv-readmore btn btn-success\" target=\"_self\">Weiterlesen\u00a0\u2026<\/a><\/div><\/div><\/div><\/div>\n<div class=\"col-md-6 col-sm-6 col-xs-12 pt-cv-content-item pt-cv-1-col\" ><div class='pt-cv-ifield'><a href=\"https:\/\/wuselkusen.de\/?p=2861\" class=\"_self pt-cv-href-thumbnail pt-cv-thumb-default\" target=\"_self\" ><img loading=\"lazy\" decoding=\"async\" width=\"300\" height=\"205\" src=\"https:\/\/wuselkusen.de\/wp-content\/uploads\/2024\/08\/AdobeStock_352488719-300x205.jpeg\" class=\"pt-cv-thumbnail\" alt=\"\" srcset=\"https:\/\/wuselkusen.de\/wp-content\/uploads\/2024\/08\/AdobeStock_352488719-300x205.jpeg 300w, https:\/\/wuselkusen.de\/wp-content\/uploads\/2024\/08\/AdobeStock_352488719-1024x698.jpeg 1024w, https:\/\/wuselkusen.de\/wp-content\/uploads\/2024\/08\/AdobeStock_352488719-768x524.jpeg 768w, https:\/\/wuselkusen.de\/wp-content\/uploads\/2024\/08\/AdobeStock_352488719-1536x1047.jpeg 1536w, https:\/\/wuselkusen.de\/wp-content\/uploads\/2024\/08\/AdobeStock_352488719-2048x1396.jpeg 2048w\" sizes=\"(max-width: 300px) 100vw, 300px\" \/><\/a>\n<h4 class=\"pt-cv-title\"><a href=\"https:\/\/wuselkusen.de\/?p=2861\" class=\"_self\" target=\"_self\" >Pressemitteilung der Stadtverwaltung<\/a><\/h4>\n<div class=\"pt-cv-content\">Die Stadtverwaltung Wuselkusen startet die Suche nach engagierten und motivierten B\u00fcrgerinnen und B\u00fcrgern, die Interesse daran haben, sich f\u00fcr den ...<br \/><div class=\"pt-cv-rmwrap\"><a href=\"https:\/\/wuselkusen.de\/?p=2861\" class=\"_self pt-cv-readmore btn btn-success\" target=\"_self\">Weiterlesen\u00a0\u2026<\/a><\/div><\/div><\/div><\/div>\n<div class=\"col-md-6 col-sm-6 col-xs-12 pt-cv-content-item pt-cv-1-col\" ><div class='pt-cv-ifield'><a href=\"https:\/\/wuselkusen.de\/?p=2856\" class=\"_self pt-cv-href-thumbnail pt-cv-thumb-default\" target=\"_self\" ><img loading=\"lazy\" decoding=\"async\" width=\"300\" height=\"199\" src=\"https:\/\/wuselkusen.de\/wp-content\/uploads\/2024\/07\/2024-Wuselkusen-am-Montag-16-300x199.jpg\" class=\"pt-cv-thumbnail\" alt=\"\" srcset=\"https:\/\/wuselkusen.de\/wp-content\/uploads\/2024\/07\/2024-Wuselkusen-am-Montag-16-300x199.jpg 300w, https:\/\/wuselkusen.de\/wp-content\/uploads\/2024\/07\/2024-Wuselkusen-am-Montag-16.jpg 483w\" sizes=\"(max-width: 300px) 100vw, 300px\" \/><\/a>\n<h4 class=\"pt-cv-title\"><a href=\"https:\/\/wuselkusen.de\/?p=2856\" class=\"_self\" target=\"_self\" >Spielstadt er\u00f6ffnet<\/a><\/h4>\n<div class=\"pt-cv-content\">Liebe Abenteurer, Entdecker und kleine Helden, endlich ist es soweit! Am Montag, den 29.07.2024, \u00f6ffnete die bunte und lebendige Spielstadt ...<br \/><div class=\"pt-cv-rmwrap\"><a href=\"https:\/\/wuselkusen.de\/?p=2856\" class=\"_self pt-cv-readmore btn btn-success\" target=\"_self\">Weiterlesen\u00a0\u2026<\/a><\/div><\/div><\/div><\/div>\n<div class=\"col-md-6 col-sm-6 col-xs-12 pt-cv-content-item pt-cv-1-col\" ><div class='pt-cv-ifield'><a href=\"https:\/\/wuselkusen.de\/?p=2523\" class=\"_self pt-cv-href-thumbnail pt-cv-thumb-default\" target=\"_self\" ><img loading=\"lazy\" decoding=\"async\" width=\"300\" height=\"182\" src=\"https:\/\/wuselkusen.de\/wp-content\/uploads\/2024\/07\/2024-Wuselkusen-Ortsschild-300x182.jpg\" class=\"pt-cv-thumbnail\" alt=\"\" srcset=\"https:\/\/wuselkusen.de\/wp-content\/uploads\/2024\/07\/2024-Wuselkusen-Ortsschild-300x182.jpg 300w, https:\/\/wuselkusen.de\/wp-content\/uploads\/2024\/07\/2024-Wuselkusen-Ortsschild-768x466.jpg 768w, https:\/\/wuselkusen.de\/wp-content\/uploads\/2024\/07\/2024-Wuselkusen-Ortsschild.jpg 960w\" sizes=\"(max-width: 300px) 100vw, 300px\" \/><\/a>\n<h4 class=\"pt-cv-title\"><a href=\"https:\/\/wuselkusen.de\/?p=2523\" class=\"_self\" target=\"_self\" >Wuselkusen 2024<\/a><\/h4>\n<div class=\"pt-cv-content\">Das Warten hat bald ein Ende: Am Montag, den 29.07.2024, \u00f6ffnet die Spielstadt \u201eWuselkusen\u201c in Konz endlich ihre Tore. Vorbereitungen ...<br \/><div class=\"pt-cv-rmwrap\"><a href=\"https:\/\/wuselkusen.de\/?p=2523\" class=\"_self pt-cv-readmore btn btn-success\" target=\"_self\">Weiterlesen\u00a0\u2026<\/a><\/div><\/div><\/div><\/div>\n<div class=\"col-md-6 col-sm-6 col-xs-12 pt-cv-content-item pt-cv-1-col\" ><div class='pt-cv-ifield'><a href=\"https:\/\/wuselkusen.de\/?p=2501\" class=\"_self pt-cv-href-thumbnail pt-cv-thumb-default\" target=\"_self\" ><img loading=\"lazy\" decoding=\"async\" width=\"300\" height=\"225\" src=\"https:\/\/wuselkusen.de\/wp-content\/uploads\/2022\/08\/2022.08.06-Foto-Abschluss-300x225.jpg\" class=\"pt-cv-thumbnail\" alt=\"\" srcset=\"https:\/\/wuselkusen.de\/wp-content\/uploads\/2022\/08\/2022.08.06-Foto-Abschluss-300x225.jpg 300w, https:\/\/wuselkusen.de\/wp-content\/uploads\/2022\/08\/2022.08.06-Foto-Abschluss.jpg 640w\" sizes=\"(max-width: 300px) 100vw, 300px\" \/><\/a>\n<h4 class=\"pt-cv-title\"><a href=\"https:\/\/wuselkusen.de\/?p=2501\" class=\"_self\" target=\"_self\" >Abschied von Wuselkusen 2022<\/a><\/h4>\n<div class=\"pt-cv-content\">Im Rahmen des Stadtfestes verabschiedeten sich die B\u00fcrger:innen von ihrer so beliebten Spielstadt. 300 Besucher:innen sind zum Stadtfest an das ...<br \/><div class=\"pt-cv-rmwrap\"><a href=\"https:\/\/wuselkusen.de\/?p=2501\" class=\"_self pt-cv-readmore btn btn-success\" target=\"_self\">Weiterlesen\u00a0\u2026<\/a><\/div><\/div><\/div><\/div><\/div><\/div><\/div><\/p>\r\n<p>&nbsp;<\/p>\r\n<p>\r\n<\/p>","protected":false},"excerpt":{"rendered":"<p>Herzlich Willkommen in der Spielstadt Wuselkusen in Konz &nbsp; Aktuelles aus der Spielstadt &nbsp;<\/p>\n","protected":false},"author":1,"featured_media":0,"parent":0,"menu_order":0,"comment_status":"closed","ping_status":"closed","template":"","meta":{"footnotes":""},"class_list":["post-119","page","type-page","status-publish","hentry"],"_links":{"self":[{"href":"https:\/\/wuselkusen.de\/index.php?rest_route=\/wp\/v2\/pages\/119","targetHints":{"allow":["GET"]}}],"collection":[{"href":"https:\/\/wuselkusen.de\/index.php?rest_route=\/wp\/v2\/pages"}],"about":[{"href":"https:\/\/wuselkusen.de\/index.php?rest_route=\/wp\/v2\/types\/page"}],"author":[{"embeddable":true,"href":"https:\/\/wuselkusen.de\/index.php?rest_route=\/wp\/v2\/users\/1"}],"replies":[{"embeddable":true,"href":"https:\/\/wuselkusen.de\/index.php?rest_route=%2Fwp%2Fv2%2Fcomments&post=119"}],"version-history":[{"count":18,"href":"https:\/\/wuselkusen.de\/index.php?rest_route=\/wp\/v2\/pages\/119\/revisions"}],"predecessor-version":[{"id":2957,"href":"https:\/\/wuselkusen.de\/index.php?rest_route=\/wp\/v2\/pages\/119\/revisions\/2957"}],"wp:attachment":[{"href":"https:\/\/wuselkusen.de\/index.php?rest_route=%2Fwp%2Fv2%2Fmedia&parent=119"}],"curies":[{"name":"wp","href":"https:\/\/api.w.org\/{rel}","templated":true}]}}